{"id":69825,"date":"2017-03-10T14:57:17","date_gmt":"2017-03-10T19:57:17","guid":{"rendered":"https:\/\/stevegerrard.com\/photographie-de-portrait\/portraits-editoriaux\/"},"modified":"2023-12-22T08:54:23","modified_gmt":"2023-12-22T13:54:23","slug":"portraits-editoriaux","status":"publish","type":"page","link":"https:\/\/stevegerrard.com\/fr\/photographie-de-portrait\/portraits-editoriaux\/","title":{"rendered":"\u00c9v\u00e9nements d&rsquo;entreprise"},"content":{"rendered":"\t\t<div data-elementor-type=\"wp-page\" data-elementor-id=\"69825\" class=\"elementor elementor-69825 elementor-27020\" data-elementor-post-type=\"page\">\n\t\t\t\t<div class=\"elementor-element elementor-element-4f6d52c e-con-full e-flex e-con e-parent\" data-id=\"4f6d52c\" data-element_type=\"container\" data-e-type=\"container\" data-settings=\"{&quot;background_background&quot;:&quot;slideshow&quot;,&quot;background_slideshow_gallery&quot;:[{&quot;id&quot;:71842,&quot;url&quot;:&quot;https:\\\/\\\/stevegerrard.com\\\/wp-content\\\/uploads\\\/2023\\\/12\\\/Steve-Gerrard-Corporate-Event-Photography-40.jpg&quot;},{&quot;id&quot;:71807,&quot;url&quot;:&quot;https:\\\/\\\/stevegerrard.com\\\/wp-content\\\/uploads\\\/2023\\\/12\\\/Steve-Gerrard-Corporate-Event-Photography-83.jpg&quot;},{&quot;id&quot;:71810,&quot;url&quot;:&quot;https:\\\/\\\/stevegerrard.com\\\/wp-content\\\/uploads\\\/2023\\\/12\\\/Steve-Gerrard-Corporate-Event-Photography-86.jpg&quot;},{&quot;id&quot;:71819,&quot;url&quot;:&quot;https:\\\/\\\/stevegerrard.com\\\/wp-content\\\/uploads\\\/2023\\\/12\\\/Steve-Gerrard-Corporate-Event-Photography-71.jpg&quot;},{&quot;id&quot;:71821,&quot;url&quot;:&quot;https:\\\/\\\/stevegerrard.com\\\/wp-content\\\/uploads\\\/2023\\\/12\\\/Steve-Gerrard-Corporate-Event-Photography-73.jpg&quot;},{&quot;id&quot;:71829,&quot;url&quot;:&quot;https:\\\/\\\/stevegerrard.com\\\/wp-content\\\/uploads\\\/2023\\\/12\\\/Steve-Gerrard-Corporate-Event-Photography-53.jpg&quot;},{&quot;id&quot;:71841,&quot;url&quot;:&quot;https:\\\/\\\/stevegerrard.com\\\/wp-content\\\/uploads\\\/2023\\\/12\\\/Steve-Gerrard-Corporate-Event-Photography-39.jpg&quot;},{&quot;id&quot;:71847,&quot;url&quot;:&quot;https:\\\/\\\/stevegerrard.com\\\/wp-content\\\/uploads\\\/2023\\\/12\\\/Steve-Gerrard-Corporate-Event-Photography-45.jpg&quot;},{&quot;id&quot;:71850,&quot;url&quot;:&quot;https:\\\/\\\/stevegerrard.com\\\/wp-content\\\/uploads\\\/2023\\\/12\\\/Steve-Gerrard-Corporate-Event-Photography-48.jpg&quot;},{&quot;id&quot;:71853,&quot;url&quot;:&quot;https:\\\/\\\/stevegerrard.com\\\/wp-content\\\/uploads\\\/2023\\\/12\\\/Steve-Gerrard-Corporate-Event-Photography-26.jpg&quot;},{&quot;id&quot;:71868,&quot;url&quot;:&quot;https:\\\/\\\/stevegerrard.com\\\/wp-content\\\/uploads\\\/2023\\\/12\\\/Steve-Gerrard-Corporate-Event-Photography-15.jpg&quot;},{&quot;id&quot;:71869,&quot;url&quot;:&quot;https:\\\/\\\/stevegerrard.com\\\/wp-content\\\/uploads\\\/2023\\\/12\\\/Steve-Gerrard-Corporate-Event-Photography-16.jpg&quot;},{&quot;id&quot;:71872,&quot;url&quot;:&quot;https:\\\/\\\/stevegerrard.com\\\/wp-content\\\/uploads\\\/2023\\\/12\\\/Steve-Gerrard-Corporate-Event-Photography-19.jpg&quot;},{&quot;id&quot;:71877,&quot;url&quot;:&quot;https:\\\/\\\/stevegerrard.com\\\/wp-content\\\/uploads\\\/2023\\\/12\\\/Steve-Gerrard-Corporate-Event-Photography-24.jpg&quot;},{&quot;id&quot;:71881,&quot;url&quot;:&quot;https:\\\/\\\/stevegerrard.com\\\/wp-content\\\/uploads\\\/2023\\\/12\\\/Steve-Gerrard-Corporate-Event-Photography-4.jpg&quot;}],&quot;position&quot;:&quot;fixed&quot;,&quot;background_slideshow_slide_transition&quot;:&quot;slide_left&quot;,&quot;background_slideshow_loop&quot;:&quot;yes&quot;,&quot;background_slideshow_slide_duration&quot;:5000,&quot;background_slideshow_transition_duration&quot;:500}\">\n\t\t<div class=\"elementor-element elementor-element-dac4510 e-con-full e-flex e-con e-child\" data-id=\"dac4510\" data-element_type=\"container\" data-e-type=\"container\">\n\t\t\t\t<div class=\"elementor-element elementor-element-a554486 elementor-invisible elementor-widget elementor-widget-heading\" data-id=\"a554486\" data-element_type=\"widget\" data-e-type=\"widget\" data-settings=\"{&quot;_animation&quot;:&quot;fadeInUp&quot;}\" data-widget_type=\"heading.default\">\n\t\t\t\t<div class=\"elementor-widget-container\">\n\t\t\t\t\t<h2 class=\"elementor-heading-title elementor-size-default\">Corporate events<\/h2>\t\t\t\t<\/div>\n\t\t\t\t<\/div>\n\t\t\t\t<\/div>\n\t\t\t\t<\/div>\n\t\t<div class=\"elementor-element elementor-element-c748c47 e-flex e-con-boxed e-con e-parent\" data-id=\"c748c47\" data-element_type=\"container\" data-e-type=\"container\" data-settings=\"{&quot;background_background&quot;:&quot;classic&quot;}\">\n\t\t\t\t\t<div class=\"e-con-inner\">\n\t\t<div class=\"elementor-element elementor-element-ef67521 e-con-full e-flex e-con e-child\" data-id=\"ef67521\" data-element_type=\"container\" data-e-type=\"container\">\n\t\t\t\t<div class=\"elementor-element elementor-element-e6af699 elementor-invisible elementor-widget elementor-widget-text-editor\" data-id=\"e6af699\" data-element_type=\"widget\" data-e-type=\"widget\" data-settings=\"{&quot;_animation&quot;:&quot;fadeInUp&quot;}\" data-widget_type=\"text-editor.default\">\n\t\t\t\t<div class=\"elementor-widget-container\">\n\t\t\t\t\t\t\t\t\t<p>With over twenty years of experience, I\u2019m a professional corporate photographer, working with clients like\u00a0<a href=\"https:\/\/stevegerrardphoto.com\/shopify-event-montreal\/\">Shopify<\/a>,\u00a0<a href=\"https:\/\/www.jaguar.ca\/en\/all-models\/index.html\">Jaguar<\/a>,\u00a0<a href=\"https:\/\/wwws.airfrance.ca\/en\">Air France<\/a>,\u00a0<a href=\"https:\/\/www.jackdaniels.com\/en-ca\">Jack Daniel\u2019s<\/a>,\u00a0<a href=\"https:\/\/orchestre.ca\/\">Orchestre Classique de Montr\u00e9al<\/a>\u00a0(OCM) and\u00a0<a href=\"https:\/\/www.wework.com\/l\/office-space\/montreal--QC?utm_campaign=8381736208&amp;utm_term=84735694486&amp;utm_content=653433474436&amp;utm_source=ads-google&amp;utm_medium=cpc&amp;gclsrc=aw.ds&amp;gad_source=1&amp;gclid=CjwKCAiA98WrBhAYEiwA2WvhOg1hJH7GSEs_KwAj1m580CfoBXFzrQ0793HxL1rGzk-J8HSYO2LvEhoCBGgQAvD_BwE&amp;gclsrc=aw.ds\">WeWork<\/a>, photographing conferences, in-house corporate events, and award ceremonies. I consistently deliver dynamic imagery that illustrates the innovation of your corporate event as well as capturing the moments that make each event unique.<\/p>\t\t\t\t\t\t\t\t<\/div>\n\t\t\t\t<\/div>\n\t\t\t\t<\/div>\n\t\t<div class=\"elementor-element elementor-element-917a7d3 e-con-full e-flex e-con e-child\" data-id=\"917a7d3\" data-element_type=\"container\" data-e-type=\"container\" data-settings=\"{&quot;background_background&quot;:&quot;classic&quot;}\">\n\t\t\t\t<div class=\"elementor-element elementor-element-9ece91d elementor-invisible elementor-widget elementor-widget-image\" data-id=\"9ece91d\" data-element_type=\"widget\" data-e-type=\"widget\" data-settings=\"{&quot;_animation&quot;:&quot;fadeInUp&quot;}\" data-widget_type=\"image.default\">\n\t\t\t\t<div class=\"elementor-widget-container\">\n\t\t\t\t\t\t\t\t\t\t\t\t\t\t\t<img fetchpriority=\"high\" decoding=\"async\" width=\"800\" height=\"534\" src=\"https:\/\/stevegerrard.com\/wp-content\/uploads\/2023\/12\/Steve-Gerrard-Corporate-Event-Photography-41-1000x667.jpg\" class=\"attachment-large size-large wp-image-74105\" alt=\"A public speaker.\" srcset=\"https:\/\/stevegerrard.com\/wp-content\/uploads\/2023\/12\/Steve-Gerrard-Corporate-Event-Photography-41-1000x667.jpg 1000w, https:\/\/stevegerrard.com\/wp-content\/uploads\/2023\/12\/Steve-Gerrard-Corporate-Event-Photography-41-600x400.jpg 600w, https:\/\/stevegerrard.com\/wp-content\/uploads\/2023\/12\/Steve-Gerrard-Corporate-Event-Photography-41-768x512.jpg 768w, https:\/\/stevegerrard.com\/wp-content\/uploads\/2023\/12\/Steve-Gerrard-Corporate-Event-Photography-41-1536x1024.jpg 1536w, https:\/\/stevegerrard.com\/wp-content\/uploads\/2023\/12\/Steve-Gerrard-Corporate-Event-Photography-41.jpg 2048w\" sizes=\"(max-width: 800px) 100vw, 800px\" \/>\t\t\t\t\t\t\t\t\t\t\t\t\t\t\t<\/div>\n\t\t\t\t<\/div>\n\t\t\t\t<\/div>\n\t\t\t\t\t<\/div>\n\t\t\t\t<\/div>\n\t\t<div class=\"elementor-element elementor-element-edb710e e-con-full e-flex e-con e-parent\" data-id=\"edb710e\" data-element_type=\"container\" data-e-type=\"container\" data-settings=\"{&quot;background_background&quot;:&quot;classic&quot;}\">\n\t\t<div class=\"elementor-element elementor-element-344138b e-con-full e-flex elementor-invisible e-con e-child\" data-id=\"344138b\" data-element_type=\"container\" data-e-type=\"container\" data-settings=\"{&quot;background_background&quot;:&quot;classic&quot;,&quot;animation&quot;:&quot;slideInLeft&quot;}\">\n\t\t<div class=\"elementor-element elementor-element-aa88f2e e-flex e-con-boxed e-con e-child\" data-id=\"aa88f2e\" data-element_type=\"container\" data-e-type=\"container\">\n\t\t\t\t\t<div class=\"e-con-inner\">\n\t\t\t\t<div class=\"elementor-element elementor-element-7d23ddc elementor-widget elementor-widget-heading\" data-id=\"7d23ddc\" data-element_type=\"widget\" data-e-type=\"widget\" data-widget_type=\"heading.default\">\n\t\t\t\t<div class=\"elementor-widget-container\">\n\t\t\t\t\t<h2 class=\"elementor-heading-title elementor-size-default\">corporate events<\/h2>\t\t\t\t<\/div>\n\t\t\t\t<\/div>\n\t\t\t\t<div class=\"elementor-element elementor-element-4ba4ab3 elementor-widget elementor-widget-text-editor\" data-id=\"4ba4ab3\" data-element_type=\"widget\" data-e-type=\"widget\" data-widget_type=\"text-editor.default\">\n\t\t\t\t<div class=\"elementor-widget-container\">\n\t\t\t\t\t\t\t\t\t<p>Corporate event photography plays a significant role in capturing the essence and atmosphere of various corporate events. From conferences and seminars to product launches and company parties, these events provide opportunities for businesses to showcase their brand, connect with clients and partners, and celebrate milestones.<\/p><p>One of the key aspects of corporate event photography is its ability to document important moments and create lasting memories. These photographs serve as a visual representation of the event, allowing businesses to showcase their professionalism, expertise, and brand identity. By capturing the key moments, emotions, and interactions, event photographers help businesses preserve the essence and atmosphere of the event for future reference.<\/p>\t\t\t\t\t\t\t\t<\/div>\n\t\t\t\t<\/div>\n\t\t\t\t\t<\/div>\n\t\t\t\t<\/div>\n\t\t\t\t<\/div>\n\t\t<div class=\"elementor-element elementor-element-052ae46 e-flex e-con-boxed e-con e-child\" data-id=\"052ae46\" data-element_type=\"container\" data-e-type=\"container\">\n\t\t\t\t\t<div class=\"e-con-inner\">\n\t\t<div class=\"elementor-element elementor-element-2e2054c e-flex e-con-boxed elementor-invisible e-con e-child\" data-id=\"2e2054c\" data-element_type=\"container\" data-e-type=\"container\" data-settings=\"{&quot;background_background&quot;:&quot;classic&quot;,&quot;animation&quot;:&quot;slideInUp&quot;}\">\n\t\t\t\t\t<div class=\"e-con-inner\">\n\t\t\t\t<div class=\"elementor-element elementor-element-6018109 elementor-widget elementor-widget-text-editor\" data-id=\"6018109\" data-element_type=\"widget\" data-e-type=\"widget\" data-widget_type=\"text-editor.default\">\n\t\t\t\t<div class=\"elementor-widget-container\">\n\t\t\t\t\t\t\t\t\t<p>Your professionally\u00a0<strong>edited images<\/strong>\u00a0will be sent to you\u00a0<strong>within 48 hours<\/strong>\u00a0of the job in a\u00a0<strong>free, downloadable online gallery<\/strong>\u00a0that you can share with your clients and colleagues.<\/p><p>On-site\u00a0<a href=\"https:\/\/stevegerrard.com\/portrait-portfolio\/professional-headshots-montreal\/\">headshots<\/a>\u00a0for all attendees is also an option for any event or conference.<\/p>\t\t\t\t\t\t\t\t<\/div>\n\t\t\t\t<\/div>\n\t\t\t\t\t<\/div>\n\t\t\t\t<\/div>\n\t\t<div class=\"elementor-element elementor-element-3465fcf e-flex e-con-boxed elementor-invisible e-con e-child\" data-id=\"3465fcf\" data-element_type=\"container\" data-e-type=\"container\" data-settings=\"{&quot;background_background&quot;:&quot;classic&quot;,&quot;animation&quot;:&quot;slideInUp&quot;}\">\n\t\t\t\t\t<div class=\"e-con-inner\">\n\t\t\t\t<div class=\"elementor-element elementor-element-9382878 elementor-widget elementor-widget-heading\" data-id=\"9382878\" data-element_type=\"widget\" data-e-type=\"widget\" data-widget_type=\"heading.default\">\n\t\t\t\t<div class=\"elementor-widget-container\">\n\t\t\t\t\t<h2 class=\"elementor-heading-title elementor-size-default\">Wanna talk? Send me a message<\/h2>\t\t\t\t<\/div>\n\t\t\t\t<\/div>\n\t\t\t\t<div class=\"elementor-element elementor-element-339e8d2 elementor-mobile-align-justify elementor-tablet-align-left elementor-widget elementor-widget-button\" data-id=\"339e8d2\" data-element_type=\"widget\" data-e-type=\"widget\" data-widget_type=\"button.default\">\n\t\t\t\t<div class=\"elementor-widget-container\">\n\t\t\t\t\t\t\t\t\t<div class=\"elementor-button-wrapper\">\n\t\t\t\t\t<a class=\"elementor-button elementor-button-link elementor-size-md elementor-animation-grow\" href=\"mailto:steve@stevegerrard.com\">\n\t\t\t\t\t\t<span class=\"elementor-button-content-wrapper\">\n\t\t\t\t\t\t\t\t\t<span class=\"elementor-button-text\">Email me<\/span>\n\t\t\t\t\t<\/span>\n\t\t\t\t\t<\/a>\n\t\t\t\t<\/div>\n\t\t\t\t\t\t\t\t<\/div>\n\t\t\t\t<\/div>\n\t\t\t\t\t<\/div>\n\t\t\t\t<\/div>\n\t\t\t\t\t<\/div>\n\t\t\t\t<\/div>\n\t\t<div class=\"elementor-element elementor-element-b5bb862 e-flex e-con-boxed elementor-invisible e-con e-child\" data-id=\"b5bb862\" data-element_type=\"container\" data-e-type=\"container\" data-settings=\"{&quot;background_background&quot;:&quot;classic&quot;,&quot;animation&quot;:&quot;slideInRight&quot;}\">\n\t\t\t\t\t<div class=\"e-con-inner\">\n\t\t<div class=\"elementor-element elementor-element-f14e4ee e-flex e-con-boxed e-con e-child\" data-id=\"f14e4ee\" data-element_type=\"container\" data-e-type=\"container\">\n\t\t\t\t\t<div class=\"e-con-inner\">\n\t\t\t\t<div class=\"elementor-element elementor-element-a27f99c elementor-view-default elementor-widget elementor-widget-icon\" data-id=\"a27f99c\" data-element_type=\"widget\" data-e-type=\"widget\" data-widget_type=\"icon.default\">\n\t\t\t\t<div class=\"elementor-widget-container\">\n\t\t\t\t\t\t\t<div class=\"elementor-icon-wrapper\">\n\t\t\t<div class=\"elementor-icon\">\n\t\t\t<svg xmlns=\"http:\/\/www.w3.org\/2000\/svg\" xmlns:xlink=\"http:\/\/www.w3.org\/1999\/xlink\" id=\"Layer_1\" x=\"0px\" y=\"0px\" viewBox=\"0 0 12.3 15.3\" style=\"enable-background:new 0 0 12.3 15.3;\" xml:space=\"preserve\"><g>\t<path d=\"M0.3,5.4h2.1c0,0.4,0,0.9-0.1,1.3c-0.1,0.5-0.2,1-0.4,1.4C1.7,8.6,1.4,9,1.1,9.4C0.8,9.7,0.4,10,0,10.1v2.2  c0.7-0.2,1.4-0.5,2-1c0.6-0.5,1-1,1.4-1.6C3.8,9,4,8.3,4.2,7.6c0.2-0.7,0.3-1.5,0.3-2.2V0H0.3V5.4z\"><\/path>\t<path d=\"M8,0v5.4h2.1c0,0.4,0,0.9-0.1,1.3c-0.1,0.5-0.2,1-0.4,1.4C9.5,8.6,9.2,9,8.9,9.4C8.6,9.7,8.2,10,7.8,10.1v2.2  c0.7-0.2,1.4-0.5,2-1c0.6-0.5,1-1,1.4-1.6c0.4-0.6,0.7-1.3,0.8-2c0.2-0.7,0.3-1.5,0.3-2.2V0H8z\"><\/path><\/g><\/svg>\t\t\t<\/div>\n\t\t<\/div>\n\t\t\t\t\t\t<\/div>\n\t\t\t\t<\/div>\n\t\t\t\t<div class=\"elementor-element elementor-element-3c3cdcd elementor-testimonial--align-left elementor-testimonial--skin-default elementor-testimonial--layout-image_inline elementor-pagination-type-bullets elementor-widget elementor-widget-testimonial-carousel\" data-id=\"3c3cdcd\" data-element_type=\"widget\" data-e-type=\"widget\" data-settings=\"{&quot;slides_per_view&quot;:&quot;1&quot;,&quot;space_between&quot;:{&quot;unit&quot;:&quot;px&quot;,&quot;size&quot;:8,&quot;sizes&quot;:[]},&quot;pagination&quot;:&quot;bullets&quot;,&quot;speed&quot;:500,&quot;autoplay&quot;:&quot;yes&quot;,&quot;autoplay_speed&quot;:5000,&quot;loop&quot;:&quot;yes&quot;,&quot;pause_on_hover&quot;:&quot;yes&quot;,&quot;pause_on_interaction&quot;:&quot;yes&quot;,&quot;space_between_tablet&quot;:{&quot;unit&quot;:&quot;px&quot;,&quot;size&quot;:10,&quot;sizes&quot;:[]},&quot;space_between_mobile&quot;:{&quot;unit&quot;:&quot;px&quot;,&quot;size&quot;:10,&quot;sizes&quot;:[]}}\" data-widget_type=\"testimonial-carousel.default\">\n\t\t\t\t<div class=\"elementor-widget-container\">\n\t\t\t\t\t\t\t\t\t<div class=\"elementor-swiper\">\n\t\t\t\t\t<div class=\"elementor-main-swiper swiper\" role=\"region\" aria-roledescription=\"carousel\" aria-label=\"Diapositives\">\n\t\t\t\t<div class=\"swiper-wrapper\">\n\t\t\t\t\t\t\t\t\t\t\t<div class=\"swiper-slide\" role=\"group\" aria-roledescription=\"slide\">\n\t\t\t\t\t\t\t\t\t<div class=\"elementor-testimonial\">\n\t\t\t\t\t\t\t<div class=\"elementor-testimonial__content\">\n\t\t\t\t\t<div class=\"elementor-testimonial__text\">\n\t\t\t\t\t\tI cannot speak highly enough about Steve, from day 1 of meeting him we have been looked after exceptionally well. Steve has gone above and beyond our expectations and I would recommend him to anyone in a heartbeat.\t\t\t\t\t<\/div>\n\t\t\t\t\t\t\t\t\t<\/div>\n\t\t\t\t\t\t<div class=\"elementor-testimonial__footer\">\n\t\t\t\t\t\t\t\t\t\t\t<\/div>\n\t\t<\/div>\n\t\t\t\t\t\t\t\t<\/div>\n\t\t\t\t\t\t\t\t\t\t\t<div class=\"swiper-slide\" role=\"group\" aria-roledescription=\"slide\">\n\t\t\t\t\t\t\t\t\t<div class=\"elementor-testimonial\">\n\t\t\t\t\t\t\t<div class=\"elementor-testimonial__content\">\n\t\t\t\t\t<div class=\"elementor-testimonial__text\">\n\t\t\t\t\t\tSteve was AMAZING. Best photographer ever. EVER\t\t\t\t\t<\/div>\n\t\t\t\t\t\t\t\t\t<\/div>\n\t\t\t\t\t\t<div class=\"elementor-testimonial__footer\">\n\t\t\t\t\t\t\t\t\t\t\t<\/div>\n\t\t<\/div>\n\t\t\t\t\t\t\t\t<\/div>\n\t\t\t\t\t\t\t\t\t\t\t<div class=\"swiper-slide\" role=\"group\" aria-roledescription=\"slide\">\n\t\t\t\t\t\t\t\t\t<div class=\"elementor-testimonial\">\n\t\t\t\t\t\t\t<div class=\"elementor-testimonial__content\">\n\t\t\t\t\t<div class=\"elementor-testimonial__text\">\n\t\t\t\t\t\tWe cannot recommend Steve highly enough! He captured fantastic pictures that perfectly represent our personalities and style.\t\t\t\t\t<\/div>\n\t\t\t\t\t\t\t\t\t<\/div>\n\t\t\t\t\t\t<div class=\"elementor-testimonial__footer\">\n\t\t\t\t\t\t\t\t\t\t\t<\/div>\n\t\t<\/div>\n\t\t\t\t\t\t\t\t<\/div>\n\t\t\t\t\t\t\t\t\t\t\t<div class=\"swiper-slide\" role=\"group\" aria-roledescription=\"slide\">\n\t\t\t\t\t\t\t\t\t<div class=\"elementor-testimonial\">\n\t\t\t\t\t\t\t<div class=\"elementor-testimonial__content\">\n\t\t\t\t\t<div class=\"elementor-testimonial__text\">\n\t\t\t\t\t\tSteve\u2019s portfolio was fab and we loved the variety of different shots he got, as well as the stunning quality of his photos.\t\t\t\t\t<\/div>\n\t\t\t\t\t\t\t\t\t<\/div>\n\t\t\t\t\t\t<div class=\"elementor-testimonial__footer\">\n\t\t\t\t\t\t\t\t\t\t\t<\/div>\n\t\t<\/div>\n\t\t\t\t\t\t\t\t<\/div>\n\t\t\t\t\t\t\t\t\t\t\t<div class=\"swiper-slide\" role=\"group\" aria-roledescription=\"slide\">\n\t\t\t\t\t\t\t\t\t<div class=\"elementor-testimonial\">\n\t\t\t\t\t\t\t<div class=\"elementor-testimonial__content\">\n\t\t\t\t\t<div class=\"elementor-testimonial__text\">\n\t\t\t\t\t\tSteve was everything we dreamt of and much more not to mention a pleasure to work with and now a good friend. We will always keep in touch with Steve and his family because he got us straight away.\t\t\t\t\t<\/div>\n\t\t\t\t\t\t\t\t\t<\/div>\n\t\t\t\t\t\t<div class=\"elementor-testimonial__footer\">\n\t\t\t\t\t\t\t\t\t\t\t<\/div>\n\t\t<\/div>\n\t\t\t\t\t\t\t\t<\/div>\n\t\t\t\t\t\t\t\t\t\t\t<div class=\"swiper-slide\" role=\"group\" aria-roledescription=\"slide\">\n\t\t\t\t\t\t\t\t\t<div class=\"elementor-testimonial\">\n\t\t\t\t\t\t\t<div class=\"elementor-testimonial__content\">\n\t\t\t\t\t<div class=\"elementor-testimonial__text\">\n\t\t\t\t\t\tOur photos exceeded all (high!) expectations & we\u2019re utterly blown away every time we look at them \u2013 they\u2019re innovative, imaginative, creative, technically perfect, full of energy & radiate emotion.\t\t\t\t\t<\/div>\n\t\t\t\t\t\t\t\t\t<\/div>\n\t\t\t\t\t\t<div class=\"elementor-testimonial__footer\">\n\t\t\t\t\t\t\t\t\t\t\t<\/div>\n\t\t<\/div>\n\t\t\t\t\t\t\t\t<\/div>\n\t\t\t\t\t\t\t\t\t\t\t<div class=\"swiper-slide\" role=\"group\" aria-roledescription=\"slide\">\n\t\t\t\t\t\t\t\t\t<div class=\"elementor-testimonial\">\n\t\t\t\t\t\t\t<div class=\"elementor-testimonial__content\">\n\t\t\t\t\t<div class=\"elementor-testimonial__text\">\n\t\t\t\t\t\tStruggling to put into words how amazing our photos are! I feel like if I was to spend twenty minutes looking at each photo- they all seem to tell a story. So happy\t\t\t\t\t<\/div>\n\t\t\t\t\t\t\t\t\t<\/div>\n\t\t\t\t\t\t<div class=\"elementor-testimonial__footer\">\n\t\t\t\t\t\t\t\t\t\t\t<\/div>\n\t\t<\/div>\n\t\t\t\t\t\t\t\t<\/div>\n\t\t\t\t\t\t\t\t\t\t\t<div class=\"swiper-slide\" role=\"group\" aria-roledescription=\"slide\">\n\t\t\t\t\t\t\t\t\t<div class=\"elementor-testimonial\">\n\t\t\t\t\t\t\t<div class=\"elementor-testimonial__content\">\n\t\t\t\t\t<div class=\"elementor-testimonial__text\">\n\t\t\t\t\t\tStruggling to put into words how amazing our photos are! I feel like if I was to spend twenty minutes looking at each photo- they all seem to tell a story. So happy\t\t\t\t\t<\/div>\n\t\t\t\t\t\t\t\t\t<\/div>\n\t\t\t\t\t\t<div class=\"elementor-testimonial__footer\">\n\t\t\t\t\t\t\t\t\t\t\t<\/div>\n\t\t<\/div>\n\t\t\t\t\t\t\t\t<\/div>\n\t\t\t\t\t\t\t\t\t\t\t<div class=\"swiper-slide\" role=\"group\" aria-roledescription=\"slide\">\n\t\t\t\t\t\t\t\t\t<div class=\"elementor-testimonial\">\n\t\t\t\t\t\t\t<div class=\"elementor-testimonial__content\">\n\t\t\t\t\t<div class=\"elementor-testimonial__text\">\n\t\t\t\t\t\tOMG WE LOVE THE PHOTOS SO MUCH!!!!!!!!!!!!!!!!!!!!!! \u2013 Exactly why we chose you\t\t\t\t\t<\/div>\n\t\t\t\t\t\t\t\t\t<\/div>\n\t\t\t\t\t\t<div class=\"elementor-testimonial__footer\">\n\t\t\t\t\t\t\t\t\t\t\t<\/div>\n\t\t<\/div>\n\t\t\t\t\t\t\t\t<\/div>\n\t\t\t\t\t\t\t\t\t<\/div>\n\t\t\t\t\t\t\t\t\t\t\t\t\t\t\t\t\t\t\t\t<div class=\"swiper-pagination\"><\/div>\n\t\t\t\t\t\t\t\t\t\t\t\t<\/div>\n\t\t\t\t<\/div>\n\t\t\t\t\t\t\t\t<\/div>\n\t\t\t\t<\/div>\n\t\t\t\t\t<\/div>\n\t\t\t\t<\/div>\n\t\t\t\t\t<\/div>\n\t\t\t\t<\/div>\n\t\t\t\t<\/div>\n\t\t<div class=\"elementor-element elementor-element-550e06a e-con-full e-flex e-con e-parent\" data-id=\"550e06a\" data-element_type=\"container\" data-e-type=\"container\" data-settings=\"{&quot;background_background&quot;:&quot;classic&quot;}\">\n\t\t\t\t<div class=\"elementor-element elementor-element-f4ffaed elementor-absolute e-transform elementor-hidden-mobile elementor-view-default elementor-widget elementor-widget-icon\" data-id=\"f4ffaed\" data-element_type=\"widget\" data-e-type=\"widget\" data-settings=\"{&quot;_position&quot;:&quot;absolute&quot;,&quot;motion_fx_motion_fx_scrolling&quot;:&quot;yes&quot;,&quot;motion_fx_rotateZ_effect&quot;:&quot;yes&quot;,&quot;motion_fx_rotateZ_direction&quot;:&quot;negative&quot;,&quot;motion_fx_rotateZ_speed&quot;:{&quot;unit&quot;:&quot;px&quot;,&quot;size&quot;:0.5,&quot;sizes&quot;:[]},&quot;_transform_rotateZ_effect&quot;:{&quot;unit&quot;:&quot;px&quot;,&quot;size&quot;:-13,&quot;sizes&quot;:[]},&quot;motion_fx_devices&quot;:[&quot;desktop&quot;,&quot;laptop&quot;],&quot;motion_fx_rotateZ_affectedRange&quot;:{&quot;unit&quot;:&quot;%&quot;,&quot;size&quot;:&quot;&quot;,&quot;sizes&quot;:{&quot;start&quot;:0,&quot;end&quot;:100}},&quot;_transform_rotateZ_effect_tablet&quot;:{&quot;unit&quot;:&quot;deg&quot;,&quot;size&quot;:&quot;&quot;,&quot;sizes&quot;:[]},&quot;_transform_rotateZ_effect_mobile&quot;:{&quot;unit&quot;:&quot;deg&quot;,&quot;size&quot;:&quot;&quot;,&quot;sizes&quot;:[]}}\" data-widget_type=\"icon.default\">\n\t\t\t\t<div class=\"elementor-widget-container\">\n\t\t\t\t\t\t\t<div class=\"elementor-icon-wrapper\">\n\t\t\t<div class=\"elementor-icon\">\n\t\t\t<svg xmlns=\"http:\/\/www.w3.org\/2000\/svg\" xmlns:xlink=\"http:\/\/www.w3.org\/1999\/xlink\" id=\"Layer_1\" x=\"0px\" y=\"0px\" viewBox=\"0 0 732 463.3\" style=\"enable-background:new 0 0 732 463.3;\" xml:space=\"preserve\"><g>\t<path d=\"M731.9,303.3c-0.5-3.6-2.2-8.4-4.7-13.7c-0.1-0.3-0.3-0.6-0.4-0.9c-0.1-0.3-0.3-0.6-0.4-0.9c-0.1-0.3-0.3-0.6-0.4-0.9  c-0.1-0.3-0.3-0.6-0.4-0.9c-0.1-0.3-0.3-0.6-0.4-0.9c-0.1-0.3-0.3-0.6-0.4-0.9c-0.1-0.3-0.3-0.6-0.4-0.9c-0.1-0.3-0.3-0.6-0.4-0.9  c-0.1-0.3-0.3-0.6-0.4-0.9c-0.1-0.3-0.3-0.6-0.4-0.9c-0.1-0.3-0.3-0.6-0.4-0.9c-0.1-0.3-0.3-0.6-0.4-0.9c-0.1-0.3-0.3-0.6-0.4-0.9  c-0.1-0.3-0.3-0.6-0.4-0.9c-0.1-0.3-0.3-0.6-0.4-0.9c-0.1-0.3-0.3-0.6-0.4-0.9c-0.1-0.3-0.3-0.6-0.4-0.9c-0.1-0.3-0.3-0.6-0.4-0.9  c-0.1-0.3-0.3-0.6-0.4-0.9c-0.1-0.3-0.3-0.6-0.4-0.9c-0.1-0.3-0.3-0.6-0.4-0.9c-0.1-0.3-0.3-0.6-0.4-0.9c-0.1-0.3-0.3-0.6-0.4-0.9  c-0.1-0.3-0.3-0.6-0.4-0.9c-0.1-0.3-0.3-0.6-0.4-0.9c-0.1-0.3-0.3-0.6-0.4-0.9c-0.1-0.3-0.3-0.6-0.4-0.9c-0.1-0.3-0.3-0.6-0.4-0.9  c-0.1-0.3-0.3-0.6-0.4-0.9c-0.1-0.3-0.3-0.6-0.4-0.9c-0.1-0.3-0.3-0.6-0.4-0.9c-0.1-0.3-0.3-0.6-0.4-0.9c-0.1-0.3-0.3-0.6-0.4-0.9  c-0.1-0.3-0.3-0.6-0.4-0.9c-0.1-0.3-0.3-0.6-0.4-0.9c-0.1-0.3-0.3-0.6-0.4-0.9c-0.1-0.3-0.3-0.6-0.4-0.9c-0.1-0.3-0.3-0.6-0.4-0.9  c-0.1-0.3-0.3-0.6-0.4-0.9c-0.1-0.3-0.3-0.6-0.4-0.9c-0.1-0.3-0.3-0.6-0.4-0.9c-0.1-0.3-0.3-0.6-0.4-0.9c-0.1-0.3-0.3-0.6-0.4-0.9  c-0.1-0.3-0.3-0.6-0.4-0.9c-0.1-0.3-0.3-0.6-0.4-0.9c-0.1-0.3-0.3-0.6-0.4-0.9c-0.1-0.3-0.3-0.6-0.4-0.9c-0.1-0.3-0.3-0.6-0.4-0.9  c-0.1-0.3-0.3-0.6-0.4-0.9c-0.1-0.3-0.3-0.6-0.4-0.9c-0.1-0.3-0.3-0.6-0.4-0.9c-0.1-0.3-0.3-0.6-0.4-0.9c-0.1-0.3-0.3-0.6-0.4-0.9  c-0.1-0.3-0.3-0.6-0.4-0.9c-0.1-0.3-0.3-0.6-0.4-0.9c-0.1-0.3-0.3-0.6-0.4-0.9c-0.1-0.3-0.3-0.6-0.4-0.9c-0.1-0.3-0.3-0.6-0.4-0.9  c-0.1-0.3-0.3-0.6-0.4-0.9c-0.1-0.3-0.3-0.6-0.4-0.9c-0.1-0.3-0.3-0.6-0.4-0.9c-0.1-0.3-0.3-0.6-0.4-0.9c-0.1-0.3-0.3-0.6-0.4-0.9  c-0.1-0.3-0.3-0.6-0.4-0.9c-0.1-0.3-0.3-0.6-0.4-0.9c-0.1-0.3-0.3-0.6-0.4-0.9c-0.1-0.3-0.3-0.6-0.4-0.9c-0.1-0.3-0.3-0.6-0.4-0.9  c-0.1-0.3-0.3-0.6-0.4-0.9c-0.1-0.3-0.3-0.6-0.4-0.9c-0.1-0.3-0.3-0.6-0.4-0.9c-0.1-0.3-0.3-0.6-0.4-0.9c-0.1-0.3-0.3-0.6-0.4-0.9  c-0.1-0.3-0.3-0.6-0.4-0.9c-0.1-0.3-0.3-0.6-0.4-0.9c-0.1-0.3-0.3-0.6-0.4-0.9c-0.1-0.3-0.3-0.6-0.4-0.9c-0.1-0.3-0.3-0.6-0.4-0.9  c-0.1-0.3-0.3-0.6-0.4-0.9c-0.1-0.3-0.3-0.6-0.4-0.9c-0.1-0.3-0.3-0.6-0.4-0.9c-0.1-0.3-0.3-0.6-0.4-0.9c-0.1-0.3-0.3-0.6-0.4-0.9  c-0.1-0.3-0.3-0.6-0.4-0.9c-0.1-0.3-0.3-0.6-0.4-0.9c-0.1-0.3-0.3-0.6-0.4-0.9c-0.1-0.3-0.3-0.6-0.4-0.9c-0.1-0.3-0.3-0.6-0.4-0.9  c-0.1-0.3-0.3-0.6-0.4-0.9c-0.1-0.3-0.3-0.6-0.4-0.9c-11.2-24.4-39.6-62.1-40-62.6C620.3,109.2,586.4,68.4,536,40  C499.1,19.1,453.2,5.7,403.3,1.3c-45.7-4.1-90.5,1.6-137.1,17.5c-38.2,13-77.3,32.7-123.3,61.9c-51.5,32.7-93.4,62.3-139,94.8  c-3.4,2.4-4.7,6.8-3.2,10.7c0.1,0.3,0.3,0.7,0.5,1c0.1,0.3,0.3,0.6,0.4,0.9c0.1,0.3,0.3,0.6,0.4,0.9c0.1,0.3,0.3,0.6,0.4,0.9  c0.1,0.3,0.3,0.6,0.4,0.9c0.1,0.3,0.3,0.6,0.4,0.9c0.1,0.3,0.3,0.6,0.4,0.9c0.1,0.3,0.3,0.6,0.4,0.9c0.1,0.3,0.3,0.6,0.4,0.9  c0.1,0.3,0.3,0.6,0.4,0.9c0.1,0.3,0.3,0.6,0.4,0.9c0.1,0.3,0.3,0.6,0.4,0.9c0.1,0.3,0.3,0.6,0.4,0.9c0.1,0.3,0.3,0.6,0.4,0.9  c0.1,0.3,0.3,0.6,0.4,0.9c0.1,0.3,0.3,0.6,0.4,0.9c0.1,0.3,0.3,0.6,0.4,0.9c0.1,0.3,0.3,0.6,0.4,0.9c0.1,0.3,0.3,0.6,0.4,0.9  c0.1,0.3,0.3,0.6,0.4,0.9c0.1,0.3,0.3,0.6,0.4,0.9c0.1,0.3,0.3,0.6,0.4,0.9c0.1,0.3,0.3,0.6,0.4,0.9c0.1,0.3,0.3,0.6,0.4,0.9  c0.1,0.3,0.3,0.6,0.4,0.9c0.1,0.3,0.3,0.6,0.4,0.9c0.1,0.3,0.3,0.6,0.4,0.9c0.1,0.3,0.3,0.6,0.4,0.9c0.1,0.3,0.3,0.6,0.4,0.9  c0.1,0.3,0.3,0.6,0.4,0.9c0.1,0.3,0.3,0.6,0.4,0.9c0.1,0.3,0.3,0.6,0.4,0.9c0.1,0.3,0.3,0.6,0.4,0.9c0.1,0.3,0.3,0.6,0.4,0.9  c0.1,0.3,0.3,0.6,0.4,0.9c0.1,0.3,0.3,0.6,0.4,0.9c0.1,0.3,0.3,0.6,0.4,0.9c0.1,0.3,0.3,0.6,0.4,0.9c0.1,0.3,0.3,0.6,0.4,0.9  c0.1,0.3,0.3,0.6,0.4,0.9c0.1,0.3,0.3,0.6,0.4,0.9c0.1,0.3,0.3,0.6,0.4,0.9c0.1,0.3,0.3,0.6,0.4,0.9c0.1,0.3,0.3,0.6,0.4,0.9  c0.1,0.3,0.3,0.6,0.4,0.9c0.1,0.3,0.3,0.6,0.4,0.9c0.1,0.3,0.3,0.6,0.4,0.9c0.1,0.3,0.3,0.6,0.4,0.9c0.1,0.3,0.3,0.6,0.4,0.9  c0.1,0.3,0.3,0.6,0.4,0.9c0.1,0.3,0.3,0.6,0.4,0.9c0.1,0.3,0.3,0.6,0.4,0.9c0.1,0.3,0.3,0.6,0.4,0.9c0.1,0.3,0.3,0.6,0.4,0.9  c0.1,0.3,0.3,0.6,0.4,0.9c0.1,0.3,0.3,0.6,0.4,0.9c0.1,0.3,0.3,0.6,0.4,0.9c0.1,0.3,0.3,0.6,0.4,0.9c0.1,0.3,0.3,0.6,0.4,0.9  c0.1,0.3,0.3,0.6,0.4,0.9c0.1,0.3,0.3,0.6,0.4,0.9c0.1,0.3,0.3,0.6,0.4,0.9c0.1,0.3,0.3,0.6,0.4,0.9c0.1,0.3,0.3,0.6,0.4,0.9  c0.1,0.3,0.3,0.6,0.4,0.9c0.1,0.3,0.3,0.6,0.4,0.9c0.1,0.3,0.3,0.6,0.4,0.9c0.1,0.3,0.3,0.6,0.4,0.9c0.1,0.3,0.3,0.6,0.4,0.9  c0.1,0.3,0.3,0.6,0.4,0.9c0.1,0.3,0.3,0.6,0.4,0.9c0.1,0.3,0.3,0.6,0.4,0.9c0.1,0.3,0.3,0.6,0.4,0.9c0.1,0.3,0.3,0.6,0.4,0.9  c0.1,0.3,0.3,0.6,0.4,0.9c0.1,0.3,0.3,0.6,0.4,0.9c0.1,0.3,0.3,0.6,0.4,0.9c0.1,0.3,0.3,0.6,0.4,0.9c0.1,0.3,0.3,0.6,0.4,0.9  c0.1,0.3,0.3,0.6,0.4,0.9c0.1,0.3,0.3,0.6,0.4,0.9c0.1,0.3,0.3,0.6,0.4,0.9c0.1,0.3,0.3,0.6,0.4,0.9c0.1,0.3,0.3,0.6,0.4,0.9  c0.1,0.3,0.3,0.6,0.4,0.9c0.1,0.3,0.3,0.6,0.4,0.9c0.1,0.3,0.3,0.6,0.4,0.9c0.1,0.3,0.3,0.6,0.4,0.9c0.1,0.3,0.3,0.6,0.4,0.9  c0.1,0.3,0.3,0.6,0.4,0.9c0.1,0.3,0.3,0.6,0.4,0.9c0.4,0.9,0.9,1.8,1.6,2.6c34,46.9,66.1,91.1,114,125.6  c43.8,31.5,100.8,53,169.5,63.7c24,3.8,48.4,5.7,72.7,5.7c97,0,191.9-30.4,267.2-85.5c24.6-18,45.2-35.6,65.4-62.9  c0.2-0.3,0.4-0.7,0.6-1C731.2,310.5,732.4,307,731.9,303.3z\"><\/path>\t<path style=\"fill:#FEFEFE;\" d=\"M695,223.9c-2.8-20.4-43.8-74.9-44.3-75.4C620.3,109.2,586.4,68.4,536,40  C499.1,19.1,453.2,5.7,403.3,1.3c-45.7-4.1-90.5,1.6-137.1,17.5c-38.2,13-77.3,32.7-123.3,61.9c-51.5,32.7-93.4,62.3-139,94.8  c-3.4,2.4-4.7,6.8-3.2,10.7c0.4,1,0.9,1.9,1.6,2.8c34,46.9,66.1,91.1,114,125.6c43.8,31.5,100.8,53,169.5,63.7  c24,3.8,48.4,5.7,72.7,5.7c97,0,191.9-30.4,267.2-85.5c24.6-18,45.2-35.6,65.4-62.9c0.2-0.3,0.4-0.7,0.6-1  C694.4,231.2,695.5,227.6,695,223.9z\"><\/path>\t<g>\t\t<path d=\"M372.1,254.7c0,0,0.1,0,0.1,0c28.3-0.1,51.2-23.1,51.2-51.4c-0.1-28.2-23.1-51.2-51.3-51.2c0,0-0.1,0-0.1,0   c-28.3,0.1-51.2,23.1-51.2,51.4c0,13.7,5.4,26.6,15.1,36.2C345.6,249.4,358.4,254.7,372.1,254.7z\"><\/path>\t\t<path d=\"M695,223.9c-2.8-20.4-43.8-74.9-44.3-75.4C620.3,109.2,586.4,68.4,536,40C499.1,19.1,453.2,5.7,403.3,1.3   c-45.7-4.1-90.5,1.6-137.1,17.5c-38.2,13-77.3,32.7-123.3,61.9c-51.5,32.7-93.4,62.3-139,94.8c-3.4,2.4-4.7,6.8-3.2,10.7   c0.4,1,0.9,1.9,1.6,2.8c34,46.9,66.1,91.1,114,125.6c43.8,31.5,100.8,53,169.5,63.7c24,3.8,48.4,5.7,72.7,5.7   c97,0,191.9-30.4,267.2-85.5c24.6-18,45.2-35.6,65.4-62.9c0.2-0.3,0.4-0.7,0.6-1C694.4,231.2,695.5,227.6,695,223.9z M241.2,142.9   c13.8-4.3,28.6-9.2,45.3-14.8c50.7-17,105.8-31.2,164.7-20.1c9.9,1.8,20.1,4.3,30.2,7.3c24.6,24.2,38.2,55.4,38.2,88.1   c0,72.4-66.2,131.3-147.5,131.3s-147.5-58.9-147.5-131.3C224.6,182.4,230.3,161.5,241.2,142.9z M666.4,201.7l-1-0.7   c-64.3-44.5-130.9-90.6-211.8-105.7c-14.3-2.7-29.2-4-44.4-4c-46.9,0-90.4,12.4-126.7,24.6c-81.3,27.2-168.8,53.5-257.6,61.6   c-0.7,0.1-1.4,0.1-2,0.2c38.9-27.7,78.1-55.2,126.9-86.2C218,48.2,301.3,5,402.1,14c48.1,4.3,92.2,17.1,127.5,37.1   c48.3,27.3,81.3,67,110.9,105.3c5.3,6.9,23.1,31.7,33.8,50.9C671.7,205.5,669,203.6,666.4,201.7z M26,190.3   c58.4-5.3,121.3-18.7,197.9-42.1c-8,17.3-12.1,36.3-12.1,55.1c0,62.6,44.7,117.5,110.1,136.9c-5.5-0.4-10.9-0.9-16.1-1.5   C193.5,325.9,90,272,21.4,190.8C22.9,190.6,24.4,190.5,26,190.3z M532.4,203.4c0-28.7-9.3-56.3-26.9-80   c55.3,20.9,104.7,55.1,152.6,88.2c7.5,5.2,15.1,10.5,22.8,15.7c-1.1,1-3.1,2.6-6.6,4.8l-0.1,0.1c-0.5,0.3-0.9,0.6-1.3,0.8   c-82.3,53.3-158.3,86.3-232,100.6C496.8,309.7,532.4,259.6,532.4,203.4z M137.4,299.6c51.3,27.3,109,45.2,166.8,51.8   c14.6,1.7,29.5,2.7,44,3c95.6,2.2,194.3-27.9,301.5-92c-8.8,8.1-18.7,16.1-31.7,25.6c-92.5,67.7-212.9,95.9-330.4,77.5   c-66.7-10.5-121.8-31.1-164-61.5c-18.3-13.1-35.1-28.4-52.4-47.5C91.7,272.6,113.9,287.1,137.4,299.6z\"><\/path>\t<\/g><\/g><\/svg>\t\t\t<\/div>\n\t\t<\/div>\n\t\t\t\t\t\t<\/div>\n\t\t\t\t<\/div>\n\t\t\t\t<div class=\"elementor-element elementor-element-925e9c6 elementor-widget elementor-widget-heading\" data-id=\"925e9c6\" data-element_type=\"widget\" data-e-type=\"widget\" data-widget_type=\"heading.default\">\n\t\t\t\t<div class=\"elementor-widget-container\">\n\t\t\t\t\t<h2 class=\"elementor-heading-title elementor-size-default\">corporate events<\/h2>\t\t\t\t<\/div>\n\t\t\t\t<\/div>\n\t\t\t\t<div class=\"elementor-element elementor-element-64fc340 elementor-widget elementor-widget-gallery\" data-id=\"64fc340\" data-element_type=\"widget\" data-e-type=\"widget\" data-settings=\"{&quot;gallery_layout&quot;:&quot;masonry&quot;,&quot;gap&quot;:{&quot;unit&quot;:&quot;px&quot;,&quot;size&quot;:30,&quot;sizes&quot;:[]},&quot;columns_mobile&quot;:2,&quot;columns_tablet&quot;:4,&quot;lazyload&quot;:&quot;yes&quot;,&quot;columns&quot;:4,&quot;gap_tablet&quot;:{&quot;unit&quot;:&quot;px&quot;,&quot;size&quot;:10,&quot;sizes&quot;:[]},&quot;gap_mobile&quot;:{&quot;unit&quot;:&quot;px&quot;,&quot;size&quot;:10,&quot;sizes&quot;:[]},&quot;link_to&quot;:&quot;file&quot;,&quot;overlay_background&quot;:&quot;yes&quot;,&quot;content_hover_animation&quot;:&quot;fade-in&quot;}\" data-widget_type=\"gallery.default\">\n\t\t\t\t<div class=\"elementor-widget-container\">\n\t\t\t\t\t\t\t<div class=\"elementor-gallery__container\">\n\t\t\t\t\t\t\t<a class=\"e-gallery-item elementor-gallery-item elementor-animated-content\" href=\"https:\/\/stevegerrard.com\/wp-content\/uploads\/2023\/12\/Steve-Gerrard-Corporate-Event-Photography-78.jpg\" data-elementor-open-lightbox=\"yes\" data-elementor-lightbox-slideshow=\"64fc340\" data-e-action-hash=\"#elementor-action%3Aaction%3Dlightbox%26settings%3DeyJpZCI6NzE4MDIsInVybCI6Imh0dHBzOlwvXC9zdGV2ZWdlcnJhcmQuY29tXC93cC1jb250ZW50XC91cGxvYWRzXC8yMDIzXC8xMlwvU3RldmUtR2VycmFyZC1Db3Jwb3JhdGUtRXZlbnQtUGhvdG9ncmFwaHktNzguanBnIiwic2xpZGVzaG93IjoiNjRmYzM0MCJ9\">\n\t\t\t\t\t<div class=\"e-gallery-image elementor-gallery-item__image\" data-thumbnail=\"https:\/\/stevegerrard.com\/wp-content\/uploads\/2023\/12\/Steve-Gerrard-Corporate-Event-Photography-78-1000x667.jpg\" data-width=\"800\" data-height=\"534\" aria-label=\"A man speaking into a microphone.\" role=\"img\" ><\/div>\n\t\t\t\t\t\t\t\t\t\t\t<div class=\"elementor-gallery-item__overlay\"><\/div>\n\t\t\t\t\t\t\t\t\t\t\t\t\t\t<\/a>\n\t\t\t\t\t\t\t<a class=\"e-gallery-item elementor-gallery-item elementor-animated-content\" href=\"https:\/\/stevegerrard.com\/wp-content\/uploads\/2023\/12\/Steve-Gerrard-Corporate-Event-Photography-79.jpg\" data-elementor-open-lightbox=\"yes\" data-elementor-lightbox-slideshow=\"64fc340\" data-e-action-hash=\"#elementor-action%3Aaction%3Dlightbox%26settings%3DeyJpZCI6NzE4MDMsInVybCI6Imh0dHBzOlwvXC9zdGV2ZWdlcnJhcmQuY29tXC93cC1jb250ZW50XC91cGxvYWRzXC8yMDIzXC8xMlwvU3RldmUtR2VycmFyZC1Db3Jwb3JhdGUtRXZlbnQtUGhvdG9ncmFwaHktNzkuanBnIiwic2xpZGVzaG93IjoiNjRmYzM0MCJ9\">\n\t\t\t\t\t<div class=\"e-gallery-image elementor-gallery-item__image\" data-thumbnail=\"https:\/\/stevegerrard.com\/wp-content\/uploads\/2023\/12\/Steve-Gerrard-Corporate-Event-Photography-79-667x1000.jpg\" data-width=\"667\" data-height=\"1000\" aria-label=\"A man wearing a tux stood on stage with an orchestra.\" role=\"img\" ><\/div>\n\t\t\t\t\t\t\t\t\t\t\t<div class=\"elementor-gallery-item__overlay\"><\/div>\n\t\t\t\t\t\t\t\t\t\t\t\t\t\t<\/a>\n\t\t\t\t\t\t\t<a class=\"e-gallery-item elementor-gallery-item elementor-animated-content\" href=\"https:\/\/stevegerrard.com\/wp-content\/uploads\/2023\/12\/Steve-Gerrard-Corporate-Event-Photography-80.jpg\" data-elementor-open-lightbox=\"yes\" data-elementor-lightbox-slideshow=\"64fc340\" data-e-action-hash=\"#elementor-action%3Aaction%3Dlightbox%26settings%3DeyJpZCI6NzE4MDQsInVybCI6Imh0dHBzOlwvXC9zdGV2ZWdlcnJhcmQuY29tXC93cC1jb250ZW50XC91cGxvYWRzXC8yMDIzXC8xMlwvU3RldmUtR2VycmFyZC1Db3Jwb3JhdGUtRXZlbnQtUGhvdG9ncmFwaHktODAuanBnIiwic2xpZGVzaG93IjoiNjRmYzM0MCJ9\">\n\t\t\t\t\t<div class=\"e-gallery-image elementor-gallery-item__image\" data-thumbnail=\"https:\/\/stevegerrard.com\/wp-content\/uploads\/2023\/12\/Steve-Gerrard-Corporate-Event-Photography-80-1000x667.jpg\" data-width=\"800\" data-height=\"534\" aria-label=\"A man looking into the camera at an event.\" role=\"img\" ><\/div>\n\t\t\t\t\t\t\t\t\t\t\t<div class=\"elementor-gallery-item__overlay\"><\/div>\n\t\t\t\t\t\t\t\t\t\t\t\t\t\t<\/a>\n\t\t\t\t\t\t\t<a class=\"e-gallery-item elementor-gallery-item elementor-animated-content\" href=\"https:\/\/stevegerrard.com\/wp-content\/uploads\/2023\/12\/Steve-Gerrard-Corporate-Event-Photography-81.jpg\" data-elementor-open-lightbox=\"yes\" data-elementor-lightbox-slideshow=\"64fc340\" data-e-action-hash=\"#elementor-action%3Aaction%3Dlightbox%26settings%3DeyJpZCI6NzE4MDUsInVybCI6Imh0dHBzOlwvXC9zdGV2ZWdlcnJhcmQuY29tXC93cC1jb250ZW50XC91cGxvYWRzXC8yMDIzXC8xMlwvU3RldmUtR2VycmFyZC1Db3Jwb3JhdGUtRXZlbnQtUGhvdG9ncmFwaHktODEuanBnIiwic2xpZGVzaG93IjoiNjRmYzM0MCJ9\">\n\t\t\t\t\t<div class=\"e-gallery-image elementor-gallery-item__image\" data-thumbnail=\"https:\/\/stevegerrard.com\/wp-content\/uploads\/2023\/12\/Steve-Gerrard-Corporate-Event-Photography-81-1000x667.jpg\" data-width=\"800\" data-height=\"534\" aria-label=\"A man talking at an event.\" role=\"img\" ><\/div>\n\t\t\t\t\t\t\t\t\t\t\t<div class=\"elementor-gallery-item__overlay\"><\/div>\n\t\t\t\t\t\t\t\t\t\t\t\t\t\t<\/a>\n\t\t\t\t\t\t\t<a class=\"e-gallery-item elementor-gallery-item elementor-animated-content\" href=\"https:\/\/stevegerrard.com\/wp-content\/uploads\/2023\/12\/Steve-Gerrard-Corporate-Event-Photography-82.jpg\" data-elementor-open-lightbox=\"yes\" data-elementor-lightbox-slideshow=\"64fc340\" data-e-action-hash=\"#elementor-action%3Aaction%3Dlightbox%26settings%3DeyJpZCI6NzE4MDYsInVybCI6Imh0dHBzOlwvXC9zdGV2ZWdlcnJhcmQuY29tXC93cC1jb250ZW50XC91cGxvYWRzXC8yMDIzXC8xMlwvU3RldmUtR2VycmFyZC1Db3Jwb3JhdGUtRXZlbnQtUGhvdG9ncmFwaHktODIuanBnIiwic2xpZGVzaG93IjoiNjRmYzM0MCJ9\">\n\t\t\t\t\t<div class=\"e-gallery-image elementor-gallery-item__image\" data-thumbnail=\"https:\/\/stevegerrard.com\/wp-content\/uploads\/2023\/12\/Steve-Gerrard-Corporate-Event-Photography-82-1000x667.jpg\" data-width=\"800\" data-height=\"534\" aria-label=\"Pilots and flight attendants pose for a photography at an event.\" role=\"img\" ><\/div>\n\t\t\t\t\t\t\t\t\t\t\t<div class=\"elementor-gallery-item__overlay\"><\/div>\n\t\t\t\t\t\t\t\t\t\t\t\t\t\t<\/a>\n\t\t\t\t\t\t\t<a class=\"e-gallery-item elementor-gallery-item elementor-animated-content\" href=\"https:\/\/stevegerrard.com\/wp-content\/uploads\/2023\/12\/Steve-Gerrard-Corporate-Event-Photography-83.jpg\" data-elementor-open-lightbox=\"yes\" data-elementor-lightbox-slideshow=\"64fc340\" data-e-action-hash=\"#elementor-action%3Aaction%3Dlightbox%26settings%3DeyJpZCI6NzE4MDcsInVybCI6Imh0dHBzOlwvXC9zdGV2ZWdlcnJhcmQuY29tXC93cC1jb250ZW50XC91cGxvYWRzXC8yMDIzXC8xMlwvU3RldmUtR2VycmFyZC1Db3Jwb3JhdGUtRXZlbnQtUGhvdG9ncmFwaHktODMuanBnIiwic2xpZGVzaG93IjoiNjRmYzM0MCJ9\">\n\t\t\t\t\t<div class=\"e-gallery-image elementor-gallery-item__image\" data-thumbnail=\"https:\/\/stevegerrard.com\/wp-content\/uploads\/2023\/12\/Steve-Gerrard-Corporate-Event-Photography-83-1000x667.jpg\" data-width=\"800\" data-height=\"534\" aria-label=\"Three men laugh together at a corporate event.\" role=\"img\" ><\/div>\n\t\t\t\t\t\t\t\t\t\t\t<div class=\"elementor-gallery-item__overlay\"><\/div>\n\t\t\t\t\t\t\t\t\t\t\t\t\t\t<\/a>\n\t\t\t\t\t\t\t<a class=\"e-gallery-item elementor-gallery-item elementor-animated-content\" href=\"https:\/\/stevegerrard.com\/wp-content\/uploads\/2023\/12\/Steve-Gerrard-Corporate-Event-Photography-84.jpg\" data-elementor-open-lightbox=\"yes\" data-elementor-lightbox-slideshow=\"64fc340\" data-e-action-hash=\"#elementor-action%3Aaction%3Dlightbox%26settings%3DeyJpZCI6NzE4MDgsInVybCI6Imh0dHBzOlwvXC9zdGV2ZWdlcnJhcmQuY29tXC93cC1jb250ZW50XC91cGxvYWRzXC8yMDIzXC8xMlwvU3RldmUtR2VycmFyZC1Db3Jwb3JhdGUtRXZlbnQtUGhvdG9ncmFwaHktODQuanBnIiwic2xpZGVzaG93IjoiNjRmYzM0MCJ9\">\n\t\t\t\t\t<div class=\"e-gallery-image elementor-gallery-item__image\" data-thumbnail=\"https:\/\/stevegerrard.com\/wp-content\/uploads\/2023\/12\/Steve-Gerrard-Corporate-Event-Photography-84-1000x667.jpg\" data-width=\"800\" data-height=\"534\" aria-label=\"A woman sining at an event along with a cellist.\" role=\"img\" ><\/div>\n\t\t\t\t\t\t\t\t\t\t\t<div class=\"elementor-gallery-item__overlay\"><\/div>\n\t\t\t\t\t\t\t\t\t\t\t\t\t\t<\/a>\n\t\t\t\t\t\t\t<a class=\"e-gallery-item elementor-gallery-item elementor-animated-content\" href=\"https:\/\/stevegerrard.com\/wp-content\/uploads\/2023\/12\/Steve-Gerrard-Corporate-Event-Photography-87.jpg\" data-elementor-open-lightbox=\"yes\" data-elementor-lightbox-slideshow=\"64fc340\" data-e-action-hash=\"#elementor-action%3Aaction%3Dlightbox%26settings%3DeyJpZCI6NzE4MTEsInVybCI6Imh0dHBzOlwvXC9zdGV2ZWdlcnJhcmQuY29tXC93cC1jb250ZW50XC91cGxvYWRzXC8yMDIzXC8xMlwvU3RldmUtR2VycmFyZC1Db3Jwb3JhdGUtRXZlbnQtUGhvdG9ncmFwaHktODcuanBnIiwic2xpZGVzaG93IjoiNjRmYzM0MCJ9\">\n\t\t\t\t\t<div class=\"e-gallery-image elementor-gallery-item__image\" data-thumbnail=\"https:\/\/stevegerrard.com\/wp-content\/uploads\/2023\/12\/Steve-Gerrard-Corporate-Event-Photography-87-1000x667.jpg\" data-width=\"800\" data-height=\"534\" aria-label=\"A man straightens his tie at an event.\" role=\"img\" ><\/div>\n\t\t\t\t\t\t\t\t\t\t\t<div class=\"elementor-gallery-item__overlay\"><\/div>\n\t\t\t\t\t\t\t\t\t\t\t\t\t\t<\/a>\n\t\t\t\t\t\t\t<a class=\"e-gallery-item elementor-gallery-item elementor-animated-content\" href=\"https:\/\/stevegerrard.com\/wp-content\/uploads\/2023\/12\/Steve-Gerrard-Corporate-Event-Photography-65.jpg\" data-elementor-open-lightbox=\"yes\" data-elementor-lightbox-slideshow=\"64fc340\" data-e-action-hash=\"#elementor-action%3Aaction%3Dlightbox%26settings%3DeyJpZCI6NzE4MTIsInVybCI6Imh0dHBzOlwvXC9zdGV2ZWdlcnJhcmQuY29tXC93cC1jb250ZW50XC91cGxvYWRzXC8yMDIzXC8xMlwvU3RldmUtR2VycmFyZC1Db3Jwb3JhdGUtRXZlbnQtUGhvdG9ncmFwaHktNjUuanBnIiwic2xpZGVzaG93IjoiNjRmYzM0MCJ9\">\n\t\t\t\t\t<div class=\"e-gallery-image elementor-gallery-item__image\" data-thumbnail=\"https:\/\/stevegerrard.com\/wp-content\/uploads\/2023\/12\/Steve-Gerrard-Corporate-Event-Photography-65-1000x667.jpg\" data-width=\"800\" data-height=\"534\" aria-label=\"A powerpoint presentation at a corporate event.\" role=\"img\" ><\/div>\n\t\t\t\t\t\t\t\t\t\t\t<div class=\"elementor-gallery-item__overlay\"><\/div>\n\t\t\t\t\t\t\t\t\t\t\t\t\t\t<\/a>\n\t\t\t\t\t\t\t<a class=\"e-gallery-item elementor-gallery-item elementor-animated-content\" href=\"https:\/\/stevegerrard.com\/wp-content\/uploads\/2023\/12\/Steve-Gerrard-Corporate-Event-Photography-66.jpg\" data-elementor-open-lightbox=\"yes\" data-elementor-lightbox-slideshow=\"64fc340\" data-e-action-hash=\"#elementor-action%3Aaction%3Dlightbox%26settings%3DeyJpZCI6NzE4MTQsInVybCI6Imh0dHBzOlwvXC9zdGV2ZWdlcnJhcmQuY29tXC93cC1jb250ZW50XC91cGxvYWRzXC8yMDIzXC8xMlwvU3RldmUtR2VycmFyZC1Db3Jwb3JhdGUtRXZlbnQtUGhvdG9ncmFwaHktNjYuanBnIiwic2xpZGVzaG93IjoiNjRmYzM0MCJ9\">\n\t\t\t\t\t<div class=\"e-gallery-image elementor-gallery-item__image\" data-thumbnail=\"https:\/\/stevegerrard.com\/wp-content\/uploads\/2023\/12\/Steve-Gerrard-Corporate-Event-Photography-66-1000x667.jpg\" data-width=\"800\" data-height=\"534\" aria-label=\"A man speaking on stage at an event.\" role=\"img\" ><\/div>\n\t\t\t\t\t\t\t\t\t\t\t<div class=\"elementor-gallery-item__overlay\"><\/div>\n\t\t\t\t\t\t\t\t\t\t\t\t\t\t<\/a>\n\t\t\t\t\t\t\t<a class=\"e-gallery-item elementor-gallery-item elementor-animated-content\" href=\"https:\/\/stevegerrard.com\/wp-content\/uploads\/2023\/12\/Steve-Gerrard-Corporate-Event-Photography-67.jpg\" data-elementor-open-lightbox=\"yes\" data-elementor-lightbox-slideshow=\"64fc340\" data-e-action-hash=\"#elementor-action%3Aaction%3Dlightbox%26settings%3DeyJpZCI6NzE4MTUsInVybCI6Imh0dHBzOlwvXC9zdGV2ZWdlcnJhcmQuY29tXC93cC1jb250ZW50XC91cGxvYWRzXC8yMDIzXC8xMlwvU3RldmUtR2VycmFyZC1Db3Jwb3JhdGUtRXZlbnQtUGhvdG9ncmFwaHktNjcuanBnIiwic2xpZGVzaG93IjoiNjRmYzM0MCJ9\">\n\t\t\t\t\t<div class=\"e-gallery-image elementor-gallery-item__image\" data-thumbnail=\"https:\/\/stevegerrard.com\/wp-content\/uploads\/2023\/12\/Steve-Gerrard-Corporate-Event-Photography-67-1000x667.jpg\" data-width=\"800\" data-height=\"534\" aria-label=\"A corporate sign hung up in a bar.\" role=\"img\" ><\/div>\n\t\t\t\t\t\t\t\t\t\t\t<div class=\"elementor-gallery-item__overlay\"><\/div>\n\t\t\t\t\t\t\t\t\t\t\t\t\t\t<\/a>\n\t\t\t\t\t\t\t<a class=\"e-gallery-item elementor-gallery-item elementor-animated-content\" href=\"https:\/\/stevegerrard.com\/wp-content\/uploads\/2023\/12\/Steve-Gerrard-Corporate-Event-Photography-68.jpg\" data-elementor-open-lightbox=\"yes\" data-elementor-lightbox-slideshow=\"64fc340\" data-e-action-hash=\"#elementor-action%3Aaction%3Dlightbox%26settings%3DeyJpZCI6NzE4MTYsInVybCI6Imh0dHBzOlwvXC9zdGV2ZWdlcnJhcmQuY29tXC93cC1jb250ZW50XC91cGxvYWRzXC8yMDIzXC8xMlwvU3RldmUtR2VycmFyZC1Db3Jwb3JhdGUtRXZlbnQtUGhvdG9ncmFwaHktNjguanBnIiwic2xpZGVzaG93IjoiNjRmYzM0MCJ9\">\n\t\t\t\t\t<div class=\"e-gallery-image elementor-gallery-item__image\" data-thumbnail=\"https:\/\/stevegerrard.com\/wp-content\/uploads\/2023\/12\/Steve-Gerrard-Corporate-Event-Photography-68-1000x667.jpg\" data-width=\"800\" data-height=\"534\" aria-label=\"A group sat around a table having a friendly discussion.\" role=\"img\" ><\/div>\n\t\t\t\t\t\t\t\t\t\t\t<div class=\"elementor-gallery-item__overlay\"><\/div>\n\t\t\t\t\t\t\t\t\t\t\t\t\t\t<\/a>\n\t\t\t\t\t\t\t<a class=\"e-gallery-item elementor-gallery-item elementor-animated-content\" href=\"https:\/\/stevegerrard.com\/wp-content\/uploads\/2023\/12\/Steve-Gerrard-Corporate-Event-Photography-69.jpg\" data-elementor-open-lightbox=\"yes\" data-elementor-lightbox-slideshow=\"64fc340\" data-e-action-hash=\"#elementor-action%3Aaction%3Dlightbox%26settings%3DeyJpZCI6NzE4MTcsInVybCI6Imh0dHBzOlwvXC9zdGV2ZWdlcnJhcmQuY29tXC93cC1jb250ZW50XC91cGxvYWRzXC8yMDIzXC8xMlwvU3RldmUtR2VycmFyZC1Db3Jwb3JhdGUtRXZlbnQtUGhvdG9ncmFwaHktNjkuanBnIiwic2xpZGVzaG93IjoiNjRmYzM0MCJ9\">\n\t\t\t\t\t<div class=\"e-gallery-image elementor-gallery-item__image\" data-thumbnail=\"https:\/\/stevegerrard.com\/wp-content\/uploads\/2023\/12\/Steve-Gerrard-Corporate-Event-Photography-69-1000x667.jpg\" data-width=\"800\" data-height=\"534\" aria-label=\"A speaker talking on stage.\" role=\"img\" ><\/div>\n\t\t\t\t\t\t\t\t\t\t\t<div class=\"elementor-gallery-item__overlay\"><\/div>\n\t\t\t\t\t\t\t\t\t\t\t\t\t\t<\/a>\n\t\t\t\t\t\t\t<a class=\"e-gallery-item elementor-gallery-item elementor-animated-content\" href=\"https:\/\/stevegerrard.com\/wp-content\/uploads\/2023\/12\/Steve-Gerrard-Corporate-Event-Photography-70.jpg\" data-elementor-open-lightbox=\"yes\" data-elementor-lightbox-slideshow=\"64fc340\" data-e-action-hash=\"#elementor-action%3Aaction%3Dlightbox%26settings%3DeyJpZCI6NzE4MTgsInVybCI6Imh0dHBzOlwvXC9zdGV2ZWdlcnJhcmQuY29tXC93cC1jb250ZW50XC91cGxvYWRzXC8yMDIzXC8xMlwvU3RldmUtR2VycmFyZC1Db3Jwb3JhdGUtRXZlbnQtUGhvdG9ncmFwaHktNzAuanBnIiwic2xpZGVzaG93IjoiNjRmYzM0MCJ9\">\n\t\t\t\t\t<div class=\"e-gallery-image elementor-gallery-item__image\" data-thumbnail=\"https:\/\/stevegerrard.com\/wp-content\/uploads\/2023\/12\/Steve-Gerrard-Corporate-Event-Photography-70-1000x667.jpg\" data-width=\"800\" data-height=\"534\" aria-label=\"Event goers stand in front of an advertising banner.\" role=\"img\" ><\/div>\n\t\t\t\t\t\t\t\t\t\t\t<div class=\"elementor-gallery-item__overlay\"><\/div>\n\t\t\t\t\t\t\t\t\t\t\t\t\t\t<\/a>\n\t\t\t\t\t\t\t<a class=\"e-gallery-item elementor-gallery-item elementor-animated-content\" href=\"https:\/\/stevegerrard.com\/wp-content\/uploads\/2023\/12\/Steve-Gerrard-Corporate-Event-Photography-71.jpg\" data-elementor-open-lightbox=\"yes\" data-elementor-lightbox-slideshow=\"64fc340\" data-e-action-hash=\"#elementor-action%3Aaction%3Dlightbox%26settings%3DeyJpZCI6NzE4MTksInVybCI6Imh0dHBzOlwvXC9zdGV2ZWdlcnJhcmQuY29tXC93cC1jb250ZW50XC91cGxvYWRzXC8yMDIzXC8xMlwvU3RldmUtR2VycmFyZC1Db3Jwb3JhdGUtRXZlbnQtUGhvdG9ncmFwaHktNzEuanBnIiwic2xpZGVzaG93IjoiNjRmYzM0MCJ9\">\n\t\t\t\t\t<div class=\"e-gallery-image elementor-gallery-item__image\" data-thumbnail=\"https:\/\/stevegerrard.com\/wp-content\/uploads\/2023\/12\/Steve-Gerrard-Corporate-Event-Photography-71-1000x667.jpg\" data-width=\"800\" data-height=\"534\" aria-label=\"A group photo of event goers.\" role=\"img\" ><\/div>\n\t\t\t\t\t\t\t\t\t\t\t<div class=\"elementor-gallery-item__overlay\"><\/div>\n\t\t\t\t\t\t\t\t\t\t\t\t\t\t<\/a>\n\t\t\t\t\t<\/div>\n\t\t\t\t\t<\/div>\n\t\t\t\t<\/div>\n\t\t\t\t<\/div>\n\t\t<div class=\"elementor-element elementor-element-1de7da5 e-flex e-con-boxed e-con e-parent\" data-id=\"1de7da5\" data-element_type=\"container\" data-e-type=\"container\" data-settings=\"{&quot;background_background&quot;:&quot;classic&quot;}\">\n\t\t\t\t\t<div class=\"e-con-inner\">\n\t\t<div class=\"elementor-element elementor-element-2efb12b e-con-full e-flex e-con e-child\" data-id=\"2efb12b\" data-element_type=\"container\" data-e-type=\"container\">\n\t\t\t\t<div class=\"elementor-element elementor-element-07c4926 elementor-widget elementor-widget-heading\" data-id=\"07c4926\" data-element_type=\"widget\" data-e-type=\"widget\" data-widget_type=\"heading.default\">\n\t\t\t\t<div class=\"elementor-widget-container\">\n\t\t\t\t\t<h2 class=\"elementor-heading-title elementor-size-default\">corporate event photography<\/h2>\t\t\t\t<\/div>\n\t\t\t\t<\/div>\n\t\t\t\t<\/div>\n\t\t<div class=\"elementor-element elementor-element-9402817 e-con-full e-flex e-con e-child\" data-id=\"9402817\" data-element_type=\"container\" data-e-type=\"container\">\n\t\t\t\t<div class=\"elementor-element elementor-element-4c3529b elementor-widget elementor-widget-text-editor\" data-id=\"4c3529b\" data-element_type=\"widget\" data-e-type=\"widget\" data-widget_type=\"text-editor.default\">\n\t\t\t\t<div class=\"elementor-widget-container\">\n\t\t\t\t\t\t\t\t\t<p>The scope of corporate event photography is vast and varied. It encompasses various types of corporate events, including conferences, trade shows, award ceremonies, team-building activities, and corporate parties. Each event has its own unique requirements and objectives, and it is the task of the event photographer to understand and adapt to these specific needs. Whether it\u2019s capturing the energy and excitement of a product launch or the formalities of a corporate gala, event photographers play a crucial role in capturing the essence of the event.<\/p><p>However, corporate event photography goes beyond simply taking pictures. It requires a keen eye for detail, an understanding of lighting and composition, and the ability to capture candid moments and emotions. Event photographers need to be skilled in both posed and candid photography to capture a wide range of shots that tell a compelling story. They must also be adaptable and versatile, as corporate events often involve dynamic and fast-paced environments.<\/p>\t\t\t\t\t\t\t\t<\/div>\n\t\t\t\t<\/div>\n\t\t\t\t<\/div>\n\t\t\t\t\t<\/div>\n\t\t\t\t<\/div>\n\t\t<div class=\"elementor-element elementor-element-1495fd1 e-con-full e-flex e-con e-parent\" data-id=\"1495fd1\" data-element_type=\"container\" data-e-type=\"container\" data-settings=\"{&quot;background_background&quot;:&quot;classic&quot;}\">\n\t\t\t\t<div class=\"elementor-element elementor-element-7868c93 elementor-widget elementor-widget-gallery\" data-id=\"7868c93\" data-element_type=\"widget\" data-e-type=\"widget\" data-settings=\"{&quot;columns&quot;:3,&quot;columns_tablet&quot;:3,&quot;lazyload&quot;:&quot;yes&quot;,&quot;gallery_layout&quot;:&quot;grid&quot;,&quot;columns_mobile&quot;:1,&quot;gap&quot;:{&quot;unit&quot;:&quot;px&quot;,&quot;size&quot;:10,&quot;sizes&quot;:[]},&quot;gap_tablet&quot;:{&quot;unit&quot;:&quot;px&quot;,&quot;size&quot;:10,&quot;sizes&quot;:[]},&quot;gap_mobile&quot;:{&quot;unit&quot;:&quot;px&quot;,&quot;size&quot;:10,&quot;sizes&quot;:[]},&quot;link_to&quot;:&quot;file&quot;,&quot;aspect_ratio&quot;:&quot;3:2&quot;,&quot;content_hover_animation&quot;:&quot;fade-in&quot;}\" data-widget_type=\"gallery.default\">\n\t\t\t\t<div class=\"elementor-widget-container\">\n\t\t\t\t\t\t\t<div class=\"elementor-gallery__container\">\n\t\t\t\t\t\t\t<a class=\"e-gallery-item elementor-gallery-item elementor-animated-content\" href=\"https:\/\/stevegerrard.com\/wp-content\/uploads\/2023\/12\/Steve-Gerrard-Corporate-Event-Photography-12.jpg\" data-elementor-open-lightbox=\"yes\" data-elementor-lightbox-slideshow=\"7868c93\" data-e-action-hash=\"#elementor-action%3Aaction%3Dlightbox%26settings%3DeyJpZCI6NzE4ODksInVybCI6Imh0dHBzOlwvXC9zdGV2ZWdlcnJhcmQuY29tXC93cC1jb250ZW50XC91cGxvYWRzXC8yMDIzXC8xMlwvU3RldmUtR2VycmFyZC1Db3Jwb3JhdGUtRXZlbnQtUGhvdG9ncmFwaHktMTIuanBnIiwic2xpZGVzaG93IjoiNzg2OGM5MyJ9\">\n\t\t\t\t\t<div class=\"e-gallery-image elementor-gallery-item__image\" data-thumbnail=\"https:\/\/stevegerrard.com\/wp-content\/uploads\/2023\/12\/Steve-Gerrard-Corporate-Event-Photography-12-1536x1024.jpg\" data-width=\"1536\" data-height=\"1024\" aria-label=\"A speaker talking at an event.\" role=\"img\" ><\/div>\n\t\t\t\t\t\t\t\t\t\t\t\t\t\t<\/a>\n\t\t\t\t\t\t\t<a class=\"e-gallery-item elementor-gallery-item elementor-animated-content\" href=\"https:\/\/stevegerrard.com\/wp-content\/uploads\/2023\/12\/Steve-Gerrard-Corporate-Event-Photography-11.jpg\" data-elementor-open-lightbox=\"yes\" data-elementor-lightbox-slideshow=\"7868c93\" data-e-action-hash=\"#elementor-action%3Aaction%3Dlightbox%26settings%3DeyJpZCI6NzE4ODgsInVybCI6Imh0dHBzOlwvXC9zdGV2ZWdlcnJhcmQuY29tXC93cC1jb250ZW50XC91cGxvYWRzXC8yMDIzXC8xMlwvU3RldmUtR2VycmFyZC1Db3Jwb3JhdGUtRXZlbnQtUGhvdG9ncmFwaHktMTEuanBnIiwic2xpZGVzaG93IjoiNzg2OGM5MyJ9\">\n\t\t\t\t\t<div class=\"e-gallery-image elementor-gallery-item__image\" data-thumbnail=\"https:\/\/stevegerrard.com\/wp-content\/uploads\/2023\/12\/Steve-Gerrard-Corporate-Event-Photography-11-1536x1024.jpg\" data-width=\"1536\" data-height=\"1024\" aria-label=\"A group of men enjoying a drink\" role=\"img\" ><\/div>\n\t\t\t\t\t\t\t\t\t\t\t\t\t\t<\/a>\n\t\t\t\t\t\t\t<a class=\"e-gallery-item elementor-gallery-item elementor-animated-content\" href=\"https:\/\/stevegerrard.com\/wp-content\/uploads\/2023\/12\/Steve-Gerrard-Corporate-Event-Photography-10.jpg\" data-elementor-open-lightbox=\"yes\" data-elementor-lightbox-slideshow=\"7868c93\" data-e-action-hash=\"#elementor-action%3Aaction%3Dlightbox%26settings%3DeyJpZCI6NzE4ODcsInVybCI6Imh0dHBzOlwvXC9zdGV2ZWdlcnJhcmQuY29tXC93cC1jb250ZW50XC91cGxvYWRzXC8yMDIzXC8xMlwvU3RldmUtR2VycmFyZC1Db3Jwb3JhdGUtRXZlbnQtUGhvdG9ncmFwaHktMTAuanBnIiwic2xpZGVzaG93IjoiNzg2OGM5MyJ9\">\n\t\t\t\t\t<div class=\"e-gallery-image elementor-gallery-item__image\" data-thumbnail=\"https:\/\/stevegerrard.com\/wp-content\/uploads\/2023\/12\/Steve-Gerrard-Corporate-Event-Photography-10-1536x1024.jpg\" data-width=\"1536\" data-height=\"1024\" aria-label=\"People at a bar ordering drinks.\" role=\"img\" ><\/div>\n\t\t\t\t\t\t\t\t\t\t\t\t\t\t<\/a>\n\t\t\t\t\t<\/div>\n\t\t\t\t\t<\/div>\n\t\t\t\t<\/div>\n\t\t\t\t<\/div>\n\t\t<div class=\"elementor-element elementor-element-b67c4aa e-flex e-con-boxed e-con e-parent\" data-id=\"b67c4aa\" data-element_type=\"container\" data-e-type=\"container\" data-settings=\"{&quot;background_background&quot;:&quot;classic&quot;}\">\n\t\t\t\t\t<div class=\"e-con-inner\">\n\t\t<div class=\"elementor-element elementor-element-12c5753 e-con-full e-flex e-con e-child\" data-id=\"12c5753\" data-element_type=\"container\" data-e-type=\"container\">\n\t\t\t\t<\/div>\n\t\t<div class=\"elementor-element elementor-element-f25560a e-con-full e-flex e-con e-child\" data-id=\"f25560a\" data-element_type=\"container\" data-e-type=\"container\">\n\t\t\t\t<div class=\"elementor-element elementor-element-d23d7d2 elementor-widget elementor-widget-text-editor\" data-id=\"d23d7d2\" data-element_type=\"widget\" data-e-type=\"widget\" data-widget_type=\"text-editor.default\">\n\t\t\t\t<div class=\"elementor-widget-container\">\n\t\t\t\t\t\t\t\t\t<p>Furthermore, corporate event photography requires a high level of professionalism and discretion. Event photographers often work alongside high-profile individuals, capturing moments that may have strategic or confidential implications. It is essential for photographers to respect privacy and maintain the confidentiality of sensitive information. By being professional, reliable, and discreet, event photographers build trust with their clients and ensure a positive experience for all involved.<\/p><p>In conclusion, corporate event photography holds immense significance in capturing the essence, atmosphere, and key moments of corporate events. It goes beyond simply taking pictures, requiring a blend of technical skills, creativity, professionalism, and adaptability. By understanding the scope and nuances of corporate event photography, businesses can effectively document their events, showcase their brand, and create lasting memories.<\/p>\t\t\t\t\t\t\t\t<\/div>\n\t\t\t\t<\/div>\n\t\t\t\t<\/div>\n\t\t\t\t\t<\/div>\n\t\t\t\t<\/div>\n\t\t<div class=\"elementor-element elementor-element-b243105 e-con-full e-flex e-con e-parent\" data-id=\"b243105\" data-element_type=\"container\" data-e-type=\"container\" data-settings=\"{&quot;background_background&quot;:&quot;classic&quot;}\">\n\t\t\t\t<div class=\"elementor-element elementor-element-7ddb0c6 elementor-widget elementor-widget-gallery\" data-id=\"7ddb0c6\" data-element_type=\"widget\" data-e-type=\"widget\" data-settings=\"{&quot;columns&quot;:3,&quot;columns_tablet&quot;:3,&quot;lazyload&quot;:&quot;yes&quot;,&quot;gallery_layout&quot;:&quot;grid&quot;,&quot;columns_mobile&quot;:1,&quot;gap&quot;:{&quot;unit&quot;:&quot;px&quot;,&quot;size&quot;:10,&quot;sizes&quot;:[]},&quot;gap_tablet&quot;:{&quot;unit&quot;:&quot;px&quot;,&quot;size&quot;:10,&quot;sizes&quot;:[]},&quot;gap_mobile&quot;:{&quot;unit&quot;:&quot;px&quot;,&quot;size&quot;:10,&quot;sizes&quot;:[]},&quot;link_to&quot;:&quot;file&quot;,&quot;aspect_ratio&quot;:&quot;3:2&quot;,&quot;content_hover_animation&quot;:&quot;fade-in&quot;}\" data-widget_type=\"gallery.default\">\n\t\t\t\t<div class=\"elementor-widget-container\">\n\t\t\t\t\t\t\t<div class=\"elementor-gallery__container\">\n\t\t\t\t\t\t\t<a class=\"e-gallery-item elementor-gallery-item elementor-animated-content\" href=\"https:\/\/stevegerrard.com\/wp-content\/uploads\/2023\/12\/Steve-Gerrard-Corporate-Event-Photography-9.jpg\" data-elementor-open-lightbox=\"yes\" data-elementor-lightbox-slideshow=\"7ddb0c6\" data-e-action-hash=\"#elementor-action%3Aaction%3Dlightbox%26settings%3DeyJpZCI6NzE4ODYsInVybCI6Imh0dHBzOlwvXC9zdGV2ZWdlcnJhcmQuY29tXC93cC1jb250ZW50XC91cGxvYWRzXC8yMDIzXC8xMlwvU3RldmUtR2VycmFyZC1Db3Jwb3JhdGUtRXZlbnQtUGhvdG9ncmFwaHktOS5qcGciLCJzbGlkZXNob3ciOiI3ZGRiMGM2In0%3D\">\n\t\t\t\t\t<div class=\"e-gallery-image elementor-gallery-item__image\" data-thumbnail=\"https:\/\/stevegerrard.com\/wp-content\/uploads\/2023\/12\/Steve-Gerrard-Corporate-Event-Photography-9-1536x1024.jpg\" data-width=\"1536\" data-height=\"1024\" aria-label=\"A DJ stood with a friend.\" role=\"img\" ><\/div>\n\t\t\t\t\t\t\t\t\t\t\t\t\t\t<\/a>\n\t\t\t\t\t\t\t<a class=\"e-gallery-item elementor-gallery-item elementor-animated-content\" href=\"https:\/\/stevegerrard.com\/wp-content\/uploads\/2023\/12\/Steve-Gerrard-Corporate-Event-Photography-8.jpg\" data-elementor-open-lightbox=\"yes\" data-elementor-lightbox-slideshow=\"7ddb0c6\" data-e-action-hash=\"#elementor-action%3Aaction%3Dlightbox%26settings%3DeyJpZCI6NzE4ODUsInVybCI6Imh0dHBzOlwvXC9zdGV2ZWdlcnJhcmQuY29tXC93cC1jb250ZW50XC91cGxvYWRzXC8yMDIzXC8xMlwvU3RldmUtR2VycmFyZC1Db3Jwb3JhdGUtRXZlbnQtUGhvdG9ncmFwaHktOC5qcGciLCJzbGlkZXNob3ciOiI3ZGRiMGM2In0%3D\">\n\t\t\t\t\t<div class=\"e-gallery-image elementor-gallery-item__image\" data-thumbnail=\"https:\/\/stevegerrard.com\/wp-content\/uploads\/2023\/12\/Steve-Gerrard-Corporate-Event-Photography-8-1536x1024.jpg\" data-width=\"1536\" data-height=\"1024\" aria-label=\"An event in Montreal.\" role=\"img\" ><\/div>\n\t\t\t\t\t\t\t\t\t\t\t\t\t\t<\/a>\n\t\t\t\t\t\t\t<a class=\"e-gallery-item elementor-gallery-item elementor-animated-content\" href=\"https:\/\/stevegerrard.com\/wp-content\/uploads\/2023\/12\/Steve-Gerrard-Corporate-Event-Photography-7.jpg\" data-elementor-open-lightbox=\"yes\" data-elementor-lightbox-slideshow=\"7ddb0c6\" data-e-action-hash=\"#elementor-action%3Aaction%3Dlightbox%26settings%3DeyJpZCI6NzE4ODQsInVybCI6Imh0dHBzOlwvXC9zdGV2ZWdlcnJhcmQuY29tXC93cC1jb250ZW50XC91cGxvYWRzXC8yMDIzXC8xMlwvU3RldmUtR2VycmFyZC1Db3Jwb3JhdGUtRXZlbnQtUGhvdG9ncmFwaHktNy5qcGciLCJzbGlkZXNob3ciOiI3ZGRiMGM2In0%3D\">\n\t\t\t\t\t<div class=\"e-gallery-image elementor-gallery-item__image\" data-thumbnail=\"https:\/\/stevegerrard.com\/wp-content\/uploads\/2023\/12\/Steve-Gerrard-Corporate-Event-Photography-7-1536x1024.jpg\" data-width=\"1536\" data-height=\"1024\" aria-label=\"People smile in front of an advertising banner.\" role=\"img\" ><\/div>\n\t\t\t\t\t\t\t\t\t\t\t\t\t\t<\/a>\n\t\t\t\t\t<\/div>\n\t\t\t\t\t<\/div>\n\t\t\t\t<\/div>\n\t\t\t\t<\/div>\n\t\t<div class=\"elementor-element elementor-element-2b6dc29 e-flex e-con-boxed e-con e-parent\" data-id=\"2b6dc29\" data-element_type=\"container\" data-e-type=\"container\" data-settings=\"{&quot;background_background&quot;:&quot;classic&quot;}\">\n\t\t\t\t\t<div class=\"e-con-inner\">\n\t\t<div class=\"elementor-element elementor-element-6268353 e-con-full e-flex e-con e-child\" data-id=\"6268353\" data-element_type=\"container\" data-e-type=\"container\">\n\t\t\t\t<div class=\"elementor-element elementor-element-b90795e elementor-widget elementor-widget-heading\" data-id=\"b90795e\" data-element_type=\"widget\" data-e-type=\"widget\" data-widget_type=\"heading.default\">\n\t\t\t\t<div class=\"elementor-widget-container\">\n\t\t\t\t\t<h2 class=\"elementor-heading-title elementor-size-default\">CAPTURING BUSINESS MILESTONES<\/h2>\t\t\t\t<\/div>\n\t\t\t\t<\/div>\n\t\t\t\t<\/div>\n\t\t<div class=\"elementor-element elementor-element-021ce5b e-con-full e-flex e-con e-child\" data-id=\"021ce5b\" data-element_type=\"container\" data-e-type=\"container\">\n\t\t\t\t<div class=\"elementor-element elementor-element-e0f468b elementor-widget elementor-widget-text-editor\" data-id=\"e0f468b\" data-element_type=\"widget\" data-e-type=\"widget\" data-widget_type=\"text-editor.default\">\n\t\t\t\t<div class=\"elementor-widget-container\">\n\t\t\t\t\t\t\t\t\t<p>In the fast-paced world of business, there are countless milestones and achievements that deserve to be celebrated. From product launches and industry conferences to annual galas and team-building activities, corporate events play a crucial role in shaping a company\u2019s image and fostering a sense of community. One way to preserve these precious moments and showcase the success of a business is through professional event photography. In this blog post, we will explore the importance of corporate event photography and how it can effectively capture and immortalize these significant milestones.<\/p>\t\t\t\t\t\t\t\t<\/div>\n\t\t\t\t<\/div>\n\t\t\t\t<\/div>\n\t\t\t\t\t<\/div>\n\t\t\t\t<\/div>\n\t\t<div class=\"elementor-element elementor-element-029e6c8 e-con-full e-flex e-con e-parent\" data-id=\"029e6c8\" data-element_type=\"container\" data-e-type=\"container\" data-settings=\"{&quot;background_background&quot;:&quot;classic&quot;}\">\n\t\t\t\t<div class=\"elementor-element elementor-element-e2d1887 elementor-widget elementor-widget-gallery\" data-id=\"e2d1887\" data-element_type=\"widget\" data-e-type=\"widget\" data-settings=\"{&quot;columns_mobile&quot;:2,&quot;lazyload&quot;:&quot;yes&quot;,&quot;gallery_layout&quot;:&quot;grid&quot;,&quot;columns&quot;:4,&quot;columns_tablet&quot;:2,&quot;gap&quot;:{&quot;unit&quot;:&quot;px&quot;,&quot;size&quot;:10,&quot;sizes&quot;:[]},&quot;gap_tablet&quot;:{&quot;unit&quot;:&quot;px&quot;,&quot;size&quot;:10,&quot;sizes&quot;:[]},&quot;gap_mobile&quot;:{&quot;unit&quot;:&quot;px&quot;,&quot;size&quot;:10,&quot;sizes&quot;:[]},&quot;link_to&quot;:&quot;file&quot;,&quot;aspect_ratio&quot;:&quot;3:2&quot;,&quot;content_hover_animation&quot;:&quot;fade-in&quot;}\" data-widget_type=\"gallery.default\">\n\t\t\t\t<div class=\"elementor-widget-container\">\n\t\t\t\t\t\t\t<div class=\"elementor-gallery__container\">\n\t\t\t\t\t\t\t<a class=\"e-gallery-item elementor-gallery-item elementor-animated-content\" href=\"https:\/\/stevegerrard.com\/wp-content\/uploads\/2023\/12\/Steve-Gerrard-Corporate-Event-Photography-5.jpg\" data-elementor-open-lightbox=\"yes\" data-elementor-lightbox-slideshow=\"e2d1887\" data-e-action-hash=\"#elementor-action%3Aaction%3Dlightbox%26settings%3DeyJpZCI6NzE4ODIsInVybCI6Imh0dHBzOlwvXC9zdGV2ZWdlcnJhcmQuY29tXC93cC1jb250ZW50XC91cGxvYWRzXC8yMDIzXC8xMlwvU3RldmUtR2VycmFyZC1Db3Jwb3JhdGUtRXZlbnQtUGhvdG9ncmFwaHktNS5qcGciLCJzbGlkZXNob3ciOiJlMmQxODg3In0%3D\">\n\t\t\t\t\t<div class=\"e-gallery-image elementor-gallery-item__image\" data-thumbnail=\"https:\/\/stevegerrard.com\/wp-content\/uploads\/2023\/12\/Steve-Gerrard-Corporate-Event-Photography-5-1536x1024.jpg\" data-width=\"1536\" data-height=\"1024\" aria-label=\"Two people working on laptops at a table.\" role=\"img\" ><\/div>\n\t\t\t\t\t\t\t\t\t\t\t\t\t\t<\/a>\n\t\t\t\t\t\t\t<a class=\"e-gallery-item elementor-gallery-item elementor-animated-content\" href=\"https:\/\/stevegerrard.com\/wp-content\/uploads\/2023\/12\/Steve-Gerrard-Corporate-Event-Photography-4.jpg\" data-elementor-open-lightbox=\"yes\" data-elementor-lightbox-slideshow=\"e2d1887\" data-e-action-hash=\"#elementor-action%3Aaction%3Dlightbox%26settings%3DeyJpZCI6NzE4ODEsInVybCI6Imh0dHBzOlwvXC9zdGV2ZWdlcnJhcmQuY29tXC93cC1jb250ZW50XC91cGxvYWRzXC8yMDIzXC8xMlwvU3RldmUtR2VycmFyZC1Db3Jwb3JhdGUtRXZlbnQtUGhvdG9ncmFwaHktNC5qcGciLCJzbGlkZXNob3ciOiJlMmQxODg3In0%3D\">\n\t\t\t\t\t<div class=\"e-gallery-image elementor-gallery-item__image\" data-thumbnail=\"https:\/\/stevegerrard.com\/wp-content\/uploads\/2023\/12\/Steve-Gerrard-Corporate-Event-Photography-4-1536x1024.jpg\" data-width=\"1536\" data-height=\"1024\" aria-label=\"Four people in colourful clothes pose for a picture.\" role=\"img\" ><\/div>\n\t\t\t\t\t\t\t\t\t\t\t\t\t\t<\/a>\n\t\t\t\t\t\t\t<a class=\"e-gallery-item elementor-gallery-item elementor-animated-content\" href=\"https:\/\/stevegerrard.com\/wp-content\/uploads\/2023\/12\/Steve-Gerrard-Corporate-Event-Photography-24.jpg\" data-elementor-open-lightbox=\"yes\" data-elementor-lightbox-slideshow=\"e2d1887\" data-e-action-hash=\"#elementor-action%3Aaction%3Dlightbox%26settings%3DeyJpZCI6NzE4NzcsInVybCI6Imh0dHBzOlwvXC9zdGV2ZWdlcnJhcmQuY29tXC93cC1jb250ZW50XC91cGxvYWRzXC8yMDIzXC8xMlwvU3RldmUtR2VycmFyZC1Db3Jwb3JhdGUtRXZlbnQtUGhvdG9ncmFwaHktMjQuanBnIiwic2xpZGVzaG93IjoiZTJkMTg4NyJ9\">\n\t\t\t\t\t<div class=\"e-gallery-image elementor-gallery-item__image\" data-thumbnail=\"https:\/\/stevegerrard.com\/wp-content\/uploads\/2023\/12\/Steve-Gerrard-Corporate-Event-Photography-24-1536x1024.jpg\" data-width=\"1536\" data-height=\"1024\" aria-label=\"People enjoying an event.\" role=\"img\" ><\/div>\n\t\t\t\t\t\t\t\t\t\t\t\t\t\t<\/a>\n\t\t\t\t\t\t\t<a class=\"e-gallery-item elementor-gallery-item elementor-animated-content\" href=\"https:\/\/stevegerrard.com\/wp-content\/uploads\/2023\/12\/Steve-Gerrard-Corporate-Event-Photography-23.jpg\" data-elementor-open-lightbox=\"yes\" data-elementor-lightbox-slideshow=\"e2d1887\" data-e-action-hash=\"#elementor-action%3Aaction%3Dlightbox%26settings%3DeyJpZCI6NzE4NzYsInVybCI6Imh0dHBzOlwvXC9zdGV2ZWdlcnJhcmQuY29tXC93cC1jb250ZW50XC91cGxvYWRzXC8yMDIzXC8xMlwvU3RldmUtR2VycmFyZC1Db3Jwb3JhdGUtRXZlbnQtUGhvdG9ncmFwaHktMjMuanBnIiwic2xpZGVzaG93IjoiZTJkMTg4NyJ9\">\n\t\t\t\t\t<div class=\"e-gallery-image elementor-gallery-item__image\" data-thumbnail=\"https:\/\/stevegerrard.com\/wp-content\/uploads\/2023\/12\/Steve-Gerrard-Corporate-Event-Photography-23-1536x1024.jpg\" data-width=\"1536\" data-height=\"1024\" aria-label=\"A bartender smiling.\" role=\"img\" ><\/div>\n\t\t\t\t\t\t\t\t\t\t\t\t\t\t<\/a>\n\t\t\t\t\t<\/div>\n\t\t\t\t\t<\/div>\n\t\t\t\t<\/div>\n\t\t\t\t<\/div>\n\t\t<div class=\"elementor-element elementor-element-6bb354a e-flex e-con-boxed e-con e-parent\" data-id=\"6bb354a\" data-element_type=\"container\" data-e-type=\"container\" data-settings=\"{&quot;background_background&quot;:&quot;classic&quot;}\">\n\t\t\t\t\t<div class=\"e-con-inner\">\n\t\t<div class=\"elementor-element elementor-element-a85db0c e-con-full e-flex e-con e-child\" data-id=\"a85db0c\" data-element_type=\"container\" data-e-type=\"container\">\n\t\t\t\t<div class=\"elementor-element elementor-element-3bb63df elementor-widget elementor-widget-heading\" data-id=\"3bb63df\" data-element_type=\"widget\" data-e-type=\"widget\" data-widget_type=\"heading.default\">\n\t\t\t\t<div class=\"elementor-widget-container\">\n\t\t\t\t\t<h2 class=\"elementor-heading-title elementor-size-default\">THE POWER OF VISUAL STORYTELLING<\/h2>\t\t\t\t<\/div>\n\t\t\t\t<\/div>\n\t\t\t\t<\/div>\n\t\t<div class=\"elementor-element elementor-element-947b780 e-con-full e-flex e-con e-child\" data-id=\"947b780\" data-element_type=\"container\" data-e-type=\"container\">\n\t\t\t\t<div class=\"elementor-element elementor-element-f1faf6b elementor-widget elementor-widget-text-editor\" data-id=\"f1faf6b\" data-element_type=\"widget\" data-e-type=\"widget\" data-widget_type=\"text-editor.default\">\n\t\t\t\t<div class=\"elementor-widget-container\">\n\t\t\t\t\t\t\t\t\t<p>Visual storytelling is a powerful tool that can convey emotions, evoke memories, and engage viewers. Corporate event photography goes beyond simply documenting an event; it tells a story and captures the essence of the occasion. A skilled photographer can skillfully capture the energy, excitement, and camaraderie that permeate the atmosphere during these events. Whether it\u2019s the elation on the faces of employees receiving awards or the vibrant interactions between clients and staff, event photography preserves these special moments and allows the audience to experience them even years later.<\/p>\t\t\t\t\t\t\t\t<\/div>\n\t\t\t\t<\/div>\n\t\t\t\t<\/div>\n\t\t\t\t\t<\/div>\n\t\t\t\t<\/div>\n\t\t<div class=\"elementor-element elementor-element-c947413 e-con-full e-flex e-con e-parent\" data-id=\"c947413\" data-element_type=\"container\" data-e-type=\"container\" data-settings=\"{&quot;background_background&quot;:&quot;classic&quot;}\">\n\t\t\t\t<div class=\"elementor-element elementor-element-072b665 elementor-widget elementor-widget-gallery\" data-id=\"072b665\" data-element_type=\"widget\" data-e-type=\"widget\" data-settings=\"{&quot;columns_mobile&quot;:2,&quot;lazyload&quot;:&quot;yes&quot;,&quot;gallery_layout&quot;:&quot;grid&quot;,&quot;columns&quot;:4,&quot;columns_tablet&quot;:2,&quot;gap&quot;:{&quot;unit&quot;:&quot;px&quot;,&quot;size&quot;:10,&quot;sizes&quot;:[]},&quot;gap_tablet&quot;:{&quot;unit&quot;:&quot;px&quot;,&quot;size&quot;:10,&quot;sizes&quot;:[]},&quot;gap_mobile&quot;:{&quot;unit&quot;:&quot;px&quot;,&quot;size&quot;:10,&quot;sizes&quot;:[]},&quot;link_to&quot;:&quot;file&quot;,&quot;aspect_ratio&quot;:&quot;3:2&quot;,&quot;content_hover_animation&quot;:&quot;fade-in&quot;}\" data-widget_type=\"gallery.default\">\n\t\t\t\t<div class=\"elementor-widget-container\">\n\t\t\t\t\t\t\t<div class=\"elementor-gallery__container\">\n\t\t\t\t\t\t\t<a class=\"e-gallery-item elementor-gallery-item elementor-animated-content\" href=\"https:\/\/stevegerrard.com\/wp-content\/uploads\/2023\/12\/Steve-Gerrard-Corporate-Event-Photography-18.jpg\" data-elementor-open-lightbox=\"yes\" data-elementor-lightbox-slideshow=\"072b665\" data-e-action-hash=\"#elementor-action%3Aaction%3Dlightbox%26settings%3DeyJpZCI6NzE4NzEsInVybCI6Imh0dHBzOlwvXC9zdGV2ZWdlcnJhcmQuY29tXC93cC1jb250ZW50XC91cGxvYWRzXC8yMDIzXC8xMlwvU3RldmUtR2VycmFyZC1Db3Jwb3JhdGUtRXZlbnQtUGhvdG9ncmFwaHktMTguanBnIiwic2xpZGVzaG93IjoiMDcyYjY2NSJ9\">\n\t\t\t\t\t<div class=\"e-gallery-image elementor-gallery-item__image\" data-thumbnail=\"https:\/\/stevegerrard.com\/wp-content\/uploads\/2023\/12\/Steve-Gerrard-Corporate-Event-Photography-18-1536x1024.jpg\" data-width=\"1536\" data-height=\"1024\" aria-label=\"Hockey players pose for a photo\" role=\"img\" ><\/div>\n\t\t\t\t\t\t\t\t\t\t\t\t\t\t<\/a>\n\t\t\t\t\t\t\t<a class=\"e-gallery-item elementor-gallery-item elementor-animated-content\" href=\"https:\/\/stevegerrard.com\/wp-content\/uploads\/2023\/12\/Steve-Gerrard-Corporate-Event-Photography-17.jpg\" data-elementor-open-lightbox=\"yes\" data-elementor-lightbox-slideshow=\"072b665\" data-e-action-hash=\"#elementor-action%3Aaction%3Dlightbox%26settings%3DeyJpZCI6NzE4NzAsInVybCI6Imh0dHBzOlwvXC9zdGV2ZWdlcnJhcmQuY29tXC93cC1jb250ZW50XC91cGxvYWRzXC8yMDIzXC8xMlwvU3RldmUtR2VycmFyZC1Db3Jwb3JhdGUtRXZlbnQtUGhvdG9ncmFwaHktMTcuanBnIiwic2xpZGVzaG93IjoiMDcyYjY2NSJ9\">\n\t\t\t\t\t<div class=\"e-gallery-image elementor-gallery-item__image\" data-thumbnail=\"https:\/\/stevegerrard.com\/wp-content\/uploads\/2023\/12\/Steve-Gerrard-Corporate-Event-Photography-17-1536x1024.jpg\" data-width=\"1536\" data-height=\"1024\" aria-label=\"An event photo.\" role=\"img\" ><\/div>\n\t\t\t\t\t\t\t\t\t\t\t\t\t\t<\/a>\n\t\t\t\t\t\t\t<a class=\"e-gallery-item elementor-gallery-item elementor-animated-content\" href=\"https:\/\/stevegerrard.com\/wp-content\/uploads\/2023\/12\/Steve-Gerrard-Corporate-Event-Photography-15.jpg\" data-elementor-open-lightbox=\"yes\" data-elementor-lightbox-slideshow=\"072b665\" data-e-action-hash=\"#elementor-action%3Aaction%3Dlightbox%26settings%3DeyJpZCI6NzE4NjgsInVybCI6Imh0dHBzOlwvXC9zdGV2ZWdlcnJhcmQuY29tXC93cC1jb250ZW50XC91cGxvYWRzXC8yMDIzXC8xMlwvU3RldmUtR2VycmFyZC1Db3Jwb3JhdGUtRXZlbnQtUGhvdG9ncmFwaHktMTUuanBnIiwic2xpZGVzaG93IjoiMDcyYjY2NSJ9\">\n\t\t\t\t\t<div class=\"e-gallery-image elementor-gallery-item__image\" data-thumbnail=\"https:\/\/stevegerrard.com\/wp-content\/uploads\/2023\/12\/Steve-Gerrard-Corporate-Event-Photography-15-1536x1024.jpg\" data-width=\"1536\" data-height=\"1024\" aria-label=\"A busy event.\" role=\"img\" ><\/div>\n\t\t\t\t\t\t\t\t\t\t\t\t\t\t<\/a>\n\t\t\t\t\t\t\t<a class=\"e-gallery-item elementor-gallery-item elementor-animated-content\" href=\"https:\/\/stevegerrard.com\/wp-content\/uploads\/2023\/12\/Steve-Gerrard-Corporate-Event-Photography-14.jpg\" data-elementor-open-lightbox=\"yes\" data-elementor-lightbox-slideshow=\"072b665\" data-e-action-hash=\"#elementor-action%3Aaction%3Dlightbox%26settings%3DeyJpZCI6NzE4NjcsInVybCI6Imh0dHBzOlwvXC9zdGV2ZWdlcnJhcmQuY29tXC93cC1jb250ZW50XC91cGxvYWRzXC8yMDIzXC8xMlwvU3RldmUtR2VycmFyZC1Db3Jwb3JhdGUtRXZlbnQtUGhvdG9ncmFwaHktMTQuanBnIiwic2xpZGVzaG93IjoiMDcyYjY2NSJ9\">\n\t\t\t\t\t<div class=\"e-gallery-image elementor-gallery-item__image\" data-thumbnail=\"https:\/\/stevegerrard.com\/wp-content\/uploads\/2023\/12\/Steve-Gerrard-Corporate-Event-Photography-14-1536x1024.jpg\" data-width=\"1536\" data-height=\"1024\" aria-label=\"Award winners pose for a photo at en event.\" role=\"img\" ><\/div>\n\t\t\t\t\t\t\t\t\t\t\t\t\t\t<\/a>\n\t\t\t\t\t<\/div>\n\t\t\t\t\t<\/div>\n\t\t\t\t<\/div>\n\t\t\t\t<\/div>\n\t\t<div class=\"elementor-element elementor-element-652d9de e-flex e-con-boxed e-con e-parent\" data-id=\"652d9de\" data-element_type=\"container\" data-e-type=\"container\" data-settings=\"{&quot;background_background&quot;:&quot;classic&quot;}\">\n\t\t\t\t\t<div class=\"e-con-inner\">\n\t\t<div class=\"elementor-element elementor-element-6bc8e81 e-con-full e-flex e-con e-child\" data-id=\"6bc8e81\" data-element_type=\"container\" data-e-type=\"container\">\n\t\t\t\t<div class=\"elementor-element elementor-element-56fc9cb elementor-widget elementor-widget-heading\" data-id=\"56fc9cb\" data-element_type=\"widget\" data-e-type=\"widget\" data-widget_type=\"heading.default\">\n\t\t\t\t<div class=\"elementor-widget-container\">\n\t\t\t\t\t<h2 class=\"elementor-heading-title elementor-size-default\">SHOWCASING COMPANY CULTURE AND SUCCESS\n<\/h2>\t\t\t\t<\/div>\n\t\t\t\t<\/div>\n\t\t\t\t<\/div>\n\t\t<div class=\"elementor-element elementor-element-0226807 e-con-full e-flex e-con e-child\" data-id=\"0226807\" data-element_type=\"container\" data-e-type=\"container\">\n\t\t\t\t<div class=\"elementor-element elementor-element-4fb38a3 elementor-widget elementor-widget-text-editor\" data-id=\"4fb38a3\" data-element_type=\"widget\" data-e-type=\"widget\" data-widget_type=\"text-editor.default\">\n\t\t\t\t<div class=\"elementor-widget-container\">\n\t\t\t\t\t\t\t\t\t<p>Corporate events serve as a reflection of a company\u2019s culture and values. They provide an opportunity to showcase the achievements, growth, and success of a business. Professional event photography plays a crucial role in capturing these elements and conveying them to a wider audience. By documenting the event, including key speakers, presentations, and networking sessions, event photographers can create a visual narrative that highlights the company\u2019s accomplishments and the positive impact it has on its stakeholders. These images can be used in various marketing materials, such as websites, social media, and promotional materials, to reinforce the company\u2019s brand and attract potential clients and partners.<\/p>\t\t\t\t\t\t\t\t<\/div>\n\t\t\t\t<\/div>\n\t\t\t\t<\/div>\n\t\t\t\t\t<\/div>\n\t\t\t\t<\/div>\n\t\t<div class=\"elementor-element elementor-element-036284e e-con-full e-flex e-con e-parent\" data-id=\"036284e\" data-element_type=\"container\" data-e-type=\"container\" data-settings=\"{&quot;background_background&quot;:&quot;classic&quot;}\">\n\t\t\t\t<div class=\"elementor-element elementor-element-ccf3508 elementor-widget elementor-widget-gallery\" data-id=\"ccf3508\" data-element_type=\"widget\" data-e-type=\"widget\" data-settings=\"{&quot;columns_mobile&quot;:2,&quot;lazyload&quot;:&quot;yes&quot;,&quot;gallery_layout&quot;:&quot;grid&quot;,&quot;columns&quot;:4,&quot;columns_tablet&quot;:2,&quot;gap&quot;:{&quot;unit&quot;:&quot;px&quot;,&quot;size&quot;:10,&quot;sizes&quot;:[]},&quot;gap_tablet&quot;:{&quot;unit&quot;:&quot;px&quot;,&quot;size&quot;:10,&quot;sizes&quot;:[]},&quot;gap_mobile&quot;:{&quot;unit&quot;:&quot;px&quot;,&quot;size&quot;:10,&quot;sizes&quot;:[]},&quot;link_to&quot;:&quot;file&quot;,&quot;aspect_ratio&quot;:&quot;3:2&quot;,&quot;content_hover_animation&quot;:&quot;fade-in&quot;}\" data-widget_type=\"gallery.default\">\n\t\t\t\t<div class=\"elementor-widget-container\">\n\t\t\t\t\t\t\t<div class=\"elementor-gallery__container\">\n\t\t\t\t\t\t\t<a class=\"e-gallery-item elementor-gallery-item elementor-animated-content\" href=\"https:\/\/stevegerrard.com\/wp-content\/uploads\/2023\/12\/Steve-Gerrard-Corporate-Event-Photography-13.jpg\" data-elementor-open-lightbox=\"yes\" data-elementor-lightbox-slideshow=\"ccf3508\" data-e-action-hash=\"#elementor-action%3Aaction%3Dlightbox%26settings%3DeyJpZCI6NzE4NjYsInVybCI6Imh0dHBzOlwvXC9zdGV2ZWdlcnJhcmQuY29tXC93cC1jb250ZW50XC91cGxvYWRzXC8yMDIzXC8xMlwvU3RldmUtR2VycmFyZC1Db3Jwb3JhdGUtRXZlbnQtUGhvdG9ncmFwaHktMTMuanBnIiwic2xpZGVzaG93IjoiY2NmMzUwOCJ9\">\n\t\t\t\t\t<div class=\"e-gallery-image elementor-gallery-item__image\" data-thumbnail=\"https:\/\/stevegerrard.com\/wp-content\/uploads\/2023\/12\/Steve-Gerrard-Corporate-Event-Photography-13-1536x1024.jpg\" data-width=\"1536\" data-height=\"1024\" aria-label=\"Award winners at and event.\" role=\"img\" ><\/div>\n\t\t\t\t\t\t\t\t\t\t\t\t\t\t<\/a>\n\t\t\t\t\t\t\t<a class=\"e-gallery-item elementor-gallery-item elementor-animated-content\" href=\"https:\/\/stevegerrard.com\/wp-content\/uploads\/2023\/12\/Steve-Gerrard-Corporate-Event-Photography-38.jpg\" data-elementor-open-lightbox=\"yes\" data-elementor-lightbox-slideshow=\"ccf3508\" data-e-action-hash=\"#elementor-action%3Aaction%3Dlightbox%26settings%3DeyJpZCI6NzE4NjUsInVybCI6Imh0dHBzOlwvXC9zdGV2ZWdlcnJhcmQuY29tXC93cC1jb250ZW50XC91cGxvYWRzXC8yMDIzXC8xMlwvU3RldmUtR2VycmFyZC1Db3Jwb3JhdGUtRXZlbnQtUGhvdG9ncmFwaHktMzguanBnIiwic2xpZGVzaG93IjoiY2NmMzUwOCJ9\">\n\t\t\t\t\t<div class=\"e-gallery-image elementor-gallery-item__image\" data-thumbnail=\"https:\/\/stevegerrard.com\/wp-content\/uploads\/2023\/12\/Steve-Gerrard-Corporate-Event-Photography-38-1536x1024.jpg\" data-width=\"1536\" data-height=\"1024\" aria-label=\"Crowd at an event.\" role=\"img\" ><\/div>\n\t\t\t\t\t\t\t\t\t\t\t\t\t\t<\/a>\n\t\t\t\t\t\t\t<a class=\"e-gallery-item elementor-gallery-item elementor-animated-content\" href=\"https:\/\/stevegerrard.com\/wp-content\/uploads\/2023\/12\/Steve-Gerrard-Corporate-Event-Photography-37.jpg\" data-elementor-open-lightbox=\"yes\" data-elementor-lightbox-slideshow=\"ccf3508\" data-e-action-hash=\"#elementor-action%3Aaction%3Dlightbox%26settings%3DeyJpZCI6NzE4NjQsInVybCI6Imh0dHBzOlwvXC9zdGV2ZWdlcnJhcmQuY29tXC93cC1jb250ZW50XC91cGxvYWRzXC8yMDIzXC8xMlwvU3RldmUtR2VycmFyZC1Db3Jwb3JhdGUtRXZlbnQtUGhvdG9ncmFwaHktMzcuanBnIiwic2xpZGVzaG93IjoiY2NmMzUwOCJ9\">\n\t\t\t\t\t<div class=\"e-gallery-image elementor-gallery-item__image\" data-thumbnail=\"https:\/\/stevegerrard.com\/wp-content\/uploads\/2023\/12\/Steve-Gerrard-Corporate-Event-Photography-37-1536x1024.jpg\" data-width=\"1536\" data-height=\"1024\" aria-label=\"A speaker taking at an event.\" role=\"img\" ><\/div>\n\t\t\t\t\t\t\t\t\t\t\t\t\t\t<\/a>\n\t\t\t\t\t\t\t<a class=\"e-gallery-item elementor-gallery-item elementor-animated-content\" href=\"https:\/\/stevegerrard.com\/wp-content\/uploads\/2023\/12\/Steve-Gerrard-Corporate-Event-Photography-36.jpg\" data-elementor-open-lightbox=\"yes\" data-elementor-lightbox-slideshow=\"ccf3508\" data-e-action-hash=\"#elementor-action%3Aaction%3Dlightbox%26settings%3DeyJpZCI6NzE4NjMsInVybCI6Imh0dHBzOlwvXC9zdGV2ZWdlcnJhcmQuY29tXC93cC1jb250ZW50XC91cGxvYWRzXC8yMDIzXC8xMlwvU3RldmUtR2VycmFyZC1Db3Jwb3JhdGUtRXZlbnQtUGhvdG9ncmFwaHktMzYuanBnIiwic2xpZGVzaG93IjoiY2NmMzUwOCJ9\">\n\t\t\t\t\t<div class=\"e-gallery-image elementor-gallery-item__image\" data-thumbnail=\"https:\/\/stevegerrard.com\/wp-content\/uploads\/2023\/12\/Steve-Gerrard-Corporate-Event-Photography-36-1536x1024.jpg\" data-width=\"1536\" data-height=\"1024\" aria-label=\"Two men at an event.\" role=\"img\" ><\/div>\n\t\t\t\t\t\t\t\t\t\t\t\t\t\t<\/a>\n\t\t\t\t\t<\/div>\n\t\t\t\t\t<\/div>\n\t\t\t\t<\/div>\n\t\t\t\t<\/div>\n\t\t<div class=\"elementor-element elementor-element-e3ae8f6 e-flex e-con-boxed e-con e-parent\" data-id=\"e3ae8f6\" data-element_type=\"container\" data-e-type=\"container\" data-settings=\"{&quot;background_background&quot;:&quot;classic&quot;}\">\n\t\t\t\t\t<div class=\"e-con-inner\">\n\t\t<div class=\"elementor-element elementor-element-a7105d1 e-con-full e-flex e-con e-child\" data-id=\"a7105d1\" data-element_type=\"container\" data-e-type=\"container\">\n\t\t\t\t<div class=\"elementor-element elementor-element-8faac79 elementor-widget elementor-widget-heading\" data-id=\"8faac79\" data-element_type=\"widget\" data-e-type=\"widget\" data-widget_type=\"heading.default\">\n\t\t\t\t<div class=\"elementor-widget-container\">\n\t\t\t\t\t<h2 class=\"elementor-heading-title elementor-size-default\">PRESERVING MEMORIES AND BUILDING RELATIONSHIPS<\/h2>\t\t\t\t<\/div>\n\t\t\t\t<\/div>\n\t\t\t\t<\/div>\n\t\t<div class=\"elementor-element elementor-element-8fda5b4 e-con-full e-flex e-con e-child\" data-id=\"8fda5b4\" data-element_type=\"container\" data-e-type=\"container\">\n\t\t\t\t<div class=\"elementor-element elementor-element-ad6b055 elementor-widget elementor-widget-text-editor\" data-id=\"ad6b055\" data-element_type=\"widget\" data-e-type=\"widget\" data-widget_type=\"text-editor.default\">\n\t\t\t\t<div class=\"elementor-widget-container\">\n\t\t\t\t\t\t\t\t\t<p>Corporate events bring people together, fostering connections and building relationships. Event photography acts as a time capsule, preserving memories that can be cherished by employees, clients, and stakeholders for years to come. The photographs serve as a reminder of the achievements, collaborations, and joy experienced during the event, strengthening the bond between individuals and the company. Additionally, sharing event photos with attendees and participants can further deepen these relationships, as it allows them to relive the moments and share them with others who may not have been present.<\/p>\t\t\t\t\t\t\t\t<\/div>\n\t\t\t\t<\/div>\n\t\t\t\t<\/div>\n\t\t\t\t\t<\/div>\n\t\t\t\t<\/div>\n\t\t<div class=\"elementor-element elementor-element-8cefdb9 e-con-full e-flex e-con e-parent\" data-id=\"8cefdb9\" data-element_type=\"container\" data-e-type=\"container\" data-settings=\"{&quot;background_background&quot;:&quot;classic&quot;}\">\n\t\t\t\t<div class=\"elementor-element elementor-element-251eb15 elementor-widget elementor-widget-gallery\" data-id=\"251eb15\" data-element_type=\"widget\" data-e-type=\"widget\" data-settings=\"{&quot;columns_mobile&quot;:2,&quot;lazyload&quot;:&quot;yes&quot;,&quot;gallery_layout&quot;:&quot;grid&quot;,&quot;columns&quot;:4,&quot;columns_tablet&quot;:2,&quot;gap&quot;:{&quot;unit&quot;:&quot;px&quot;,&quot;size&quot;:10,&quot;sizes&quot;:[]},&quot;gap_tablet&quot;:{&quot;unit&quot;:&quot;px&quot;,&quot;size&quot;:10,&quot;sizes&quot;:[]},&quot;gap_mobile&quot;:{&quot;unit&quot;:&quot;px&quot;,&quot;size&quot;:10,&quot;sizes&quot;:[]},&quot;link_to&quot;:&quot;file&quot;,&quot;aspect_ratio&quot;:&quot;3:2&quot;,&quot;content_hover_animation&quot;:&quot;fade-in&quot;}\" data-widget_type=\"gallery.default\">\n\t\t\t\t<div class=\"elementor-widget-container\">\n\t\t\t\t\t\t\t<div class=\"elementor-gallery__container\">\n\t\t\t\t\t\t\t<a class=\"e-gallery-item elementor-gallery-item elementor-animated-content\" href=\"https:\/\/stevegerrard.com\/wp-content\/uploads\/2023\/12\/Steve-Gerrard-Corporate-Event-Photography-35.jpg\" data-elementor-open-lightbox=\"yes\" data-elementor-lightbox-slideshow=\"251eb15\" data-e-action-hash=\"#elementor-action%3Aaction%3Dlightbox%26settings%3DeyJpZCI6NzE4NjIsInVybCI6Imh0dHBzOlwvXC9zdGV2ZWdlcnJhcmQuY29tXC93cC1jb250ZW50XC91cGxvYWRzXC8yMDIzXC8xMlwvU3RldmUtR2VycmFyZC1Db3Jwb3JhdGUtRXZlbnQtUGhvdG9ncmFwaHktMzUuanBnIiwic2xpZGVzaG93IjoiMjUxZWIxNSJ9\">\n\t\t\t\t\t<div class=\"e-gallery-image elementor-gallery-item__image\" data-thumbnail=\"https:\/\/stevegerrard.com\/wp-content\/uploads\/2023\/12\/Steve-Gerrard-Corporate-Event-Photography-35-1536x1024.jpg\" data-width=\"1536\" data-height=\"1024\" aria-label=\"A band playing on stage at event.\" role=\"img\" ><\/div>\n\t\t\t\t\t\t\t\t\t\t\t\t\t\t<\/a>\n\t\t\t\t\t\t\t<a class=\"e-gallery-item elementor-gallery-item elementor-animated-content\" href=\"https:\/\/stevegerrard.com\/wp-content\/uploads\/2023\/12\/Steve-Gerrard-Corporate-Event-Photography-34.jpg\" data-elementor-open-lightbox=\"yes\" data-elementor-lightbox-slideshow=\"251eb15\" data-e-action-hash=\"#elementor-action%3Aaction%3Dlightbox%26settings%3DeyJpZCI6NzE4NjEsInVybCI6Imh0dHBzOlwvXC9zdGV2ZWdlcnJhcmQuY29tXC93cC1jb250ZW50XC91cGxvYWRzXC8yMDIzXC8xMlwvU3RldmUtR2VycmFyZC1Db3Jwb3JhdGUtRXZlbnQtUGhvdG9ncmFwaHktMzQuanBnIiwic2xpZGVzaG93IjoiMjUxZWIxNSJ9\">\n\t\t\t\t\t<div class=\"e-gallery-image elementor-gallery-item__image\" data-thumbnail=\"https:\/\/stevegerrard.com\/wp-content\/uploads\/2023\/12\/Steve-Gerrard-Corporate-Event-Photography-34-1536x1024.jpg\" data-width=\"1536\" data-height=\"1024\" aria-label=\"Event photography in Montreal.\" role=\"img\" ><\/div>\n\t\t\t\t\t\t\t\t\t\t\t\t\t\t<\/a>\n\t\t\t\t\t\t\t<a class=\"e-gallery-item elementor-gallery-item elementor-animated-content\" href=\"https:\/\/stevegerrard.com\/wp-content\/uploads\/2023\/12\/Steve-Gerrard-Corporate-Event-Photography-33.jpg\" data-elementor-open-lightbox=\"yes\" data-elementor-lightbox-slideshow=\"251eb15\" data-e-action-hash=\"#elementor-action%3Aaction%3Dlightbox%26settings%3DeyJpZCI6NzE4NjAsInVybCI6Imh0dHBzOlwvXC9zdGV2ZWdlcnJhcmQuY29tXC93cC1jb250ZW50XC91cGxvYWRzXC8yMDIzXC8xMlwvU3RldmUtR2VycmFyZC1Db3Jwb3JhdGUtRXZlbnQtUGhvdG9ncmFwaHktMzMuanBnIiwic2xpZGVzaG93IjoiMjUxZWIxNSJ9\">\n\t\t\t\t\t<div class=\"e-gallery-image elementor-gallery-item__image\" data-thumbnail=\"https:\/\/stevegerrard.com\/wp-content\/uploads\/2023\/12\/Steve-Gerrard-Corporate-Event-Photography-33-1536x1024.jpg\" data-width=\"1536\" data-height=\"1024\" aria-label=\"Event photography in Montreal, Canada.\" role=\"img\" ><\/div>\n\t\t\t\t\t\t\t\t\t\t\t\t\t\t<\/a>\n\t\t\t\t\t\t\t<a class=\"e-gallery-item elementor-gallery-item elementor-animated-content\" href=\"https:\/\/stevegerrard.com\/wp-content\/uploads\/2023\/12\/Steve-Gerrard-Corporate-Event-Photography-32.jpg\" data-elementor-open-lightbox=\"yes\" data-elementor-lightbox-slideshow=\"251eb15\" data-e-action-hash=\"#elementor-action%3Aaction%3Dlightbox%26settings%3DeyJpZCI6NzE4NTksInVybCI6Imh0dHBzOlwvXC9zdGV2ZWdlcnJhcmQuY29tXC93cC1jb250ZW50XC91cGxvYWRzXC8yMDIzXC8xMlwvU3RldmUtR2VycmFyZC1Db3Jwb3JhdGUtRXZlbnQtUGhvdG9ncmFwaHktMzIuanBnIiwic2xpZGVzaG93IjoiMjUxZWIxNSJ9\">\n\t\t\t\t\t<div class=\"e-gallery-image elementor-gallery-item__image\" data-thumbnail=\"https:\/\/stevegerrard.com\/wp-content\/uploads\/2023\/12\/Steve-Gerrard-Corporate-Event-Photography-32-1536x1024.jpg\" data-width=\"1536\" data-height=\"1024\" aria-label=\"People smiling at an event.\" role=\"img\" ><\/div>\n\t\t\t\t\t\t\t\t\t\t\t\t\t\t<\/a>\n\t\t\t\t\t<\/div>\n\t\t\t\t\t<\/div>\n\t\t\t\t<\/div>\n\t\t\t\t<\/div>\n\t\t<div class=\"elementor-element elementor-element-2ba48c0 e-flex e-con-boxed e-con e-parent\" data-id=\"2ba48c0\" data-element_type=\"container\" data-e-type=\"container\" data-settings=\"{&quot;background_background&quot;:&quot;classic&quot;}\">\n\t\t\t\t\t<div class=\"e-con-inner\">\n\t\t<div class=\"elementor-element elementor-element-080acb6 e-con-full e-flex e-con e-child\" data-id=\"080acb6\" data-element_type=\"container\" data-e-type=\"container\">\n\t\t\t\t<div class=\"elementor-element elementor-element-8a3acb5 elementor-widget elementor-widget-heading\" data-id=\"8a3acb5\" data-element_type=\"widget\" data-e-type=\"widget\" data-widget_type=\"heading.default\">\n\t\t\t\t<div class=\"elementor-widget-container\">\n\t\t\t\t\t<h2 class=\"elementor-heading-title elementor-size-default\">MAKING HISTORY<\/h2>\t\t\t\t<\/div>\n\t\t\t\t<\/div>\n\t\t\t\t<\/div>\n\t\t<div class=\"elementor-element elementor-element-7f3575f e-con-full e-flex e-con e-child\" data-id=\"7f3575f\" data-element_type=\"container\" data-e-type=\"container\">\n\t\t\t\t<div class=\"elementor-element elementor-element-1a880fd elementor-widget elementor-widget-text-editor\" data-id=\"1a880fd\" data-element_type=\"widget\" data-e-type=\"widget\" data-widget_type=\"text-editor.default\">\n\t\t\t\t<div class=\"elementor-widget-container\">\n\t\t\t\t\t\t\t\t\t<p>Corporate event photography is more than just capturing moments; it is about creating a visual representation of a company\u2019s milestones and success. Through professional event photography, businesses can effectively showcase their culture, strengthen relationships, and immortalize the memories of significant occasions. So, the next time you plan a corporate event, don\u2019t forget to invest in a skilled event photographer who can help you capture those precious moments and celebrate your business milestones for years to come.<\/p>\t\t\t\t\t\t\t\t<\/div>\n\t\t\t\t<\/div>\n\t\t\t\t<\/div>\n\t\t\t\t\t<\/div>\n\t\t\t\t<\/div>\n\t\t<div class=\"elementor-element elementor-element-2223ae4 e-con-full e-flex e-con e-parent\" data-id=\"2223ae4\" data-element_type=\"container\" data-e-type=\"container\" data-settings=\"{&quot;background_background&quot;:&quot;classic&quot;}\">\n\t\t\t\t<div class=\"elementor-element elementor-element-623114b elementor-widget elementor-widget-gallery\" data-id=\"623114b\" data-element_type=\"widget\" data-e-type=\"widget\" data-settings=\"{&quot;columns_mobile&quot;:2,&quot;lazyload&quot;:&quot;yes&quot;,&quot;gallery_layout&quot;:&quot;grid&quot;,&quot;columns&quot;:4,&quot;columns_tablet&quot;:2,&quot;gap&quot;:{&quot;unit&quot;:&quot;px&quot;,&quot;size&quot;:10,&quot;sizes&quot;:[]},&quot;gap_tablet&quot;:{&quot;unit&quot;:&quot;px&quot;,&quot;size&quot;:10,&quot;sizes&quot;:[]},&quot;gap_mobile&quot;:{&quot;unit&quot;:&quot;px&quot;,&quot;size&quot;:10,&quot;sizes&quot;:[]},&quot;link_to&quot;:&quot;file&quot;,&quot;aspect_ratio&quot;:&quot;3:2&quot;,&quot;content_hover_animation&quot;:&quot;fade-in&quot;}\" data-widget_type=\"gallery.default\">\n\t\t\t\t<div class=\"elementor-widget-container\">\n\t\t\t\t\t\t\t<div class=\"elementor-gallery__container\">\n\t\t\t\t\t\t\t<a class=\"e-gallery-item elementor-gallery-item elementor-animated-content\" href=\"https:\/\/stevegerrard.com\/wp-content\/uploads\/2023\/12\/Steve-Gerrard-Corporate-Event-Photography-31.jpg\" data-elementor-open-lightbox=\"yes\" data-elementor-lightbox-slideshow=\"623114b\" data-e-action-hash=\"#elementor-action%3Aaction%3Dlightbox%26settings%3DeyJpZCI6NzE4NTgsInVybCI6Imh0dHBzOlwvXC9zdGV2ZWdlcnJhcmQuY29tXC93cC1jb250ZW50XC91cGxvYWRzXC8yMDIzXC8xMlwvU3RldmUtR2VycmFyZC1Db3Jwb3JhdGUtRXZlbnQtUGhvdG9ncmFwaHktMzEuanBnIiwic2xpZGVzaG93IjoiNjIzMTE0YiJ9\">\n\t\t\t\t\t<div class=\"e-gallery-image elementor-gallery-item__image\" data-thumbnail=\"https:\/\/stevegerrard.com\/wp-content\/uploads\/2023\/12\/Steve-Gerrard-Corporate-Event-Photography-31-1536x1024.jpg\" data-width=\"1536\" data-height=\"1024\" aria-label=\"A public speaker talking at an event.\" role=\"img\" ><\/div>\n\t\t\t\t\t\t\t\t\t\t\t\t\t\t<\/a>\n\t\t\t\t\t\t\t<a class=\"e-gallery-item elementor-gallery-item elementor-animated-content\" href=\"https:\/\/stevegerrard.com\/wp-content\/uploads\/2023\/12\/Steve-Gerrard-Corporate-Event-Photography-30.jpg\" data-elementor-open-lightbox=\"yes\" data-elementor-lightbox-slideshow=\"623114b\" data-e-action-hash=\"#elementor-action%3Aaction%3Dlightbox%26settings%3DeyJpZCI6NzE4NTcsInVybCI6Imh0dHBzOlwvXC9zdGV2ZWdlcnJhcmQuY29tXC93cC1jb250ZW50XC91cGxvYWRzXC8yMDIzXC8xMlwvU3RldmUtR2VycmFyZC1Db3Jwb3JhdGUtRXZlbnQtUGhvdG9ncmFwaHktMzAuanBnIiwic2xpZGVzaG93IjoiNjIzMTE0YiJ9\">\n\t\t\t\t\t<div class=\"e-gallery-image elementor-gallery-item__image\" data-thumbnail=\"https:\/\/stevegerrard.com\/wp-content\/uploads\/2023\/12\/Steve-Gerrard-Corporate-Event-Photography-30-1536x1024.jpg\" data-width=\"1536\" data-height=\"1024\" aria-label=\"A man making bagels in oven.\" role=\"img\" ><\/div>\n\t\t\t\t\t\t\t\t\t\t\t\t\t\t<\/a>\n\t\t\t\t\t\t\t<a class=\"e-gallery-item elementor-gallery-item elementor-animated-content\" href=\"https:\/\/stevegerrard.com\/wp-content\/uploads\/2023\/12\/Steve-Gerrard-Corporate-Event-Photography-29-e1705595643973.jpg\" data-elementor-open-lightbox=\"yes\" data-elementor-lightbox-slideshow=\"623114b\" data-e-action-hash=\"#elementor-action%3Aaction%3Dlightbox%26settings%3DeyJpZCI6NzE4NTYsInVybCI6Imh0dHBzOlwvXC9zdGV2ZWdlcnJhcmQuY29tXC93cC1jb250ZW50XC91cGxvYWRzXC8yMDIzXC8xMlwvU3RldmUtR2VycmFyZC1Db3Jwb3JhdGUtRXZlbnQtUGhvdG9ncmFwaHktMjktZTE3MDU1OTU2NDM5NzMuanBnIiwic2xpZGVzaG93IjoiNjIzMTE0YiJ9\">\n\t\t\t\t\t<div class=\"e-gallery-image elementor-gallery-item__image\" data-thumbnail=\"https:\/\/stevegerrard.com\/wp-content\/uploads\/2023\/12\/Steve-Gerrard-Corporate-Event-Photography-29-1024x1536.jpg\" data-width=\"1024\" data-height=\"1536\" aria-label=\"A man standing proudly next to his trophy.\" role=\"img\" ><\/div>\n\t\t\t\t\t\t\t\t\t\t\t\t\t\t<\/a>\n\t\t\t\t\t\t\t<a class=\"e-gallery-item elementor-gallery-item elementor-animated-content\" href=\"https:\/\/stevegerrard.com\/wp-content\/uploads\/2023\/12\/Steve-Gerrard-Corporate-Event-Photography-28.jpg\" data-elementor-open-lightbox=\"yes\" data-elementor-lightbox-slideshow=\"623114b\" data-e-action-hash=\"#elementor-action%3Aaction%3Dlightbox%26settings%3DeyJpZCI6NzE4NTUsInVybCI6Imh0dHBzOlwvXC9zdGV2ZWdlcnJhcmQuY29tXC93cC1jb250ZW50XC91cGxvYWRzXC8yMDIzXC8xMlwvU3RldmUtR2VycmFyZC1Db3Jwb3JhdGUtRXZlbnQtUGhvdG9ncmFwaHktMjguanBnIiwic2xpZGVzaG93IjoiNjIzMTE0YiJ9\">\n\t\t\t\t\t<div class=\"e-gallery-image elementor-gallery-item__image\" data-thumbnail=\"https:\/\/stevegerrard.com\/wp-content\/uploads\/2023\/12\/Steve-Gerrard-Corporate-Event-Photography-28-1536x1024.jpg\" data-width=\"1536\" data-height=\"1024\" aria-label=\"A man interviewing a man on a sofa.\" role=\"img\" ><\/div>\n\t\t\t\t\t\t\t\t\t\t\t\t\t\t<\/a>\n\t\t\t\t\t<\/div>\n\t\t\t\t\t<\/div>\n\t\t\t\t<\/div>\n\t\t\t\t<\/div>\n\t\t<div class=\"elementor-element elementor-element-e403034 e-flex e-con-boxed e-con e-parent\" data-id=\"e403034\" data-element_type=\"container\" data-e-type=\"container\" data-settings=\"{&quot;background_background&quot;:&quot;classic&quot;}\">\n\t\t\t\t\t<div class=\"e-con-inner\">\n\t\t<div class=\"elementor-element elementor-element-446d8b4 e-con-full e-flex e-con e-child\" data-id=\"446d8b4\" data-element_type=\"container\" data-e-type=\"container\">\n\t\t\t\t<div class=\"elementor-element elementor-element-227d0b0 elementor-widget elementor-widget-heading\" data-id=\"227d0b0\" data-element_type=\"widget\" data-e-type=\"widget\" data-widget_type=\"heading.default\">\n\t\t\t\t<div class=\"elementor-widget-container\">\n\t\t\t\t\t<h2 class=\"elementor-heading-title elementor-size-default\">WHAT SHOULD YOU LOOK FOR IN A CORPORATE EVENT PHOTOGRAPHER?<\/h2>\t\t\t\t<\/div>\n\t\t\t\t<\/div>\n\t\t\t\t<\/div>\n\t\t<div class=\"elementor-element elementor-element-8a927fd e-con-full e-flex e-con e-child\" data-id=\"8a927fd\" data-element_type=\"container\" data-e-type=\"container\">\n\t\t\t\t<div class=\"elementor-element elementor-element-c85592c elementor-widget elementor-widget-text-editor\" data-id=\"c85592c\" data-element_type=\"widget\" data-e-type=\"widget\" data-widget_type=\"text-editor.default\">\n\t\t\t\t<div class=\"elementor-widget-container\">\n\t\t\t\t\t\t\t\t\t<p>Planning a corporate event is no easy task. From selecting the perfect venue to organizing the logistics, there are countless details that require careful attention. One crucial aspect that can make or break the success of your event is the choice of a corporate event photographer. A skilled photographer can capture the essence of your event and provide you with high-quality images that can be used for marketing purposes or to commemorate the occasion. But what should you look for when choosing a corporate event photographer?<\/p>\t\t\t\t\t\t\t\t<\/div>\n\t\t\t\t<\/div>\n\t\t\t\t<\/div>\n\t\t\t\t\t<\/div>\n\t\t\t\t<\/div>\n\t\t<div class=\"elementor-element elementor-element-5df68c6 e-con-full e-flex e-con e-parent\" data-id=\"5df68c6\" data-element_type=\"container\" data-e-type=\"container\" data-settings=\"{&quot;background_background&quot;:&quot;classic&quot;}\">\n\t\t\t\t<div class=\"elementor-element elementor-element-3c086ca elementor-widget elementor-widget-gallery\" data-id=\"3c086ca\" data-element_type=\"widget\" data-e-type=\"widget\" data-settings=\"{&quot;columns_mobile&quot;:2,&quot;lazyload&quot;:&quot;yes&quot;,&quot;gallery_layout&quot;:&quot;grid&quot;,&quot;columns&quot;:4,&quot;columns_tablet&quot;:2,&quot;gap&quot;:{&quot;unit&quot;:&quot;px&quot;,&quot;size&quot;:10,&quot;sizes&quot;:[]},&quot;gap_tablet&quot;:{&quot;unit&quot;:&quot;px&quot;,&quot;size&quot;:10,&quot;sizes&quot;:[]},&quot;gap_mobile&quot;:{&quot;unit&quot;:&quot;px&quot;,&quot;size&quot;:10,&quot;sizes&quot;:[]},&quot;link_to&quot;:&quot;file&quot;,&quot;aspect_ratio&quot;:&quot;3:2&quot;,&quot;content_hover_animation&quot;:&quot;fade-in&quot;}\" data-widget_type=\"gallery.default\">\n\t\t\t\t<div class=\"elementor-widget-container\">\n\t\t\t\t\t\t\t<div class=\"elementor-gallery__container\">\n\t\t\t\t\t\t\t<a class=\"e-gallery-item elementor-gallery-item elementor-animated-content\" href=\"https:\/\/stevegerrard.com\/wp-content\/uploads\/2023\/12\/Steve-Gerrard-Corporate-Event-Photography-21.jpg\" data-elementor-open-lightbox=\"yes\" data-elementor-lightbox-slideshow=\"3c086ca\" data-e-action-hash=\"#elementor-action%3Aaction%3Dlightbox%26settings%3DeyJpZCI6NzE4NzQsInVybCI6Imh0dHBzOlwvXC9zdGV2ZWdlcnJhcmQuY29tXC93cC1jb250ZW50XC91cGxvYWRzXC8yMDIzXC8xMlwvU3RldmUtR2VycmFyZC1Db3Jwb3JhdGUtRXZlbnQtUGhvdG9ncmFwaHktMjEuanBnIiwic2xpZGVzaG93IjoiM2MwODZjYSJ9\">\n\t\t\t\t\t<div class=\"e-gallery-image elementor-gallery-item__image\" data-thumbnail=\"https:\/\/stevegerrard.com\/wp-content\/uploads\/2023\/12\/Steve-Gerrard-Corporate-Event-Photography-21-1536x1024.jpg\" data-width=\"1536\" data-height=\"1024\" aria-label=\"Three women pose for a photo.\" role=\"img\" ><\/div>\n\t\t\t\t\t\t\t\t\t\t\t\t\t\t<\/a>\n\t\t\t\t\t\t\t<a class=\"e-gallery-item elementor-gallery-item elementor-animated-content\" href=\"https:\/\/stevegerrard.com\/wp-content\/uploads\/2023\/12\/Steve-Gerrard-Corporate-Event-Photography-20.jpg\" data-elementor-open-lightbox=\"yes\" data-elementor-lightbox-slideshow=\"3c086ca\" data-e-action-hash=\"#elementor-action%3Aaction%3Dlightbox%26settings%3DeyJpZCI6NzE4NzMsInVybCI6Imh0dHBzOlwvXC9zdGV2ZWdlcnJhcmQuY29tXC93cC1jb250ZW50XC91cGxvYWRzXC8yMDIzXC8xMlwvU3RldmUtR2VycmFyZC1Db3Jwb3JhdGUtRXZlbnQtUGhvdG9ncmFwaHktMjAuanBnIiwic2xpZGVzaG93IjoiM2MwODZjYSJ9\">\n\t\t\t\t\t<div class=\"e-gallery-image elementor-gallery-item__image\" data-thumbnail=\"https:\/\/stevegerrard.com\/wp-content\/uploads\/2023\/12\/Steve-Gerrard-Corporate-Event-Photography-20-1536x1024.jpg\" data-width=\"1536\" data-height=\"1024\" aria-label=\"Two ladies wearing VR headsets.\" role=\"img\" ><\/div>\n\t\t\t\t\t\t\t\t\t\t\t\t\t\t<\/a>\n\t\t\t\t\t\t\t<a class=\"e-gallery-item elementor-gallery-item elementor-animated-content\" href=\"https:\/\/stevegerrard.com\/wp-content\/uploads\/2023\/12\/Steve-Gerrard-Corporate-Event-Photography-2.jpg\" data-elementor-open-lightbox=\"yes\" data-elementor-lightbox-slideshow=\"3c086ca\" data-e-action-hash=\"#elementor-action%3Aaction%3Dlightbox%26settings%3DeyJpZCI6NzE4NzksInVybCI6Imh0dHBzOlwvXC9zdGV2ZWdlcnJhcmQuY29tXC93cC1jb250ZW50XC91cGxvYWRzXC8yMDIzXC8xMlwvU3RldmUtR2VycmFyZC1Db3Jwb3JhdGUtRXZlbnQtUGhvdG9ncmFwaHktMi5qcGciLCJzbGlkZXNob3ciOiIzYzA4NmNhIn0%3D\">\n\t\t\t\t\t<div class=\"e-gallery-image elementor-gallery-item__image\" data-thumbnail=\"https:\/\/stevegerrard.com\/wp-content\/uploads\/2023\/12\/Steve-Gerrard-Corporate-Event-Photography-2-1536x1024.jpg\" data-width=\"1536\" data-height=\"1024\" aria-label=\"Five women in black swimwear pose for a photography.\" role=\"img\" ><\/div>\n\t\t\t\t\t\t\t\t\t\t\t\t\t\t<\/a>\n\t\t\t\t\t\t\t<a class=\"e-gallery-item elementor-gallery-item elementor-animated-content\" href=\"https:\/\/stevegerrard.com\/wp-content\/uploads\/2023\/12\/Steve-Gerrard-Corporate-Event-Photography-19-e1705596259542.jpg\" data-elementor-open-lightbox=\"yes\" data-elementor-lightbox-slideshow=\"3c086ca\" data-e-action-hash=\"#elementor-action%3Aaction%3Dlightbox%26settings%3DeyJpZCI6NzE4NzIsInVybCI6Imh0dHBzOlwvXC9zdGV2ZWdlcnJhcmQuY29tXC93cC1jb250ZW50XC91cGxvYWRzXC8yMDIzXC8xMlwvU3RldmUtR2VycmFyZC1Db3Jwb3JhdGUtRXZlbnQtUGhvdG9ncmFwaHktMTktZTE3MDU1OTYyNTk1NDIuanBnIiwic2xpZGVzaG93IjoiM2MwODZjYSJ9\">\n\t\t\t\t\t<div class=\"e-gallery-image elementor-gallery-item__image\" data-thumbnail=\"https:\/\/stevegerrard.com\/wp-content\/uploads\/2023\/12\/Steve-Gerrard-Corporate-Event-Photography-19-e1705596259542-1536x893.jpg\" data-width=\"1536\" data-height=\"893\" aria-label=\"A group of men smiling for a photo.\" role=\"img\" ><\/div>\n\t\t\t\t\t\t\t\t\t\t\t\t\t\t<\/a>\n\t\t\t\t\t<\/div>\n\t\t\t\t\t<\/div>\n\t\t\t\t<\/div>\n\t\t\t\t<\/div>\n\t\t<div class=\"elementor-element elementor-element-f243554 e-flex e-con-boxed e-con e-parent\" data-id=\"f243554\" data-element_type=\"container\" data-e-type=\"container\" data-settings=\"{&quot;background_background&quot;:&quot;classic&quot;}\">\n\t\t\t\t\t<div class=\"e-con-inner\">\n\t\t<div class=\"elementor-element elementor-element-645bb81 e-con-full e-flex e-con e-child\" data-id=\"645bb81\" data-element_type=\"container\" data-e-type=\"container\">\n\t\t\t\t<div class=\"elementor-element elementor-element-f23396c elementor-widget elementor-widget-heading\" data-id=\"f23396c\" data-element_type=\"widget\" data-e-type=\"widget\" data-widget_type=\"heading.default\">\n\t\t\t\t<div class=\"elementor-widget-container\">\n\t\t\t\t\t<h2 class=\"elementor-heading-title elementor-size-default\">EXPERIENCE AND PORTFOLIO<\/h2>\t\t\t\t<\/div>\n\t\t\t\t<\/div>\n\t\t\t\t<\/div>\n\t\t<div class=\"elementor-element elementor-element-83d8e42 e-con-full e-flex e-con e-child\" data-id=\"83d8e42\" data-element_type=\"container\" data-e-type=\"container\">\n\t\t\t\t<div class=\"elementor-element elementor-element-5a8e2a5 elementor-widget elementor-widget-text-editor\" data-id=\"5a8e2a5\" data-element_type=\"widget\" data-e-type=\"widget\" data-widget_type=\"text-editor.default\">\n\t\t\t\t<div class=\"elementor-widget-container\">\n\t\t\t\t\t\t\t\t\t<p>When hiring a corporate event photographer, experience should be at the top of your list. Look for a photographer who specializes in corporate events and has a proven track record of delivering exceptional results. A seasoned photographer will have the skills and knowledge to handle various lighting conditions and capture the key moments of your event. Request to see their portfolio to get a sense of their style and ability to capture the atmosphere and energy of previous events they have covered. A diverse and impressive portfolio is a good indication that the photographer is capable of meeting your specific needs.<\/p>\t\t\t\t\t\t\t\t<\/div>\n\t\t\t\t<\/div>\n\t\t\t\t<\/div>\n\t\t\t\t\t<\/div>\n\t\t\t\t<\/div>\n\t\t<div class=\"elementor-element elementor-element-ce09b3b e-con-full e-flex e-con e-parent\" data-id=\"ce09b3b\" data-element_type=\"container\" data-e-type=\"container\" data-settings=\"{&quot;background_background&quot;:&quot;classic&quot;}\">\n\t\t\t\t<div class=\"elementor-element elementor-element-d230a50 elementor-widget elementor-widget-gallery\" data-id=\"d230a50\" data-element_type=\"widget\" data-e-type=\"widget\" data-settings=\"{&quot;columns_mobile&quot;:2,&quot;lazyload&quot;:&quot;yes&quot;,&quot;gallery_layout&quot;:&quot;grid&quot;,&quot;columns&quot;:4,&quot;columns_tablet&quot;:2,&quot;gap&quot;:{&quot;unit&quot;:&quot;px&quot;,&quot;size&quot;:10,&quot;sizes&quot;:[]},&quot;gap_tablet&quot;:{&quot;unit&quot;:&quot;px&quot;,&quot;size&quot;:10,&quot;sizes&quot;:[]},&quot;gap_mobile&quot;:{&quot;unit&quot;:&quot;px&quot;,&quot;size&quot;:10,&quot;sizes&quot;:[]},&quot;link_to&quot;:&quot;file&quot;,&quot;aspect_ratio&quot;:&quot;3:2&quot;,&quot;content_hover_animation&quot;:&quot;fade-in&quot;}\" data-widget_type=\"gallery.default\">\n\t\t\t\t<div class=\"elementor-widget-container\">\n\t\t\t\t\t\t\t<div class=\"elementor-gallery__container\">\n\t\t\t\t\t\t\t<a class=\"e-gallery-item elementor-gallery-item elementor-animated-content\" href=\"https:\/\/stevegerrard.com\/wp-content\/uploads\/2023\/12\/Steve-Gerrard-Corporate-Event-Photography-27.jpg\" data-elementor-open-lightbox=\"yes\" data-elementor-lightbox-slideshow=\"d230a50\" data-e-action-hash=\"#elementor-action%3Aaction%3Dlightbox%26settings%3DeyJpZCI6NzE4NTQsInVybCI6Imh0dHBzOlwvXC9zdGV2ZWdlcnJhcmQuY29tXC93cC1jb250ZW50XC91cGxvYWRzXC8yMDIzXC8xMlwvU3RldmUtR2VycmFyZC1Db3Jwb3JhdGUtRXZlbnQtUGhvdG9ncmFwaHktMjcuanBnIiwic2xpZGVzaG93IjoiZDIzMGE1MCJ9\">\n\t\t\t\t\t<div class=\"e-gallery-image elementor-gallery-item__image\" data-thumbnail=\"https:\/\/stevegerrard.com\/wp-content\/uploads\/2023\/12\/Steve-Gerrard-Corporate-Event-Photography-27-1536x1024.jpg\" data-width=\"1536\" data-height=\"1024\" aria-label=\"A festival event.\" role=\"img\" ><\/div>\n\t\t\t\t\t\t\t\t\t\t\t\t\t\t<\/a>\n\t\t\t\t\t\t\t<a class=\"e-gallery-item elementor-gallery-item elementor-animated-content\" href=\"https:\/\/stevegerrard.com\/wp-content\/uploads\/2023\/12\/Steve-Gerrard-Corporate-Event-Photography-26.jpg\" data-elementor-open-lightbox=\"yes\" data-elementor-lightbox-slideshow=\"d230a50\" data-e-action-hash=\"#elementor-action%3Aaction%3Dlightbox%26settings%3DeyJpZCI6NzE4NTMsInVybCI6Imh0dHBzOlwvXC9zdGV2ZWdlcnJhcmQuY29tXC93cC1jb250ZW50XC91cGxvYWRzXC8yMDIzXC8xMlwvU3RldmUtR2VycmFyZC1Db3Jwb3JhdGUtRXZlbnQtUGhvdG9ncmFwaHktMjYuanBnIiwic2xpZGVzaG93IjoiZDIzMGE1MCJ9\">\n\t\t\t\t\t<div class=\"e-gallery-image elementor-gallery-item__image\" data-thumbnail=\"https:\/\/stevegerrard.com\/wp-content\/uploads\/2023\/12\/Steve-Gerrard-Corporate-Event-Photography-26-1536x1024.jpg\" data-width=\"1536\" data-height=\"1024\" aria-label=\"An event.\" role=\"img\" ><\/div>\n\t\t\t\t\t\t\t\t\t\t\t\t\t\t<\/a>\n\t\t\t\t\t\t\t<a class=\"e-gallery-item elementor-gallery-item elementor-animated-content\" href=\"https:\/\/stevegerrard.com\/wp-content\/uploads\/2023\/12\/Steve-Gerrard-Corporate-Event-Photography-25.jpg\" data-elementor-open-lightbox=\"yes\" data-elementor-lightbox-slideshow=\"d230a50\" data-e-action-hash=\"#elementor-action%3Aaction%3Dlightbox%26settings%3DeyJpZCI6NzE4NTIsInVybCI6Imh0dHBzOlwvXC9zdGV2ZWdlcnJhcmQuY29tXC93cC1jb250ZW50XC91cGxvYWRzXC8yMDIzXC8xMlwvU3RldmUtR2VycmFyZC1Db3Jwb3JhdGUtRXZlbnQtUGhvdG9ncmFwaHktMjUuanBnIiwic2xpZGVzaG93IjoiZDIzMGE1MCJ9\">\n\t\t\t\t\t<div class=\"e-gallery-image elementor-gallery-item__image\" data-thumbnail=\"https:\/\/stevegerrard.com\/wp-content\/uploads\/2023\/12\/Steve-Gerrard-Corporate-Event-Photography-25-1536x1024.jpg\" data-width=\"1536\" data-height=\"1024\" aria-label=\"Four people wearing Shopify T Shirts at an event.\" role=\"img\" ><\/div>\n\t\t\t\t\t\t\t\t\t\t\t\t\t\t<\/a>\n\t\t\t\t\t\t\t<a class=\"e-gallery-item elementor-gallery-item elementor-animated-content\" href=\"https:\/\/stevegerrard.com\/wp-content\/uploads\/2023\/12\/Steve-Gerrard-Corporate-Event-Photography-50.jpg\" data-elementor-open-lightbox=\"yes\" data-elementor-lightbox-slideshow=\"d230a50\" data-e-action-hash=\"#elementor-action%3Aaction%3Dlightbox%26settings%3DeyJpZCI6NzE4NTEsInVybCI6Imh0dHBzOlwvXC9zdGV2ZWdlcnJhcmQuY29tXC93cC1jb250ZW50XC91cGxvYWRzXC8yMDIzXC8xMlwvU3RldmUtR2VycmFyZC1Db3Jwb3JhdGUtRXZlbnQtUGhvdG9ncmFwaHktNTAuanBnIiwic2xpZGVzaG93IjoiZDIzMGE1MCJ9\">\n\t\t\t\t\t<div class=\"e-gallery-image elementor-gallery-item__image\" data-thumbnail=\"https:\/\/stevegerrard.com\/wp-content\/uploads\/2023\/12\/Steve-Gerrard-Corporate-Event-Photography-50-1536x1024.jpg\" data-width=\"1536\" data-height=\"1024\" aria-label=\"Three plates of food.\" role=\"img\" ><\/div>\n\t\t\t\t\t\t\t\t\t\t\t\t\t\t<\/a>\n\t\t\t\t\t<\/div>\n\t\t\t\t\t<\/div>\n\t\t\t\t<\/div>\n\t\t\t\t<\/div>\n\t\t<div class=\"elementor-element elementor-element-46e536d e-flex e-con-boxed e-con e-parent\" data-id=\"46e536d\" data-element_type=\"container\" data-e-type=\"container\" data-settings=\"{&quot;background_background&quot;:&quot;classic&quot;}\">\n\t\t\t\t\t<div class=\"e-con-inner\">\n\t\t<div class=\"elementor-element elementor-element-df13ba4 e-con-full e-flex e-con e-child\" data-id=\"df13ba4\" data-element_type=\"container\" data-e-type=\"container\">\n\t\t\t\t<div class=\"elementor-element elementor-element-4f8b31a elementor-widget elementor-widget-heading\" data-id=\"4f8b31a\" data-element_type=\"widget\" data-e-type=\"widget\" data-widget_type=\"heading.default\">\n\t\t\t\t<div class=\"elementor-widget-container\">\n\t\t\t\t\t<h2 class=\"elementor-heading-title elementor-size-default\">PROFESSIONALISM AND COMMUNICATION<\/h2>\t\t\t\t<\/div>\n\t\t\t\t<\/div>\n\t\t\t\t<\/div>\n\t\t<div class=\"elementor-element elementor-element-50c2358 e-con-full e-flex e-con e-child\" data-id=\"50c2358\" data-element_type=\"container\" data-e-type=\"container\">\n\t\t\t\t<div class=\"elementor-element elementor-element-f1886dd elementor-widget elementor-widget-text-editor\" data-id=\"f1886dd\" data-element_type=\"widget\" data-e-type=\"widget\" data-widget_type=\"text-editor.default\">\n\t\t\t\t<div class=\"elementor-widget-container\">\n\t\t\t\t\t\t\t\t\t<p>Corporate events require a level of professionalism and attention to detail that extends beyond just taking photographs. The photographer you choose should be punctual, well-prepared, and dressed appropriately for the occasion. They should also be able to communicate effectively with you and your team, understanding your vision and any specific requirements you may have. A professional photographer will ask the right questions to ensure they capture the essence of your event and deliver images that align with your brand and objectives. Clear and open communication will help avoid any misunderstandings and ensure a smooth and successful collaboration.<\/p>\t\t\t\t\t\t\t\t<\/div>\n\t\t\t\t<\/div>\n\t\t\t\t<\/div>\n\t\t\t\t\t<\/div>\n\t\t\t\t<\/div>\n\t\t<div class=\"elementor-element elementor-element-380d591 e-con-full e-flex e-con e-parent\" data-id=\"380d591\" data-element_type=\"container\" data-e-type=\"container\" data-settings=\"{&quot;background_background&quot;:&quot;classic&quot;}\">\n\t\t\t\t<div class=\"elementor-element elementor-element-45b128f elementor-widget elementor-widget-gallery\" data-id=\"45b128f\" data-element_type=\"widget\" data-e-type=\"widget\" data-settings=\"{&quot;columns_mobile&quot;:2,&quot;lazyload&quot;:&quot;yes&quot;,&quot;gallery_layout&quot;:&quot;grid&quot;,&quot;columns&quot;:4,&quot;columns_tablet&quot;:2,&quot;gap&quot;:{&quot;unit&quot;:&quot;px&quot;,&quot;size&quot;:10,&quot;sizes&quot;:[]},&quot;gap_tablet&quot;:{&quot;unit&quot;:&quot;px&quot;,&quot;size&quot;:10,&quot;sizes&quot;:[]},&quot;gap_mobile&quot;:{&quot;unit&quot;:&quot;px&quot;,&quot;size&quot;:10,&quot;sizes&quot;:[]},&quot;link_to&quot;:&quot;file&quot;,&quot;aspect_ratio&quot;:&quot;3:2&quot;,&quot;content_hover_animation&quot;:&quot;fade-in&quot;}\" data-widget_type=\"gallery.default\">\n\t\t\t\t<div class=\"elementor-widget-container\">\n\t\t\t\t\t\t\t<div class=\"elementor-gallery__container\">\n\t\t\t\t\t\t\t<a class=\"e-gallery-item elementor-gallery-item elementor-animated-content\" href=\"https:\/\/stevegerrard.com\/wp-content\/uploads\/2023\/12\/Steve-Gerrard-Corporate-Event-Photography-48.jpg\" data-elementor-open-lightbox=\"yes\" data-elementor-lightbox-slideshow=\"45b128f\" data-e-action-hash=\"#elementor-action%3Aaction%3Dlightbox%26settings%3DeyJpZCI6NzE4NTAsInVybCI6Imh0dHBzOlwvXC9zdGV2ZWdlcnJhcmQuY29tXC93cC1jb250ZW50XC91cGxvYWRzXC8yMDIzXC8xMlwvU3RldmUtR2VycmFyZC1Db3Jwb3JhdGUtRXZlbnQtUGhvdG9ncmFwaHktNDguanBnIiwic2xpZGVzaG93IjoiNDViMTI4ZiJ9\">\n\t\t\t\t\t<div class=\"e-gallery-image elementor-gallery-item__image\" data-thumbnail=\"https:\/\/stevegerrard.com\/wp-content\/uploads\/2023\/12\/Steve-Gerrard-Corporate-Event-Photography-48-1536x1024.jpg\" data-width=\"1536\" data-height=\"1024\" aria-label=\"A man listening to a speak in the crowd.\" role=\"img\" ><\/div>\n\t\t\t\t\t\t\t\t\t\t\t\t\t\t<\/a>\n\t\t\t\t\t\t\t<a class=\"e-gallery-item elementor-gallery-item elementor-animated-content\" href=\"https:\/\/stevegerrard.com\/wp-content\/uploads\/2023\/12\/Steve-Gerrard-Corporate-Event-Photography-47.jpg\" data-elementor-open-lightbox=\"yes\" data-elementor-lightbox-slideshow=\"45b128f\" data-e-action-hash=\"#elementor-action%3Aaction%3Dlightbox%26settings%3DeyJpZCI6NzE4NDksInVybCI6Imh0dHBzOlwvXC9zdGV2ZWdlcnJhcmQuY29tXC93cC1jb250ZW50XC91cGxvYWRzXC8yMDIzXC8xMlwvU3RldmUtR2VycmFyZC1Db3Jwb3JhdGUtRXZlbnQtUGhvdG9ncmFwaHktNDcuanBnIiwic2xpZGVzaG93IjoiNDViMTI4ZiJ9\">\n\t\t\t\t\t<div class=\"e-gallery-image elementor-gallery-item__image\" data-thumbnail=\"https:\/\/stevegerrard.com\/wp-content\/uploads\/2023\/12\/Steve-Gerrard-Corporate-Event-Photography-47-1536x1024.jpg\" data-width=\"1536\" data-height=\"1024\" aria-label=\"A waitress handing out canap\u00e9&#039;s at an event.\" role=\"img\" ><\/div>\n\t\t\t\t\t\t\t\t\t\t\t\t\t\t<\/a>\n\t\t\t\t\t\t\t<a class=\"e-gallery-item elementor-gallery-item elementor-animated-content\" href=\"https:\/\/stevegerrard.com\/wp-content\/uploads\/2023\/12\/Steve-Gerrard-Corporate-Event-Photography-46.jpg\" data-elementor-open-lightbox=\"yes\" data-elementor-lightbox-slideshow=\"45b128f\" data-e-action-hash=\"#elementor-action%3Aaction%3Dlightbox%26settings%3DeyJpZCI6NzE4NDgsInVybCI6Imh0dHBzOlwvXC9zdGV2ZWdlcnJhcmQuY29tXC93cC1jb250ZW50XC91cGxvYWRzXC8yMDIzXC8xMlwvU3RldmUtR2VycmFyZC1Db3Jwb3JhdGUtRXZlbnQtUGhvdG9ncmFwaHktNDYuanBnIiwic2xpZGVzaG93IjoiNDViMTI4ZiJ9\">\n\t\t\t\t\t<div class=\"e-gallery-image elementor-gallery-item__image\" data-thumbnail=\"https:\/\/stevegerrard.com\/wp-content\/uploads\/2023\/12\/Steve-Gerrard-Corporate-Event-Photography-46-1536x1024.jpg\" data-width=\"1536\" data-height=\"1024\" aria-label=\"People attending an event.\" role=\"img\" ><\/div>\n\t\t\t\t\t\t\t\t\t\t\t\t\t\t<\/a>\n\t\t\t\t\t\t\t<a class=\"e-gallery-item elementor-gallery-item elementor-animated-content\" href=\"https:\/\/stevegerrard.com\/wp-content\/uploads\/2023\/12\/Steve-Gerrard-Corporate-Event-Photography-45.jpg\" data-elementor-open-lightbox=\"yes\" data-elementor-lightbox-slideshow=\"45b128f\" data-e-action-hash=\"#elementor-action%3Aaction%3Dlightbox%26settings%3DeyJpZCI6NzE4NDcsInVybCI6Imh0dHBzOlwvXC9zdGV2ZWdlcnJhcmQuY29tXC93cC1jb250ZW50XC91cGxvYWRzXC8yMDIzXC8xMlwvU3RldmUtR2VycmFyZC1Db3Jwb3JhdGUtRXZlbnQtUGhvdG9ncmFwaHktNDUuanBnIiwic2xpZGVzaG93IjoiNDViMTI4ZiJ9\">\n\t\t\t\t\t<div class=\"e-gallery-image elementor-gallery-item__image\" data-thumbnail=\"https:\/\/stevegerrard.com\/wp-content\/uploads\/2023\/12\/Steve-Gerrard-Corporate-Event-Photography-45-1536x1024.jpg\" data-width=\"1536\" data-height=\"1024\" aria-label=\"A woman speaking in the crowd at event.\" role=\"img\" ><\/div>\n\t\t\t\t\t\t\t\t\t\t\t\t\t\t<\/a>\n\t\t\t\t\t<\/div>\n\t\t\t\t\t<\/div>\n\t\t\t\t<\/div>\n\t\t\t\t<\/div>\n\t\t<div class=\"elementor-element elementor-element-b331746 e-flex e-con-boxed e-con e-parent\" data-id=\"b331746\" data-element_type=\"container\" data-e-type=\"container\" data-settings=\"{&quot;background_background&quot;:&quot;classic&quot;}\">\n\t\t\t\t\t<div class=\"e-con-inner\">\n\t\t<div class=\"elementor-element elementor-element-c5efde6 e-con-full e-flex e-con e-child\" data-id=\"c5efde6\" data-element_type=\"container\" data-e-type=\"container\">\n\t\t\t\t<div class=\"elementor-element elementor-element-791db21 elementor-widget elementor-widget-heading\" data-id=\"791db21\" data-element_type=\"widget\" data-e-type=\"widget\" data-widget_type=\"heading.default\">\n\t\t\t\t<div class=\"elementor-widget-container\">\n\t\t\t\t\t<h2 class=\"elementor-heading-title elementor-size-default\">EQUIPMENT AND BACKUP PLAN<\/h2>\t\t\t\t<\/div>\n\t\t\t\t<\/div>\n\t\t\t\t<\/div>\n\t\t<div class=\"elementor-element elementor-element-d46c84d e-con-full e-flex e-con e-child\" data-id=\"d46c84d\" data-element_type=\"container\" data-e-type=\"container\">\n\t\t\t\t<div class=\"elementor-element elementor-element-6161359 elementor-widget elementor-widget-text-editor\" data-id=\"6161359\" data-element_type=\"widget\" data-e-type=\"widget\" data-widget_type=\"text-editor.default\">\n\t\t\t\t<div class=\"elementor-widget-container\">\n\t\t\t\t\t\t\t\t\t<p>The quality of the equipment used by a photographer can significantly impact the outcome of your event photographs. I have high-quality camera gear, lighting equipment and lenses suitable for capturing both candid moments and posed group shots. A responsible photographer should will have backup equipment and a contingency plan to ensure that no important moments are missed. Knowing that your photographer is well-prepared will give you peace of mind and allow you to focus on the event itself.<\/p><p>Choosing the right corporate event photographer is essential to capturing the essence of your event and creating lasting memories. By considering factors such as experience, professionalism, and equipment, you can make an informed decision that aligns with your event\u2019s objectives. With the right photographer by your side, you can rest assured that your event will be documented in a way that reflects its true essence and leaves a lasting impression on attendees and stakeholders.<\/p>\t\t\t\t\t\t\t\t<\/div>\n\t\t\t\t<\/div>\n\t\t\t\t<\/div>\n\t\t\t\t\t<\/div>\n\t\t\t\t<\/div>\n\t\t<div class=\"elementor-element elementor-element-aea308c e-con-full e-flex e-con e-parent\" data-id=\"aea308c\" data-element_type=\"container\" data-e-type=\"container\" data-settings=\"{&quot;background_background&quot;:&quot;classic&quot;}\">\n\t\t\t\t<div class=\"elementor-element elementor-element-441472b elementor-widget elementor-widget-gallery\" data-id=\"441472b\" data-element_type=\"widget\" data-e-type=\"widget\" data-settings=\"{&quot;columns_mobile&quot;:2,&quot;lazyload&quot;:&quot;yes&quot;,&quot;gallery_layout&quot;:&quot;grid&quot;,&quot;columns&quot;:4,&quot;columns_tablet&quot;:2,&quot;gap&quot;:{&quot;unit&quot;:&quot;px&quot;,&quot;size&quot;:10,&quot;sizes&quot;:[]},&quot;gap_tablet&quot;:{&quot;unit&quot;:&quot;px&quot;,&quot;size&quot;:10,&quot;sizes&quot;:[]},&quot;gap_mobile&quot;:{&quot;unit&quot;:&quot;px&quot;,&quot;size&quot;:10,&quot;sizes&quot;:[]},&quot;link_to&quot;:&quot;file&quot;,&quot;aspect_ratio&quot;:&quot;3:2&quot;,&quot;content_hover_animation&quot;:&quot;fade-in&quot;}\" data-widget_type=\"gallery.default\">\n\t\t\t\t<div class=\"elementor-widget-container\">\n\t\t\t\t\t\t\t<div class=\"elementor-gallery__container\">\n\t\t\t\t\t\t\t<a class=\"e-gallery-item elementor-gallery-item elementor-animated-content\" href=\"https:\/\/stevegerrard.com\/wp-content\/uploads\/2023\/12\/Steve-Gerrard-Corporate-Event-Photography-44.jpg\" data-elementor-open-lightbox=\"yes\" data-elementor-lightbox-slideshow=\"441472b\" data-e-action-hash=\"#elementor-action%3Aaction%3Dlightbox%26settings%3DeyJpZCI6NzE4NDYsInVybCI6Imh0dHBzOlwvXC9zdGV2ZWdlcnJhcmQuY29tXC93cC1jb250ZW50XC91cGxvYWRzXC8yMDIzXC8xMlwvU3RldmUtR2VycmFyZC1Db3Jwb3JhdGUtRXZlbnQtUGhvdG9ncmFwaHktNDQuanBnIiwic2xpZGVzaG93IjoiNDQxNDcyYiJ9\">\n\t\t\t\t\t<div class=\"e-gallery-image elementor-gallery-item__image\" data-thumbnail=\"https:\/\/stevegerrard.com\/wp-content\/uploads\/2023\/12\/Steve-Gerrard-Corporate-Event-Photography-44-1536x1024.jpg\" data-width=\"1536\" data-height=\"1024\" aria-label=\"A panel of people watching a man speak.\" role=\"img\" ><\/div>\n\t\t\t\t\t\t\t\t\t\t\t\t\t\t<\/a>\n\t\t\t\t\t\t\t<a class=\"e-gallery-item elementor-gallery-item elementor-animated-content\" href=\"https:\/\/stevegerrard.com\/wp-content\/uploads\/2023\/12\/Steve-Gerrard-Corporate-Event-Photography-43.jpg\" data-elementor-open-lightbox=\"yes\" data-elementor-lightbox-slideshow=\"441472b\" data-e-action-hash=\"#elementor-action%3Aaction%3Dlightbox%26settings%3DeyJpZCI6NzE4NDUsInVybCI6Imh0dHBzOlwvXC9zdGV2ZWdlcnJhcmQuY29tXC93cC1jb250ZW50XC91cGxvYWRzXC8yMDIzXC8xMlwvU3RldmUtR2VycmFyZC1Db3Jwb3JhdGUtRXZlbnQtUGhvdG9ncmFwaHktNDMuanBnIiwic2xpZGVzaG93IjoiNDQxNDcyYiJ9\">\n\t\t\t\t\t<div class=\"e-gallery-image elementor-gallery-item__image\" data-thumbnail=\"https:\/\/stevegerrard.com\/wp-content\/uploads\/2023\/12\/Steve-Gerrard-Corporate-Event-Photography-43-1536x1024.jpg\" data-width=\"1536\" data-height=\"1024\" aria-label=\"A buffet of biscuits.\" role=\"img\" ><\/div>\n\t\t\t\t\t\t\t\t\t\t\t\t\t\t<\/a>\n\t\t\t\t\t\t\t<a class=\"e-gallery-item elementor-gallery-item elementor-animated-content\" href=\"https:\/\/stevegerrard.com\/wp-content\/uploads\/2023\/12\/Steve-Gerrard-Corporate-Event-Photography-42.jpg\" data-elementor-open-lightbox=\"yes\" data-elementor-lightbox-slideshow=\"441472b\" data-e-action-hash=\"#elementor-action%3Aaction%3Dlightbox%26settings%3DeyJpZCI6NzE4NDQsInVybCI6Imh0dHBzOlwvXC9zdGV2ZWdlcnJhcmQuY29tXC93cC1jb250ZW50XC91cGxvYWRzXC8yMDIzXC8xMlwvU3RldmUtR2VycmFyZC1Db3Jwb3JhdGUtRXZlbnQtUGhvdG9ncmFwaHktNDIuanBnIiwic2xpZGVzaG93IjoiNDQxNDcyYiJ9\">\n\t\t\t\t\t<div class=\"e-gallery-image elementor-gallery-item__image\" data-thumbnail=\"https:\/\/stevegerrard.com\/wp-content\/uploads\/2023\/12\/Steve-Gerrard-Corporate-Event-Photography-42-1536x1024.jpg\" data-width=\"1536\" data-height=\"1024\" aria-label=\"Three men posing with an award.\" role=\"img\" ><\/div>\n\t\t\t\t\t\t\t\t\t\t\t\t\t\t<\/a>\n\t\t\t\t\t\t\t<a class=\"e-gallery-item elementor-gallery-item elementor-animated-content\" href=\"https:\/\/stevegerrard.com\/wp-content\/uploads\/2023\/12\/Steve-Gerrard-Corporate-Event-Photography-41.jpg\" data-elementor-open-lightbox=\"yes\" data-elementor-lightbox-slideshow=\"441472b\" data-e-action-hash=\"#elementor-action%3Aaction%3Dlightbox%26settings%3DeyJpZCI6NzE4NDMsInVybCI6Imh0dHBzOlwvXC9zdGV2ZWdlcnJhcmQuY29tXC93cC1jb250ZW50XC91cGxvYWRzXC8yMDIzXC8xMlwvU3RldmUtR2VycmFyZC1Db3Jwb3JhdGUtRXZlbnQtUGhvdG9ncmFwaHktNDEuanBnIiwic2xpZGVzaG93IjoiNDQxNDcyYiJ9\">\n\t\t\t\t\t<div class=\"e-gallery-image elementor-gallery-item__image\" data-thumbnail=\"https:\/\/stevegerrard.com\/wp-content\/uploads\/2023\/12\/Steve-Gerrard-Corporate-Event-Photography-41-1536x1024.jpg\" data-width=\"1536\" data-height=\"1024\" aria-label=\"A public speaker.\" role=\"img\" ><\/div>\n\t\t\t\t\t\t\t\t\t\t\t\t\t\t<\/a>\n\t\t\t\t\t<\/div>\n\t\t\t\t\t<\/div>\n\t\t\t\t<\/div>\n\t\t\t\t<\/div>\n\t\t<div class=\"elementor-element elementor-element-230a5a1 e-flex e-con-boxed e-con e-parent\" data-id=\"230a5a1\" data-element_type=\"container\" data-e-type=\"container\" data-settings=\"{&quot;background_background&quot;:&quot;classic&quot;}\">\n\t\t\t\t\t<div class=\"e-con-inner\">\n\t\t<div class=\"elementor-element elementor-element-28207ad e-con-full e-flex e-con e-child\" data-id=\"28207ad\" data-element_type=\"container\" data-e-type=\"container\">\n\t\t\t\t<div class=\"elementor-element elementor-element-1432d83 elementor-widget elementor-widget-heading\" data-id=\"1432d83\" data-element_type=\"widget\" data-e-type=\"widget\" data-widget_type=\"heading.default\">\n\t\t\t\t<div class=\"elementor-widget-container\">\n\t\t\t\t\t<h2 class=\"elementor-heading-title elementor-size-default\">CAN CORPORATE EVENT PHOTOS BE USED FOR MARKETING?<\/h2>\t\t\t\t<\/div>\n\t\t\t\t<\/div>\n\t\t\t\t<\/div>\n\t\t<div class=\"elementor-element elementor-element-bee9290 e-con-full e-flex e-con e-child\" data-id=\"bee9290\" data-element_type=\"container\" data-e-type=\"container\">\n\t\t\t\t<div class=\"elementor-element elementor-element-708a37b elementor-widget elementor-widget-text-editor\" data-id=\"708a37b\" data-element_type=\"widget\" data-e-type=\"widget\" data-widget_type=\"text-editor.default\">\n\t\t\t\t<div class=\"elementor-widget-container\">\n\t\t\t\t\t\t\t\t\t<p>Corporate event photos can indeed be used for marketing purposes. These photos capture important business milestones and showcase the company\u2019s achievements and successes. They can be powerful marketing tools that help build brand reputation and attract potential clients or customers.<\/p><p>One way corporate event photos can be used for marketing is through social media platforms. Companies can share these photos on their social media accounts, along with engaging captions that highlight key moments or accomplishments. This not only creates brand awareness but also allows the company to connect with its audience on a more personal level.<\/p><p>In addition, corporate event photos can be featured on the company\u2019s website or included in marketing materials such as brochures or newsletters. These photos add visual interest and credibility to the content, making it more appealing to potential clients or investors.<\/p><p>Furthermore, corporate event photos can be used in press releases or media kits. When announcing a new product, partnership, or milestone, including relevant event photos can enhance the storytelling and generate media coverage.<\/p><p>Overall, corporate event photos have the potential to leave a lasting impression on clients, investors, and the general public. By utilizing these photos effectively in marketing strategies, companies can leverage their event successes to build brand recognition and drive business growth.<\/p><p>Corporate event photography is more than just taking pictures; it\u2019s about capturing the essence of your brand\u2019s most pivotal moments. It\u2019s an art form that requires skill, creativity, and an understanding of the corporate world. As the industry continues to evolve, staying abreast of trends and advancements will ensure your corporate events are captured beautifully, telling the story of your brand in every frame.<\/p><p>For bespoke pricing or to secure a date for your event, please get in touch.<\/p>\t\t\t\t\t\t\t\t<\/div>\n\t\t\t\t<\/div>\n\t\t\t\t<div class=\"elementor-element elementor-element-8a9e6ca elementor-tablet-align-left elementor-mobile-align-justify elementor-widget elementor-widget-button\" data-id=\"8a9e6ca\" data-element_type=\"widget\" data-e-type=\"widget\" data-widget_type=\"button.default\">\n\t\t\t\t<div class=\"elementor-widget-container\">\n\t\t\t\t\t\t\t\t\t<div class=\"elementor-button-wrapper\">\n\t\t\t\t\t<a class=\"elementor-button elementor-button-link elementor-size-md elementor-animation-grow\" href=\"#contact\">\n\t\t\t\t\t\t<span class=\"elementor-button-content-wrapper\">\n\t\t\t\t\t\t\t\t\t<span class=\"elementor-button-text\">Let's talk<\/span>\n\t\t\t\t\t<\/span>\n\t\t\t\t\t<\/a>\n\t\t\t\t<\/div>\n\t\t\t\t\t\t\t\t<\/div>\n\t\t\t\t<\/div>\n\t\t\t\t<\/div>\n\t\t\t\t\t<\/div>\n\t\t\t\t<\/div>\n\t\t<div class=\"elementor-element elementor-element-2dbd0fe e-con-full e-flex e-con e-parent\" data-id=\"2dbd0fe\" data-element_type=\"container\" data-e-type=\"container\" data-settings=\"{&quot;background_background&quot;:&quot;classic&quot;}\">\n\t\t\t\t<div class=\"elementor-element elementor-element-83b3844 elementor-widget elementor-widget-gallery\" data-id=\"83b3844\" data-element_type=\"widget\" data-e-type=\"widget\" data-settings=\"{&quot;columns&quot;:2,&quot;columns_mobile&quot;:2,&quot;lazyload&quot;:&quot;yes&quot;,&quot;gallery_layout&quot;:&quot;grid&quot;,&quot;columns_tablet&quot;:2,&quot;gap&quot;:{&quot;unit&quot;:&quot;px&quot;,&quot;size&quot;:10,&quot;sizes&quot;:[]},&quot;gap_tablet&quot;:{&quot;unit&quot;:&quot;px&quot;,&quot;size&quot;:10,&quot;sizes&quot;:[]},&quot;gap_mobile&quot;:{&quot;unit&quot;:&quot;px&quot;,&quot;size&quot;:10,&quot;sizes&quot;:[]},&quot;link_to&quot;:&quot;file&quot;,&quot;aspect_ratio&quot;:&quot;3:2&quot;,&quot;content_hover_animation&quot;:&quot;fade-in&quot;}\" data-widget_type=\"gallery.default\">\n\t\t\t\t<div class=\"elementor-widget-container\">\n\t\t\t\t\t\t\t<div class=\"elementor-gallery__container\">\n\t\t\t\t\t\t\t<a class=\"e-gallery-item elementor-gallery-item elementor-animated-content\" href=\"https:\/\/stevegerrard.com\/wp-content\/uploads\/2023\/12\/Steve-Gerrard-Corporate-Event-Photography-40.jpg\" data-elementor-open-lightbox=\"yes\" data-elementor-lightbox-slideshow=\"83b3844\" data-e-action-hash=\"#elementor-action%3Aaction%3Dlightbox%26settings%3DeyJpZCI6NzE4NDIsInVybCI6Imh0dHBzOlwvXC9zdGV2ZWdlcnJhcmQuY29tXC93cC1jb250ZW50XC91cGxvYWRzXC8yMDIzXC8xMlwvU3RldmUtR2VycmFyZC1Db3Jwb3JhdGUtRXZlbnQtUGhvdG9ncmFwaHktNDAuanBnIiwic2xpZGVzaG93IjoiODNiMzg0NCJ9\">\n\t\t\t\t\t<div class=\"e-gallery-image elementor-gallery-item__image\" data-thumbnail=\"https:\/\/stevegerrard.com\/wp-content\/uploads\/2023\/12\/Steve-Gerrard-Corporate-Event-Photography-40-1536x1024.jpg\" data-width=\"1536\" data-height=\"1024\" aria-label=\"A man speaking at an event.\" role=\"img\" ><\/div>\n\t\t\t\t\t\t\t\t\t\t\t\t\t\t<\/a>\n\t\t\t\t\t\t\t<a class=\"e-gallery-item elementor-gallery-item elementor-animated-content\" href=\"https:\/\/stevegerrard.com\/wp-content\/uploads\/2023\/12\/Steve-Gerrard-Corporate-Event-Photography-39-e1737137857695.jpg\" data-elementor-open-lightbox=\"yes\" data-elementor-lightbox-slideshow=\"83b3844\" data-e-action-hash=\"#elementor-action%3Aaction%3Dlightbox%26settings%3DeyJpZCI6NzE4NDEsInVybCI6Imh0dHBzOlwvXC9zdGV2ZWdlcnJhcmQuY29tXC93cC1jb250ZW50XC91cGxvYWRzXC8yMDIzXC8xMlwvU3RldmUtR2VycmFyZC1Db3Jwb3JhdGUtRXZlbnQtUGhvdG9ncmFwaHktMzktZTE3MzcxMzc4NTc2OTUuanBnIiwic2xpZGVzaG93IjoiODNiMzg0NCJ9\">\n\t\t\t\t\t<div class=\"e-gallery-image elementor-gallery-item__image\" data-thumbnail=\"https:\/\/stevegerrard.com\/wp-content\/uploads\/2023\/12\/Steve-Gerrard-Corporate-Event-Photography-39-e1737137857695-1536x857.jpg\" data-width=\"1536\" data-height=\"857\" aria-label=\"A panel of speakers.\" role=\"img\" ><\/div>\n\t\t\t\t\t\t\t\t\t\t\t\t\t\t<\/a>\n\t\t\t\t\t<\/div>\n\t\t\t\t\t<\/div>\n\t\t\t\t<\/div>\n\t\t\t\t<\/div>\n\t\t\t\t<\/div>\n\t\t","protected":false},"excerpt":{"rendered":"<p>[vc_row][vc_column][vc_column_text] Portraits \u00e9ditoriaux [\/vc_column_text][\/vc_column][\/vc_row][vc_row][vc_column][vc_column_text][fat_gallery data_source=\u00a0\u00bblist_id\u00a0\u00bb gallery_ids=\u00a0\u00bb28504&Prime;][\/vc_column_text][\/vc_column][\/vc_row][vc_row][vc_column][vc_column_text]Je suis britannique, vivant juste \u00e0 l\u2019ext\u00e9rieur de Montr\u00e9al depuis 2014. Je suis \u00e9galement un photographe de portrait prim\u00e9 avec un c\u00f4t\u00e9 cin\u00e9matographique \u00e0 ma photographie de portrait \u00e9ditoriale. Mon travail est apparu dans des magazines aussi divers que Rolling Stone, Metal Hammer et Professional Photographer et j\u2019ai \u00e9t\u00e9 photographe [&hellip;]<\/p>\n","protected":false},"author":2,"featured_media":53689,"parent":69819,"menu_order":1,"comment_status":"closed","ping_status":"closed","template":"elementor_header_footer","meta":{"_acf_changed":false,"footnotes":""},"class_list":["post-69825","page","type-page","status-publish","has-post-thumbnail","hentry"],"acf":[],"yoast_head":"<!-- This site is optimized with the Yoast SEO Premium plugin v27.4 (Yoast SEO v27.5) - https:\/\/yoast.com\/product\/yoast-seo-premium-wordpress\/ -->\n<title>Photographe de portrait \u00e9ditorial, Montr\u00e9al | Steve Gerrard Photography<\/title>\n<meta name=\"description\" content=\"Je suis un photographe portraitiste prim\u00e9 bas\u00e9 \u00e0 Montr\u00e9al, au Canada, sp\u00e9cialis\u00e9 dans les portraits \u00e9ditoriaux, commerciaux, de t\u00eate et musicaux.\" \/>\n<meta name=\"robots\" content=\"index, follow, max-snippet:-1, max-image-preview:large, max-video-preview:-1\" \/>\n<link rel=\"canonical\" href=\"https:\/\/stevegerrard.com\/fr\/photographie-de-portrait\/portraits-editoriaux\/\" \/>\n<meta property=\"og:locale\" content=\"fr_FR\" \/>\n<meta property=\"og:type\" content=\"article\" \/>\n<meta property=\"og:title\" content=\"\u00c9v\u00e9nements d&#039;entreprise\" \/>\n<meta property=\"og:description\" content=\"Je suis un photographe portraitiste prim\u00e9 bas\u00e9 \u00e0 Montr\u00e9al, au Canada, sp\u00e9cialis\u00e9 dans les portraits \u00e9ditoriaux, commerciaux, de t\u00eate et musicaux.\" \/>\n<meta property=\"og:url\" content=\"https:\/\/stevegerrard.com\/fr\/photographie-de-portrait\/portraits-editoriaux\/\" \/>\n<meta property=\"og:site_name\" content=\"Steve Gerrard Photography\" \/>\n<meta property=\"article:publisher\" content=\"https:\/\/www.facebook.com\/stevegerrardphotography\" \/>\n<meta property=\"article:modified_time\" content=\"2023-12-22T13:54:23+00:00\" \/>\n<meta property=\"og:image\" content=\"https:\/\/stevegerrard.com\/wp-content\/uploads\/2017\/05\/Bryn-1.jpg\" \/>\n<meta name=\"twitter:card\" content=\"summary_large_image\" \/>\n<meta name=\"twitter:site\" content=\"@stevegerrard\" \/>\n<meta name=\"twitter:label1\" content=\"Dur\u00e9e de lecture estim\u00e9e\" \/>\n\t<meta name=\"twitter:data1\" content=\"2 minutes\" \/>\n<script type=\"application\/ld+json\" class=\"yoast-schema-graph\">{\"@context\":\"https:\\\/\\\/schema.org\",\"@graph\":[{\"@type\":\"WebPage\",\"@id\":\"https:\\\/\\\/stevegerrard.com\\\/fr\\\/photographie-de-portrait\\\/portraits-editoriaux\\\/\",\"url\":\"https:\\\/\\\/stevegerrard.com\\\/fr\\\/photographie-de-portrait\\\/portraits-editoriaux\\\/\",\"name\":\"Photographe de portrait \u00e9ditorial, Montr\u00e9al | Steve Gerrard Photography\",\"isPartOf\":{\"@id\":\"https:\\\/\\\/stevegerrard.com\\\/fr\\\/#website\"},\"primaryImageOfPage\":{\"@id\":\"https:\\\/\\\/stevegerrard.com\\\/fr\\\/photographie-de-portrait\\\/portraits-editoriaux\\\/#primaryimage\"},\"image\":{\"@id\":\"https:\\\/\\\/stevegerrard.com\\\/fr\\\/photographie-de-portrait\\\/portraits-editoriaux\\\/#primaryimage\"},\"thumbnailUrl\":\"https:\\\/\\\/stevegerrard.com\\\/wp-content\\\/uploads\\\/2017\\\/05\\\/Bryn-1.jpg\",\"datePublished\":\"2017-03-10T19:57:17+00:00\",\"dateModified\":\"2023-12-22T13:54:23+00:00\",\"description\":\"Je suis un photographe portraitiste prim\u00e9 bas\u00e9 \u00e0 Montr\u00e9al, au Canada, sp\u00e9cialis\u00e9 dans les portraits \u00e9ditoriaux, commerciaux, de t\u00eate et musicaux.\",\"breadcrumb\":{\"@id\":\"https:\\\/\\\/stevegerrard.com\\\/fr\\\/photographie-de-portrait\\\/portraits-editoriaux\\\/#breadcrumb\"},\"inLanguage\":\"fr-FR\",\"potentialAction\":[{\"@type\":\"ReadAction\",\"target\":[\"https:\\\/\\\/stevegerrard.com\\\/fr\\\/photographie-de-portrait\\\/portraits-editoriaux\\\/\"]}]},{\"@type\":\"ImageObject\",\"inLanguage\":\"fr-FR\",\"@id\":\"https:\\\/\\\/stevegerrard.com\\\/fr\\\/photographie-de-portrait\\\/portraits-editoriaux\\\/#primaryimage\",\"url\":\"https:\\\/\\\/stevegerrard.com\\\/wp-content\\\/uploads\\\/2017\\\/05\\\/Bryn-1.jpg\",\"contentUrl\":\"https:\\\/\\\/stevegerrard.com\\\/wp-content\\\/uploads\\\/2017\\\/05\\\/Bryn-1.jpg\",\"width\":1400,\"height\":933},{\"@type\":\"BreadcrumbList\",\"@id\":\"https:\\\/\\\/stevegerrard.com\\\/fr\\\/photographie-de-portrait\\\/portraits-editoriaux\\\/#breadcrumb\",\"itemListElement\":[{\"@type\":\"ListItem\",\"position\":1,\"name\":\"Home\",\"item\":\"https:\\\/\\\/stevegerrard.com\\\/fr\\\/\"},{\"@type\":\"ListItem\",\"position\":2,\"name\":\"Photographie de portrait\",\"item\":\"https:\\\/\\\/stevegerrard.com\\\/fr\\\/portrait-photography\\\/\"},{\"@type\":\"ListItem\",\"position\":3,\"name\":\"\u00c9v\u00e9nements d&rsquo;entreprise\"}]},{\"@type\":\"WebSite\",\"@id\":\"https:\\\/\\\/stevegerrard.com\\\/fr\\\/#website\",\"url\":\"https:\\\/\\\/stevegerrard.com\\\/fr\\\/\",\"name\":\"Steve Gerrard Photography\",\"description\":\"Wedding, portrait &amp; music photography\",\"publisher\":{\"@id\":\"https:\\\/\\\/stevegerrard.com\\\/fr\\\/#\\\/schema\\\/person\\\/b0486803327c43f1437d11a2c2998eb6\"},\"potentialAction\":[{\"@type\":\"SearchAction\",\"target\":{\"@type\":\"EntryPoint\",\"urlTemplate\":\"https:\\\/\\\/stevegerrard.com\\\/fr\\\/?s={search_term_string}\"},\"query-input\":{\"@type\":\"PropertyValueSpecification\",\"valueRequired\":true,\"valueName\":\"search_term_string\"}}],\"inLanguage\":\"fr-FR\"},{\"@type\":[\"Person\",\"Organization\"],\"@id\":\"https:\\\/\\\/stevegerrard.com\\\/fr\\\/#\\\/schema\\\/person\\\/b0486803327c43f1437d11a2c2998eb6\",\"name\":\"Steve Gerrard\",\"image\":{\"@type\":\"ImageObject\",\"inLanguage\":\"fr-FR\",\"@id\":\"https:\\\/\\\/stevegerrard.com\\\/wp-content\\\/uploads\\\/2022\\\/01\\\/HiResLogo-square.jpg\",\"url\":\"https:\\\/\\\/stevegerrard.com\\\/wp-content\\\/uploads\\\/2022\\\/01\\\/HiResLogo-square.jpg\",\"contentUrl\":\"https:\\\/\\\/stevegerrard.com\\\/wp-content\\\/uploads\\\/2022\\\/01\\\/HiResLogo-square.jpg\",\"width\":1142,\"height\":1143,\"caption\":\"Steve Gerrard\"},\"logo\":{\"@id\":\"https:\\\/\\\/stevegerrard.com\\\/wp-content\\\/uploads\\\/2022\\\/01\\\/HiResLogo-square.jpg\"},\"description\":\"?? Wedding + Portrait Photographer ? ???. ???????. ????? ??????.\u2063 I photograph portraits, bands &amp; cool weddings\",\"sameAs\":[\"https:\\\/\\\/stevegerrard.com\\\/\",\"https:\\\/\\\/www.facebook.com\\\/stevegerrardphotography\",\"https:\\\/\\\/www.instagram.com\\\/stevegerrard\\\/\",\"https:\\\/\\\/www.linkedin.com\\\/in\\\/stevegerrardphotography\\\/\",\"https:\\\/\\\/x.com\\\/stevegerrard\",\"https:\\\/\\\/www.youtube.com\\\/c\\\/SteveGerrardPhotography\"]}]}<\/script>\n<!-- \/ Yoast SEO Premium plugin. -->","yoast_head_json":{"title":"Photographe de portrait \u00e9ditorial, Montr\u00e9al | Steve Gerrard Photography","description":"Je suis un photographe portraitiste prim\u00e9 bas\u00e9 \u00e0 Montr\u00e9al, au Canada, sp\u00e9cialis\u00e9 dans les portraits \u00e9ditoriaux, commerciaux, de t\u00eate et musicaux.","robots":{"index":"index","follow":"follow","max-snippet":"max-snippet:-1","max-image-preview":"max-image-preview:large","max-video-preview":"max-video-preview:-1"},"canonical":"https:\/\/stevegerrard.com\/fr\/photographie-de-portrait\/portraits-editoriaux\/","og_locale":"fr_FR","og_type":"article","og_title":"\u00c9v\u00e9nements d'entreprise","og_description":"Je suis un photographe portraitiste prim\u00e9 bas\u00e9 \u00e0 Montr\u00e9al, au Canada, sp\u00e9cialis\u00e9 dans les portraits \u00e9ditoriaux, commerciaux, de t\u00eate et musicaux.","og_url":"https:\/\/stevegerrard.com\/fr\/photographie-de-portrait\/portraits-editoriaux\/","og_site_name":"Steve Gerrard Photography","article_publisher":"https:\/\/www.facebook.com\/stevegerrardphotography","article_modified_time":"2023-12-22T13:54:23+00:00","og_image":[{"url":"https:\/\/stevegerrard.com\/wp-content\/uploads\/2017\/05\/Bryn-1.jpg","type":"","width":"","height":""}],"twitter_card":"summary_large_image","twitter_site":"@stevegerrard","twitter_misc":{"Dur\u00e9e de lecture estim\u00e9e":"2 minutes"},"schema":{"@context":"https:\/\/schema.org","@graph":[{"@type":"WebPage","@id":"https:\/\/stevegerrard.com\/fr\/photographie-de-portrait\/portraits-editoriaux\/","url":"https:\/\/stevegerrard.com\/fr\/photographie-de-portrait\/portraits-editoriaux\/","name":"Photographe de portrait \u00e9ditorial, Montr\u00e9al | Steve Gerrard Photography","isPartOf":{"@id":"https:\/\/stevegerrard.com\/fr\/#website"},"primaryImageOfPage":{"@id":"https:\/\/stevegerrard.com\/fr\/photographie-de-portrait\/portraits-editoriaux\/#primaryimage"},"image":{"@id":"https:\/\/stevegerrard.com\/fr\/photographie-de-portrait\/portraits-editoriaux\/#primaryimage"},"thumbnailUrl":"https:\/\/stevegerrard.com\/wp-content\/uploads\/2017\/05\/Bryn-1.jpg","datePublished":"2017-03-10T19:57:17+00:00","dateModified":"2023-12-22T13:54:23+00:00","description":"Je suis un photographe portraitiste prim\u00e9 bas\u00e9 \u00e0 Montr\u00e9al, au Canada, sp\u00e9cialis\u00e9 dans les portraits \u00e9ditoriaux, commerciaux, de t\u00eate et musicaux.","breadcrumb":{"@id":"https:\/\/stevegerrard.com\/fr\/photographie-de-portrait\/portraits-editoriaux\/#breadcrumb"},"inLanguage":"fr-FR","potentialAction":[{"@type":"ReadAction","target":["https:\/\/stevegerrard.com\/fr\/photographie-de-portrait\/portraits-editoriaux\/"]}]},{"@type":"ImageObject","inLanguage":"fr-FR","@id":"https:\/\/stevegerrard.com\/fr\/photographie-de-portrait\/portraits-editoriaux\/#primaryimage","url":"https:\/\/stevegerrard.com\/wp-content\/uploads\/2017\/05\/Bryn-1.jpg","contentUrl":"https:\/\/stevegerrard.com\/wp-content\/uploads\/2017\/05\/Bryn-1.jpg","width":1400,"height":933},{"@type":"BreadcrumbList","@id":"https:\/\/stevegerrard.com\/fr\/photographie-de-portrait\/portraits-editoriaux\/#breadcrumb","itemListElement":[{"@type":"ListItem","position":1,"name":"Home","item":"https:\/\/stevegerrard.com\/fr\/"},{"@type":"ListItem","position":2,"name":"Photographie de portrait","item":"https:\/\/stevegerrard.com\/fr\/portrait-photography\/"},{"@type":"ListItem","position":3,"name":"\u00c9v\u00e9nements d&rsquo;entreprise"}]},{"@type":"WebSite","@id":"https:\/\/stevegerrard.com\/fr\/#website","url":"https:\/\/stevegerrard.com\/fr\/","name":"Steve Gerrard Photography","description":"Wedding, portrait &amp; music photography","publisher":{"@id":"https:\/\/stevegerrard.com\/fr\/#\/schema\/person\/b0486803327c43f1437d11a2c2998eb6"},"potentialAction":[{"@type":"SearchAction","target":{"@type":"EntryPoint","urlTemplate":"https:\/\/stevegerrard.com\/fr\/?s={search_term_string}"},"query-input":{"@type":"PropertyValueSpecification","valueRequired":true,"valueName":"search_term_string"}}],"inLanguage":"fr-FR"},{"@type":["Person","Organization"],"@id":"https:\/\/stevegerrard.com\/fr\/#\/schema\/person\/b0486803327c43f1437d11a2c2998eb6","name":"Steve Gerrard","image":{"@type":"ImageObject","inLanguage":"fr-FR","@id":"https:\/\/stevegerrard.com\/wp-content\/uploads\/2022\/01\/HiResLogo-square.jpg","url":"https:\/\/stevegerrard.com\/wp-content\/uploads\/2022\/01\/HiResLogo-square.jpg","contentUrl":"https:\/\/stevegerrard.com\/wp-content\/uploads\/2022\/01\/HiResLogo-square.jpg","width":1142,"height":1143,"caption":"Steve Gerrard"},"logo":{"@id":"https:\/\/stevegerrard.com\/wp-content\/uploads\/2022\/01\/HiResLogo-square.jpg"},"description":"?? Wedding + Portrait Photographer ? ???. ???????. ????? ??????.\u2063 I photograph portraits, bands &amp; cool weddings","sameAs":["https:\/\/stevegerrard.com\/","https:\/\/www.facebook.com\/stevegerrardphotography","https:\/\/www.instagram.com\/stevegerrard\/","https:\/\/www.linkedin.com\/in\/stevegerrardphotography\/","https:\/\/x.com\/stevegerrard","https:\/\/www.youtube.com\/c\/SteveGerrardPhotography"]}]}},"_links":{"self":[{"href":"https:\/\/stevegerrard.com\/fr\/wp-json\/wp\/v2\/pages\/69825","targetHints":{"allow":["GET"]}}],"collection":[{"href":"https:\/\/stevegerrard.com\/fr\/wp-json\/wp\/v2\/pages"}],"about":[{"href":"https:\/\/stevegerrard.com\/fr\/wp-json\/wp\/v2\/types\/page"}],"author":[{"embeddable":true,"href":"https:\/\/stevegerrard.com\/fr\/wp-json\/wp\/v2\/users\/2"}],"replies":[{"embeddable":true,"href":"https:\/\/stevegerrard.com\/fr\/wp-json\/wp\/v2\/comments?post=69825"}],"version-history":[{"count":3,"href":"https:\/\/stevegerrard.com\/fr\/wp-json\/wp\/v2\/pages\/69825\/revisions"}],"predecessor-version":[{"id":72866,"href":"https:\/\/stevegerrard.com\/fr\/wp-json\/wp\/v2\/pages\/69825\/revisions\/72866"}],"up":[{"embeddable":true,"href":"https:\/\/stevegerrard.com\/fr\/wp-json\/wp\/v2\/pages\/69819"}],"wp:featuredmedia":[{"embeddable":true,"href":"https:\/\/stevegerrard.com\/fr\/wp-json\/wp\/v2\/media\/53689"}],"wp:attachment":[{"href":"https:\/\/stevegerrard.com\/fr\/wp-json\/wp\/v2\/media?parent=69825"}],"curies":[{"name":"wp","href":"https:\/\/api.w.org\/{rel}","templated":true}]}}