{"id":69840,"date":"2013-06-17T15:51:55","date_gmt":"2013-06-17T19:51:55","guid":{"rendered":"https:\/\/stevegerrard.com\/journal\/"},"modified":"2024-09-02T07:25:57","modified_gmt":"2024-09-02T11:25:57","slug":"journal","status":"publish","type":"page","link":"https:\/\/stevegerrard.com\/fr\/journal\/","title":{"rendered":"Journal"},"content":{"rendered":"\t\t<div data-elementor-type=\"wp-page\" data-elementor-id=\"69840\" class=\"elementor elementor-69840 elementor-16\" data-elementor-post-type=\"page\">\n\t\t\t\t<div class=\"elementor-element elementor-element-1a7f865 e-con-full e-flex e-con e-parent\" data-id=\"1a7f865\" data-element_type=\"container\" data-e-type=\"container\" data-settings=\"{&quot;background_background&quot;:&quot;classic&quot;,&quot;position&quot;:&quot;fixed&quot;}\">\n\t\t<div class=\"elementor-element elementor-element-fd9bcff e-con-full e-flex e-con e-child\" data-id=\"fd9bcff\" data-element_type=\"container\" data-e-type=\"container\">\n\t\t\t\t<div class=\"elementor-element elementor-element-7325872 elementor-invisible elementor-widget elementor-widget-heading\" data-id=\"7325872\" data-element_type=\"widget\" data-e-type=\"widget\" data-settings=\"{&quot;_animation&quot;:&quot;fadeInUp&quot;}\" data-widget_type=\"heading.default\">\n\t\t\t\t<div class=\"elementor-widget-container\">\n\t\t\t\t\t<h1 class=\"elementor-heading-title elementor-size-default\">travaux r\u00e9cents<\/h1>\t\t\t\t<\/div>\n\t\t\t\t<\/div>\n\t\t\t\t<\/div>\n\t\t\t\t<\/div>\n\t\t<div class=\"elementor-element elementor-element-cf0694a e-con-full e-flex e-con e-parent\" data-id=\"cf0694a\" data-element_type=\"container\" data-e-type=\"container\" data-settings=\"{&quot;background_background&quot;:&quot;classic&quot;}\">\n\t\t\t\t<div class=\"elementor-element elementor-element-48e449f elementor-grid-3 elementor-grid-tablet-2 elementor-grid-mobile-1 elementor-posts--thumbnail-top elementor-widget elementor-widget-posts\" data-id=\"48e449f\" data-element_type=\"widget\" data-e-type=\"widget\" data-settings=\"{&quot;pagination_type&quot;:&quot;numbers_and_prev_next&quot;,&quot;classic_columns&quot;:&quot;3&quot;,&quot;classic_columns_tablet&quot;:&quot;2&quot;,&quot;classic_columns_mobile&quot;:&quot;1&quot;,&quot;classic_row_gap&quot;:{&quot;unit&quot;:&quot;px&quot;,&quot;size&quot;:35,&quot;sizes&quot;:[]},&quot;classic_row_gap_tablet&quot;:{&quot;unit&quot;:&quot;px&quot;,&quot;size&quot;:&quot;&quot;,&quot;sizes&quot;:[]},&quot;classic_row_gap_mobile&quot;:{&quot;unit&quot;:&quot;px&quot;,&quot;size&quot;:&quot;&quot;,&quot;sizes&quot;:[]}}\" data-widget_type=\"posts.classic\">\n\t\t\t\t<div class=\"elementor-widget-container\">\n\t\t\t\t\t\t\t<div class=\"elementor-posts-container elementor-posts elementor-posts--skin-classic elementor-grid\" role=\"list\">\n\t\t\t\t<article class=\"elementor-post elementor-grid-item post-70010 journal_post type-journal_post status-publish has-post-thumbnail hentry\" role=\"listitem\">\n\t\t\t\t<a class=\"elementor-post__thumbnail__link\" href=\"https:\/\/stevegerrard.com\/fr\/journal_post\/15-ans-de-mariage\/\" tabindex=\"-1\" >\n\t\t\t<div class=\"elementor-post__thumbnail\"><img fetchpriority=\"high\" decoding=\"async\" width=\"600\" height=\"344\" src=\"https:\/\/stevegerrard.com\/wp-content\/uploads\/2022\/10\/S-E-wed-154-600x344.jpg\" class=\"attachment-medium size-medium wp-image-55809\" alt=\"\" srcset=\"https:\/\/stevegerrard.com\/wp-content\/uploads\/2022\/10\/S-E-wed-154-600x344.jpg 600w, https:\/\/stevegerrard.com\/wp-content\/uploads\/2022\/10\/S-E-wed-154-1000x573.jpg 1000w, https:\/\/stevegerrard.com\/wp-content\/uploads\/2022\/10\/S-E-wed-154-768x440.jpg 768w, https:\/\/stevegerrard.com\/wp-content\/uploads\/2022\/10\/S-E-wed-154-1536x880.jpg 1536w, https:\/\/stevegerrard.com\/wp-content\/uploads\/2022\/10\/S-E-wed-154-2048x1173.jpg 2048w\" sizes=\"(max-width: 600px) 100vw, 600px\" \/><\/div>\n\t\t<\/a>\n\t\t\t\t<div class=\"elementor-post__text\">\n\t\t\t\t<h3 class=\"elementor-post__title\">\n\t\t\t<a href=\"https:\/\/stevegerrard.com\/fr\/journal_post\/15-ans-de-mariage\/\" >\n\t\t\t\t15 ans de mariage!\t\t\t<\/a>\n\t\t<\/h3>\n\t\t\t\t<div class=\"elementor-post__meta-data\">\n\t\t\t\t\t<span class=\"elementor-post-date\">\n\t\t\toctobre 3, 2022\t\t<\/span>\n\t\t\t\t<span class=\"elementor-post-avatar\">\n\t\t\tAucun commentaire\t\t<\/span>\n\t\t\t\t<\/div>\n\t\t\t\t<div class=\"elementor-post__excerpt\">\n\t\t\t<p>Votre blog narratif appara\u00eetra ici, cliquez sur aper\u00e7u pour le voir en direct.Pour tout probl\u00e8me, cliquez ici<\/p>\n\t\t<\/div>\n\t\t\n\t\t<a class=\"elementor-post__read-more\" href=\"https:\/\/stevegerrard.com\/fr\/journal_post\/15-ans-de-mariage\/\" aria-label=\"En savoir plus sur 15 ans de mariage!\" tabindex=\"-1\" >\n\t\t\tLire la suite \"\t\t<\/a>\n\n\t\t\t\t<\/div>\n\t\t\t\t<\/article>\n\t\t\t\t<article class=\"elementor-post elementor-grid-item post-70009 journal_post type-journal_post status-publish has-post-thumbnail hentry\" role=\"listitem\">\n\t\t\t\t<a class=\"elementor-post__thumbnail__link\" href=\"https:\/\/stevegerrard.com\/fr\/journal_post\/joyeux-anniversaire-evelyne\/\" tabindex=\"-1\" >\n\t\t\t<div class=\"elementor-post__thumbnail\"><img decoding=\"async\" width=\"600\" height=\"400\" src=\"https:\/\/stevegerrard.com\/wp-content\/uploads\/2022\/09\/Evelyne-071-600x400.jpeg\" class=\"attachment-medium size-medium wp-image-55804\" alt=\"\" srcset=\"https:\/\/stevegerrard.com\/wp-content\/uploads\/2022\/09\/Evelyne-071-600x400.jpeg 600w, https:\/\/stevegerrard.com\/wp-content\/uploads\/2022\/09\/Evelyne-071-1000x667.jpeg 1000w, https:\/\/stevegerrard.com\/wp-content\/uploads\/2022\/09\/Evelyne-071-768x512.jpeg 768w, https:\/\/stevegerrard.com\/wp-content\/uploads\/2022\/09\/Evelyne-071.jpeg 1080w\" sizes=\"(max-width: 600px) 100vw, 600px\" \/><\/div>\n\t\t<\/a>\n\t\t\t\t<div class=\"elementor-post__text\">\n\t\t\t\t<h3 class=\"elementor-post__title\">\n\t\t\t<a href=\"https:\/\/stevegerrard.com\/fr\/journal_post\/joyeux-anniversaire-evelyne\/\" >\n\t\t\t\tJoyeux anniversaire Evelyne !\t\t\t<\/a>\n\t\t<\/h3>\n\t\t\t\t<div class=\"elementor-post__meta-data\">\n\t\t\t\t\t<span class=\"elementor-post-date\">\n\t\t\tseptembre 22, 2022\t\t<\/span>\n\t\t\t\t<span class=\"elementor-post-avatar\">\n\t\t\tAucun commentaire\t\t<\/span>\n\t\t\t\t<\/div>\n\t\t\t\t<div class=\"elementor-post__excerpt\">\n\t\t\t<p>Votre blog narratif appara\u00eetra ici, cliquez sur aper\u00e7u pour le voir en direct.Pour tout probl\u00e8me, cliquez ici<\/p>\n\t\t<\/div>\n\t\t\n\t\t<a class=\"elementor-post__read-more\" href=\"https:\/\/stevegerrard.com\/fr\/journal_post\/joyeux-anniversaire-evelyne\/\" aria-label=\"En savoir plus sur Joyeux anniversaire Evelyne !\" tabindex=\"-1\" >\n\t\t\tLire la suite \"\t\t<\/a>\n\n\t\t\t\t<\/div>\n\t\t\t\t<\/article>\n\t\t\t\t<article class=\"elementor-post elementor-grid-item post-70008 journal_post type-journal_post status-publish has-post-thumbnail hentry\" role=\"listitem\">\n\t\t\t\t<a class=\"elementor-post__thumbnail__link\" href=\"https:\/\/stevegerrard.com\/fr\/journal_post\/25e-anniversaire-de-ramshackle\/\" tabindex=\"-1\" >\n\t\t\t<div class=\"elementor-post__thumbnail\"><img decoding=\"async\" width=\"600\" height=\"401\" src=\"https:\/\/stevegerrard.com\/wp-content\/uploads\/2022\/05\/RAMSHACKLE-88-600x401.jpg\" class=\"attachment-medium size-medium wp-image-35162\" alt=\"Ramshackle in Birmingham\" srcset=\"https:\/\/stevegerrard.com\/wp-content\/uploads\/2022\/05\/RAMSHACKLE-88-600x401.jpg 600w, https:\/\/stevegerrard.com\/wp-content\/uploads\/2022\/05\/RAMSHACKLE-88-1000x668.jpg 1000w, https:\/\/stevegerrard.com\/wp-content\/uploads\/2022\/05\/RAMSHACKLE-88-768x513.jpg 768w, https:\/\/stevegerrard.com\/wp-content\/uploads\/2022\/05\/RAMSHACKLE-88-1536x1026.jpg 1536w, https:\/\/stevegerrard.com\/wp-content\/uploads\/2022\/05\/RAMSHACKLE-88.jpg 2048w\" sizes=\"(max-width: 600px) 100vw, 600px\" \/><\/div>\n\t\t<\/a>\n\t\t\t\t<div class=\"elementor-post__text\">\n\t\t\t\t<h3 class=\"elementor-post__title\">\n\t\t\t<a href=\"https:\/\/stevegerrard.com\/fr\/journal_post\/25e-anniversaire-de-ramshackle\/\" >\n\t\t\t\t25e anniversaire de Ramshackle\t\t\t<\/a>\n\t\t<\/h3>\n\t\t\t\t<div class=\"elementor-post__meta-data\">\n\t\t\t\t\t<span class=\"elementor-post-date\">\n\t\t\tmai 3, 2022\t\t<\/span>\n\t\t\t\t<span class=\"elementor-post-avatar\">\n\t\t\tAucun commentaire\t\t<\/span>\n\t\t\t\t<\/div>\n\t\t\t\t<div class=\"elementor-post__excerpt\">\n\t\t\t<p>Aujourd&rsquo;hui, cela fait exactement 25 ans que j&rsquo;ai cr\u00e9\u00e9 une bo\u00eete de nuit appel\u00e9e Ramshackle. Le nom m&rsquo;est venu d&rsquo;une vieille chanson de Beck et<\/p>\n\t\t<\/div>\n\t\t\n\t\t<a class=\"elementor-post__read-more\" href=\"https:\/\/stevegerrard.com\/fr\/journal_post\/25e-anniversaire-de-ramshackle\/\" aria-label=\"En savoir plus sur 25e anniversaire de Ramshackle\" tabindex=\"-1\" >\n\t\t\tLire la suite \"\t\t<\/a>\n\n\t\t\t\t<\/div>\n\t\t\t\t<\/article>\n\t\t\t\t<article class=\"elementor-post elementor-grid-item post-70007 journal_post type-journal_post status-publish has-post-thumbnail hentry\" role=\"listitem\">\n\t\t\t\t<a class=\"elementor-post__thumbnail__link\" href=\"https:\/\/stevegerrard.com\/fr\/journal_post\/hey-photographes-comment-prononcez-vous-iso\/\" tabindex=\"-1\" >\n\t\t\t<div class=\"elementor-post__thumbnail\"><img loading=\"lazy\" decoding=\"async\" width=\"600\" height=\"338\" src=\"https:\/\/stevegerrard.com\/wp-content\/uploads\/2021\/02\/how-to-pronounce-ISO-1-600x338.jpg\" class=\"attachment-medium size-medium wp-image-34001\" alt=\"\" srcset=\"https:\/\/stevegerrard.com\/wp-content\/uploads\/2021\/02\/how-to-pronounce-ISO-1-600x338.jpg 600w, https:\/\/stevegerrard.com\/wp-content\/uploads\/2021\/02\/how-to-pronounce-ISO-1-1000x563.jpg 1000w, https:\/\/stevegerrard.com\/wp-content\/uploads\/2021\/02\/how-to-pronounce-ISO-1-768x432.jpg 768w, https:\/\/stevegerrard.com\/wp-content\/uploads\/2021\/02\/how-to-pronounce-ISO-1.jpg 1280w\" sizes=\"(max-width: 600px) 100vw, 600px\" \/><\/div>\n\t\t<\/a>\n\t\t\t\t<div class=\"elementor-post__text\">\n\t\t\t\t<h3 class=\"elementor-post__title\">\n\t\t\t<a href=\"https:\/\/stevegerrard.com\/fr\/journal_post\/hey-photographes-comment-prononcez-vous-iso\/\" >\n\t\t\t\tHey photographes, comment prononcez-vous ISO ?\t\t\t<\/a>\n\t\t<\/h3>\n\t\t\t\t<div class=\"elementor-post__meta-data\">\n\t\t\t\t\t<span class=\"elementor-post-date\">\n\t\t\tf\u00e9vrier 3, 2021\t\t<\/span>\n\t\t\t\t<span class=\"elementor-post-avatar\">\n\t\t\tAucun commentaire\t\t<\/span>\n\t\t\t\t<\/div>\n\t\t\t\t<div class=\"elementor-post__excerpt\">\n\t\t\t<p>Il s&rsquo;av\u00e8re que je prononce mal le terme ISO depuis que j&rsquo;ai commenc\u00e9 \u00e0 prendre la photographie au s\u00e9rieux, il y a pr\u00e8s de vingt<\/p>\n\t\t<\/div>\n\t\t\n\t\t<a class=\"elementor-post__read-more\" href=\"https:\/\/stevegerrard.com\/fr\/journal_post\/hey-photographes-comment-prononcez-vous-iso\/\" aria-label=\"En savoir plus sur Hey photographes, comment prononcez-vous ISO ?\" tabindex=\"-1\" >\n\t\t\tLire la suite \"\t\t<\/a>\n\n\t\t\t\t<\/div>\n\t\t\t\t<\/article>\n\t\t\t\t<article class=\"elementor-post elementor-grid-item post-70003 journal_post type-journal_post status-publish has-post-thumbnail hentry\" role=\"listitem\">\n\t\t\t\t<a class=\"elementor-post__thumbnail__link\" href=\"https:\/\/stevegerrard.com\/fr\/journal_post\/la-vie-dernierement\/\" tabindex=\"-1\" >\n\t\t\t<div class=\"elementor-post__thumbnail\"><img loading=\"lazy\" decoding=\"async\" width=\"600\" height=\"400\" src=\"https:\/\/stevegerrard.com\/wp-content\/uploads\/2020\/04\/Osheaga2019-600x400.jpg\" class=\"attachment-medium size-medium wp-image-55058\" alt=\"\" srcset=\"https:\/\/stevegerrard.com\/wp-content\/uploads\/2020\/04\/Osheaga2019-600x400.jpg 600w, https:\/\/stevegerrard.com\/wp-content\/uploads\/2020\/04\/Osheaga2019-1000x667.jpg 1000w, https:\/\/stevegerrard.com\/wp-content\/uploads\/2020\/04\/Osheaga2019-768x512.jpg 768w, https:\/\/stevegerrard.com\/wp-content\/uploads\/2020\/04\/Osheaga2019-1536x1024.jpg 1536w, https:\/\/stevegerrard.com\/wp-content\/uploads\/2020\/04\/Osheaga2019-2048x1365.jpg 2048w\" sizes=\"(max-width: 600px) 100vw, 600px\" \/><\/div>\n\t\t<\/a>\n\t\t\t\t<div class=\"elementor-post__text\">\n\t\t\t\t<h3 class=\"elementor-post__title\">\n\t\t\t<a href=\"https:\/\/stevegerrard.com\/fr\/journal_post\/la-vie-dernierement\/\" >\n\t\t\t\tLa vie derni\u00e8rement&#8230;\t\t\t<\/a>\n\t\t<\/h3>\n\t\t\t\t<div class=\"elementor-post__meta-data\">\n\t\t\t\t\t<span class=\"elementor-post-date\">\n\t\t\td\u00e9cembre 16, 2020\t\t<\/span>\n\t\t\t\t<span class=\"elementor-post-avatar\">\n\t\t\tAucun commentaire\t\t<\/span>\n\t\t\t\t<\/div>\n\t\t\t\t<div class=\"elementor-post__excerpt\">\n\t\t\t<p>Votre blog narratif appara\u00eetra ici, cliquez sur aper\u00e7u pour le voir en direct.Pour tout probl\u00e8me, cliquez ici Photo du haut par le brillant Drew Willingham<\/p>\n\t\t<\/div>\n\t\t\n\t\t<a class=\"elementor-post__read-more\" href=\"https:\/\/stevegerrard.com\/fr\/journal_post\/la-vie-dernierement\/\" aria-label=\"En savoir plus sur La vie derni\u00e8rement&#8230;\" tabindex=\"-1\" >\n\t\t\tLire la suite \"\t\t<\/a>\n\n\t\t\t\t<\/div>\n\t\t\t\t<\/article>\n\t\t\t\t<article class=\"elementor-post elementor-grid-item post-70005 journal_post type-journal_post status-publish has-post-thumbnail hentry\" role=\"listitem\">\n\t\t\t\t<a class=\"elementor-post__thumbnail__link\" href=\"https:\/\/stevegerrard.com\/fr\/journal_post\/ecouter-mon-interview-sur-le-ninedots-podcast\/\" tabindex=\"-1\" >\n\t\t\t<div class=\"elementor-post__thumbnail\"><img loading=\"lazy\" decoding=\"async\" width=\"600\" height=\"448\" src=\"https:\/\/stevegerrard.com\/wp-content\/uploads\/2020\/12\/Screenshot-2020-12-02-at-10.59.19-AM-600x448.png\" class=\"attachment-medium size-medium wp-image-33909\" alt=\"\" srcset=\"https:\/\/stevegerrard.com\/wp-content\/uploads\/2020\/12\/Screenshot-2020-12-02-at-10.59.19-AM-600x448.png 600w, https:\/\/stevegerrard.com\/wp-content\/uploads\/2020\/12\/Screenshot-2020-12-02-at-10.59.19-AM-1000x747.png 1000w, https:\/\/stevegerrard.com\/wp-content\/uploads\/2020\/12\/Screenshot-2020-12-02-at-10.59.19-AM-768x573.png 768w, https:\/\/stevegerrard.com\/wp-content\/uploads\/2020\/12\/Screenshot-2020-12-02-at-10.59.19-AM-1536x1147.png 1536w, https:\/\/stevegerrard.com\/wp-content\/uploads\/2020\/12\/Screenshot-2020-12-02-at-10.59.19-AM.png 1728w\" sizes=\"(max-width: 600px) 100vw, 600px\" \/><\/div>\n\t\t<\/a>\n\t\t\t\t<div class=\"elementor-post__text\">\n\t\t\t\t<h3 class=\"elementor-post__title\">\n\t\t\t<a href=\"https:\/\/stevegerrard.com\/fr\/journal_post\/ecouter-mon-interview-sur-le-ninedots-podcast\/\" >\n\t\t\t\t\u00c9couter mon interview sur le NineDots Podcast\t\t\t<\/a>\n\t\t<\/h3>\n\t\t\t\t<div class=\"elementor-post__meta-data\">\n\t\t\t\t\t<span class=\"elementor-post-date\">\n\t\t\td\u00e9cembre 3, 2020\t\t<\/span>\n\t\t\t\t<span class=\"elementor-post-avatar\">\n\t\t\tAucun commentaire\t\t<\/span>\n\t\t\t\t<\/div>\n\t\t\t\t<div class=\"elementor-post__excerpt\">\n\t\t\t<p>L&rsquo;\u00e9v\u00e9nement auquel j&rsquo;ai le plus aim\u00e9 participer pour les photographes de mariage est probablement le NineDots Gathering \u00e0 Londres. Fond\u00e9 en 2014, le NineDots Gathering<\/p>\n\t\t<\/div>\n\t\t\n\t\t<a class=\"elementor-post__read-more\" href=\"https:\/\/stevegerrard.com\/fr\/journal_post\/ecouter-mon-interview-sur-le-ninedots-podcast\/\" aria-label=\"En savoir plus sur \u00c9couter mon interview sur le NineDots Podcast\" tabindex=\"-1\" >\n\t\t\tLire la suite \"\t\t<\/a>\n\n\t\t\t\t<\/div>\n\t\t\t\t<\/article>\n\t\t\t\t<\/div>\n\t\t\n\t\t\t\t\t\t<\/div>\n\t\t\t\t<\/div>\n\t\t\t\t<\/div>\n\t\t\t\t<\/div>\n\t\t","protected":false},"excerpt":{"rendered":"<p>travaux r\u00e9cents<\/p>\n","protected":false},"author":3,"featured_media":0,"parent":0,"menu_order":0,"comment_status":"closed","ping_status":"open","template":"","meta":{"_acf_changed":false,"footnotes":""},"class_list":["post-69840","page","type-page","status-publish","hentry"],"acf":[],"yoast_head":"<!-- This site is optimized with the Yoast SEO Premium plugin v27.4 (Yoast SEO v27.5) - https:\/\/yoast.com\/product\/yoast-seo-premium-wordpress\/ -->\n<title>Journal - Steve Gerrard Photography<\/title>\n<meta name=\"description\" content=\"Le journal du photographe de mariages \u00e0 destination, Steve Gerrard\" \/>\n<meta name=\"robots\" content=\"index, follow, max-snippet:-1, max-image-preview:large, max-video-preview:-1\" \/>\n<link rel=\"canonical\" href=\"https:\/\/stevegerrard.com\/fr\/journal\/\" \/>\n<meta property=\"og:locale\" content=\"fr_FR\" \/>\n<meta property=\"og:type\" content=\"article\" \/>\n<meta property=\"og:title\" content=\"Journal\" \/>\n<meta property=\"og:description\" content=\"Le journal du photographe de mariages \u00e0 destination, Steve Gerrard\" \/>\n<meta property=\"og:url\" content=\"https:\/\/stevegerrard.com\/fr\/journal\/\" \/>\n<meta property=\"og:site_name\" content=\"Steve Gerrard Photography\" \/>\n<meta property=\"article:publisher\" content=\"https:\/\/www.facebook.com\/stevegerrardphotography\" \/>\n<meta property=\"article:modified_time\" content=\"2024-09-02T11:25:57+00:00\" \/>\n<meta name=\"twitter:card\" content=\"summary_large_image\" \/>\n<meta name=\"twitter:site\" content=\"@stevegerrard\" \/>\n<script type=\"application\/ld+json\" class=\"yoast-schema-graph\">{\"@context\":\"https:\\\/\\\/schema.org\",\"@graph\":[{\"@type\":\"WebPage\",\"@id\":\"https:\\\/\\\/stevegerrard.com\\\/fr\\\/journal\\\/\",\"url\":\"https:\\\/\\\/stevegerrard.com\\\/fr\\\/journal\\\/\",\"name\":\"Journal - Steve Gerrard Photography\",\"isPartOf\":{\"@id\":\"https:\\\/\\\/stevegerrard.com\\\/fr\\\/#website\"},\"datePublished\":\"2013-06-17T19:51:55+00:00\",\"dateModified\":\"2024-09-02T11:25:57+00:00\",\"description\":\"Le journal du photographe de mariages \u00e0 destination, Steve Gerrard\",\"breadcrumb\":{\"@id\":\"https:\\\/\\\/stevegerrard.com\\\/fr\\\/journal\\\/#breadcrumb\"},\"inLanguage\":\"fr-FR\",\"potentialAction\":[{\"@type\":\"ReadAction\",\"target\":[\"https:\\\/\\\/stevegerrard.com\\\/fr\\\/journal\\\/\"]}]},{\"@type\":\"BreadcrumbList\",\"@id\":\"https:\\\/\\\/stevegerrard.com\\\/fr\\\/journal\\\/#breadcrumb\",\"itemListElement\":[{\"@type\":\"ListItem\",\"position\":1,\"name\":\"Home\",\"item\":\"https:\\\/\\\/stevegerrard.com\\\/fr\\\/\"},{\"@type\":\"ListItem\",\"position\":2,\"name\":\"Journal\"}]},{\"@type\":\"WebSite\",\"@id\":\"https:\\\/\\\/stevegerrard.com\\\/fr\\\/#website\",\"url\":\"https:\\\/\\\/stevegerrard.com\\\/fr\\\/\",\"name\":\"Steve Gerrard Photography\",\"description\":\"Wedding, portrait &amp; music photography\",\"publisher\":{\"@id\":\"https:\\\/\\\/stevegerrard.com\\\/fr\\\/#\\\/schema\\\/person\\\/b0486803327c43f1437d11a2c2998eb6\"},\"potentialAction\":[{\"@type\":\"SearchAction\",\"target\":{\"@type\":\"EntryPoint\",\"urlTemplate\":\"https:\\\/\\\/stevegerrard.com\\\/fr\\\/?s={search_term_string}\"},\"query-input\":{\"@type\":\"PropertyValueSpecification\",\"valueRequired\":true,\"valueName\":\"search_term_string\"}}],\"inLanguage\":\"fr-FR\"},{\"@type\":[\"Person\",\"Organization\"],\"@id\":\"https:\\\/\\\/stevegerrard.com\\\/fr\\\/#\\\/schema\\\/person\\\/b0486803327c43f1437d11a2c2998eb6\",\"name\":\"Steve Gerrard\",\"image\":{\"@type\":\"ImageObject\",\"inLanguage\":\"fr-FR\",\"@id\":\"https:\\\/\\\/stevegerrard.com\\\/wp-content\\\/uploads\\\/2022\\\/01\\\/HiResLogo-square.jpg\",\"url\":\"https:\\\/\\\/stevegerrard.com\\\/wp-content\\\/uploads\\\/2022\\\/01\\\/HiResLogo-square.jpg\",\"contentUrl\":\"https:\\\/\\\/stevegerrard.com\\\/wp-content\\\/uploads\\\/2022\\\/01\\\/HiResLogo-square.jpg\",\"width\":1142,\"height\":1143,\"caption\":\"Steve Gerrard\"},\"logo\":{\"@id\":\"https:\\\/\\\/stevegerrard.com\\\/wp-content\\\/uploads\\\/2022\\\/01\\\/HiResLogo-square.jpg\"},\"description\":\"?? Wedding + Portrait Photographer ? ???. ???????. ????? ??????.\u2063 I photograph portraits, bands &amp; cool weddings\",\"sameAs\":[\"https:\\\/\\\/stevegerrard.com\\\/\",\"https:\\\/\\\/www.facebook.com\\\/stevegerrardphotography\",\"https:\\\/\\\/www.instagram.com\\\/stevegerrard\\\/\",\"https:\\\/\\\/www.linkedin.com\\\/in\\\/stevegerrardphotography\\\/\",\"https:\\\/\\\/x.com\\\/stevegerrard\",\"https:\\\/\\\/www.youtube.com\\\/c\\\/SteveGerrardPhotography\"]}]}<\/script>\n<!-- \/ Yoast SEO Premium plugin. -->","yoast_head_json":{"title":"Journal - Steve Gerrard Photography","description":"Le journal du photographe de mariages \u00e0 destination, Steve Gerrard","robots":{"index":"index","follow":"follow","max-snippet":"max-snippet:-1","max-image-preview":"max-image-preview:large","max-video-preview":"max-video-preview:-1"},"canonical":"https:\/\/stevegerrard.com\/fr\/journal\/","og_locale":"fr_FR","og_type":"article","og_title":"Journal","og_description":"Le journal du photographe de mariages \u00e0 destination, Steve Gerrard","og_url":"https:\/\/stevegerrard.com\/fr\/journal\/","og_site_name":"Steve Gerrard Photography","article_publisher":"https:\/\/www.facebook.com\/stevegerrardphotography","article_modified_time":"2024-09-02T11:25:57+00:00","twitter_card":"summary_large_image","twitter_site":"@stevegerrard","schema":{"@context":"https:\/\/schema.org","@graph":[{"@type":"WebPage","@id":"https:\/\/stevegerrard.com\/fr\/journal\/","url":"https:\/\/stevegerrard.com\/fr\/journal\/","name":"Journal - Steve Gerrard Photography","isPartOf":{"@id":"https:\/\/stevegerrard.com\/fr\/#website"},"datePublished":"2013-06-17T19:51:55+00:00","dateModified":"2024-09-02T11:25:57+00:00","description":"Le journal du photographe de mariages \u00e0 destination, Steve Gerrard","breadcrumb":{"@id":"https:\/\/stevegerrard.com\/fr\/journal\/#breadcrumb"},"inLanguage":"fr-FR","potentialAction":[{"@type":"ReadAction","target":["https:\/\/stevegerrard.com\/fr\/journal\/"]}]},{"@type":"BreadcrumbList","@id":"https:\/\/stevegerrard.com\/fr\/journal\/#breadcrumb","itemListElement":[{"@type":"ListItem","position":1,"name":"Home","item":"https:\/\/stevegerrard.com\/fr\/"},{"@type":"ListItem","position":2,"name":"Journal"}]},{"@type":"WebSite","@id":"https:\/\/stevegerrard.com\/fr\/#website","url":"https:\/\/stevegerrard.com\/fr\/","name":"Steve Gerrard Photography","description":"Wedding, portrait &amp; music photography","publisher":{"@id":"https:\/\/stevegerrard.com\/fr\/#\/schema\/person\/b0486803327c43f1437d11a2c2998eb6"},"potentialAction":[{"@type":"SearchAction","target":{"@type":"EntryPoint","urlTemplate":"https:\/\/stevegerrard.com\/fr\/?s={search_term_string}"},"query-input":{"@type":"PropertyValueSpecification","valueRequired":true,"valueName":"search_term_string"}}],"inLanguage":"fr-FR"},{"@type":["Person","Organization"],"@id":"https:\/\/stevegerrard.com\/fr\/#\/schema\/person\/b0486803327c43f1437d11a2c2998eb6","name":"Steve Gerrard","image":{"@type":"ImageObject","inLanguage":"fr-FR","@id":"https:\/\/stevegerrard.com\/wp-content\/uploads\/2022\/01\/HiResLogo-square.jpg","url":"https:\/\/stevegerrard.com\/wp-content\/uploads\/2022\/01\/HiResLogo-square.jpg","contentUrl":"https:\/\/stevegerrard.com\/wp-content\/uploads\/2022\/01\/HiResLogo-square.jpg","width":1142,"height":1143,"caption":"Steve Gerrard"},"logo":{"@id":"https:\/\/stevegerrard.com\/wp-content\/uploads\/2022\/01\/HiResLogo-square.jpg"},"description":"?? Wedding + Portrait Photographer ? ???. ???????. ????? ??????.\u2063 I photograph portraits, bands &amp; cool weddings","sameAs":["https:\/\/stevegerrard.com\/","https:\/\/www.facebook.com\/stevegerrardphotography","https:\/\/www.instagram.com\/stevegerrard\/","https:\/\/www.linkedin.com\/in\/stevegerrardphotography\/","https:\/\/x.com\/stevegerrard","https:\/\/www.youtube.com\/c\/SteveGerrardPhotography"]}]}},"_links":{"self":[{"href":"https:\/\/stevegerrard.com\/fr\/wp-json\/wp\/v2\/pages\/69840","targetHints":{"allow":["GET"]}}],"collection":[{"href":"https:\/\/stevegerrard.com\/fr\/wp-json\/wp\/v2\/pages"}],"about":[{"href":"https:\/\/stevegerrard.com\/fr\/wp-json\/wp\/v2\/types\/page"}],"author":[{"embeddable":true,"href":"https:\/\/stevegerrard.com\/fr\/wp-json\/wp\/v2\/users\/3"}],"replies":[{"embeddable":true,"href":"https:\/\/stevegerrard.com\/fr\/wp-json\/wp\/v2\/comments?post=69840"}],"version-history":[{"count":4,"href":"https:\/\/stevegerrard.com\/fr\/wp-json\/wp\/v2\/pages\/69840\/revisions"}],"predecessor-version":[{"id":74682,"href":"https:\/\/stevegerrard.com\/fr\/wp-json\/wp\/v2\/pages\/69840\/revisions\/74682"}],"wp:attachment":[{"href":"https:\/\/stevegerrard.com\/fr\/wp-json\/wp\/v2\/media?parent=69840"}],"curies":[{"name":"wp","href":"https:\/\/api.w.org\/{rel}","templated":true}]}}